{"id":370,"date":"2022-12-15T09:32:20","date_gmt":"2022-12-15T09:32:20","guid":{"rendered":"https:\/\/zwo-shop.de\/?page_id=370"},"modified":"2026-04-15T16:41:02","modified_gmt":"2026-04-15T16:41:02","slug":"perfection-3","status":"publish","type":"page","link":"https:\/\/volkner-mobil.com\/en\/perfection-3\/","title":{"rendered":"Perfection"},"content":{"rendered":"<p>[et_pb_section fb_built=&#8220;1&#8243; _builder_version=&#8220;4.27.4&#8243; _module_preset=&#8220;default&#8220; background_color=&#8220;#f2f2f2&#8243; global_colors_info=&#8220;{}&#8220;][et_pb_row _builder_version=&#8220;4.19.5&#8243; _module_preset=&#8220;default&#8220; width=&#8220;100%&#8220; max_width=&#8220;100%&#8220; global_colors_info=&#8220;{}&#8220; max_width__hover_enabled=&#8220;on|desktop&#8220; max_width__hover=&#8220;100%&#8220;][et_pb_column type=&#8220;4_4&#8243; _builder_version=&#8220;4.19.5&#8243; _module_preset=&#8220;default&#8220; global_colors_info=&#8220;{}&#8220;][et_pb_image src=&#8220;https:\/\/volkner-mobil.com\/wp-content\/uploads\/2025\/06\/Volkner_Perfection_Ext_02-2-scaled.jpg&#8220; title_text=&#8220;Volkner_Perfection_Ext_02&#8243; align=&#8220;center&#8220; _builder_version=&#8220;4.27.4&#8243; _module_preset=&#8220;f65583bd-d4d6-47af-8472-17d4bfa70d8c&#8220; positioning=&#8220;relative&#8220; vertical_offset=&#8220;-133px&#8220; vertical_offset_tablet=&#8220;0px&#8220; vertical_offset_phone=&#8220;0px&#8220; vertical_offset_last_edited=&#8220;on|phone&#8220; width=&#8220;100%&#8220; max_width=&#8220;100%&#8220; global_colors_info=&#8220;{}&#8220;][\/et_pb_image][\/et_pb_column][\/et_pb_row][\/et_pb_section][et_pb_section fb_built=&#8220;1&#8243; module_id=&#8220;details&#8220; _builder_version=&#8220;4.19.4&#8243; _module_preset=&#8220;default&#8220; background_color=&#8220;#f2f2f2&#8243; global_colors_info=&#8220;{}&#8220;][et_pb_row _builder_version=&#8220;4.19.5&#8243; _module_preset=&#8220;default&#8220; width_tablet=&#8220;80%&#8220; width_phone=&#8220;80%&#8220; width_last_edited=&#8220;on|phone&#8220; module_alignment=&#8220;center&#8220; custom_margin=&#8220;|731px||auto||&#8220; custom_margin_tablet=&#8220;&#8220; custom_margin_phone=&#8220;&#8220; custom_margin_last_edited=&#8220;on|tablet&#8220; module_alignment_tablet=&#8220;center&#8220; module_alignment_phone=&#8220;center&#8220; module_alignment_last_edited=&#8220;on|phone&#8220; global_colors_info=&#8220;{}&#8220;][et_pb_column type=&#8220;4_4&#8243; _builder_version=&#8220;4.18.0&#8243; _module_preset=&#8220;default&#8220; global_colors_info=&#8220;{}&#8220;][et_pb_image src=&#8220;https:\/\/volkner-mobil.com\/wp-content\/uploads\/2023\/01\/Perfection-1.svg&#8220; title_text=&#8220;Perfection&#8220; align=&#8220;center&#8220; force_fullwidth=&#8220;on&#8220; align_tablet=&#8220;center&#8220; align_phone=&#8220;center&#8220; align_last_edited=&#8220;on|tablet&#8220; _builder_version=&#8220;4.27.4&#8243; _module_preset=&#8220;default&#8220; width_tablet=&#8220;100%&#8220; width_phone=&#8220;100%&#8220; width_last_edited=&#8220;on|desktop&#8220; module_alignment=&#8220;center&#8220; custom_margin_tablet=&#8220;&#8220; custom_margin_phone=&#8220;&#8220; custom_margin_last_edited=&#8220;on|tablet&#8220; animation_style=&#8220;zoom&#8220; animation_intensity_zoom=&#8220;5%&#8220; module_alignment_tablet=&#8220;center&#8220; module_alignment_phone=&#8220;center&#8220; module_alignment_last_edited=&#8220;on|tablet&#8220; global_colors_info=&#8220;{}&#8220;][\/et_pb_image][et_pb_divider color=&#8220;#000000&#8243; divider_weight=&#8220;2px&#8220; _builder_version=&#8220;4.24.2&#8243; _module_preset=&#8220;default&#8220; width=&#8220;50%&#8220; width_tablet=&#8220;10%&#8220; width_phone=&#8220;30%&#8220; width_last_edited=&#8220;on|phone&#8220; module_alignment=&#8220;center&#8220; custom_margin=&#8220;||||true|false&#8220; global_colors_info=&#8220;{}&#8220;][\/et_pb_divider][et_pb_text _builder_version=&#8220;4.19.5&#8243; _module_preset=&#8220;default&#8220; text_text_color=&#8220;#000000&#8243; text_font_size=&#8220;15px&#8220; header_2_line_height=&#8220;1.2em&#8220; custom_padding=&#8220;||0px|||&#8220; global_colors_info=&#8220;{}&#8220;]<\/p>\n<p><span>Ein Reisemobil, das Ihre Urlaubstr\u00e4ume wahr werden l\u00e4sst! Tauchen Sie ein in die Welt des Perfection. Mit seiner kompakten Gr\u00f6\u00dfe von 10,80m l\u00e4sst er Sie weit mehr erleben, als Sie es sich je ertr\u00e4umt h\u00e4tten. Sobald Sie das Innere betreten, sp\u00fcren Sie sofort das Gef\u00fchl von Freiheit und Komfort. Ein Raum, der so gestaltet ist, dass er Ihre Sinne erweckt und Ihnen das Gef\u00fchl gibt, zu Hause zu sein \u2013 egal, wie weit Sie von Ihrem Alltag entfernt sind. Und wenn sich der Slide- oder Wall-Out ausf\u00e4hrt, wird der Raum noch gr\u00f6\u00dfer, noch einladender. Denn hier geht es nicht nur um das Reisen, sondern um das Erleben von unvergesslichen Momenten. Mit modernster Technik ausgestattet und dennoch so warm und einladend wie Ihr Zuhause. Der Perfection entfacht Emotionen, die Ihren Urlaub zu etwas ganz Besonderem machen \u2013 egal, ob Sie alleine, mit Ihrem Partner oder Ihrer Familie unterwegs sind. Erf\u00fcllen Sie sich den Luxus, Ihre Tr\u00e4ume zu leben \u2013 mit dem Perfection.<\/span><\/p>\n<p>[\/et_pb_text][\/et_pb_column][\/et_pb_row][et_pb_row _builder_version=&#8220;4.18.0&#8243; _module_preset=&#8220;default&#8220; global_colors_info=&#8220;{}&#8220;][et_pb_column type=&#8220;4_4&#8243; _builder_version=&#8220;4.18.0&#8243; _module_preset=&#8220;default&#8220; global_colors_info=&#8220;{}&#8220;][et_pb_text _builder_version=&#8220;4.19.5&#8243; _module_preset=&#8220;default&#8220; header_text_color=&#8220;#000000&#8243; custom_margin=&#8220;||13px||false|false&#8220; global_colors_info=&#8220;{}&#8220;]<\/p>\n<h2 style=\"text-align: center;\"><span style=\"color: #000000;\">TECHNISCHE ANGABEN<\/span><\/h2>\n<p>[\/et_pb_text][et_pb_divider color=&#8220;#000000&#8243; divider_weight=&#8220;2px&#8220; _builder_version=&#8220;4.24.2&#8243; _module_preset=&#8220;default&#8220; width=&#8220;50%&#8220; width_tablet=&#8220;10%&#8220; width_phone=&#8220;30%&#8220; width_last_edited=&#8220;on|phone&#8220; module_alignment=&#8220;center&#8220; custom_margin=&#8220;||||true|false&#8220; global_colors_info=&#8220;{}&#8220;][\/et_pb_divider][\/et_pb_column][\/et_pb_row][et_pb_row column_structure=&#8220;1_3,1_3,1_3&#8243; _builder_version=&#8220;4.18.0&#8243; _module_preset=&#8220;default&#8220; max_width=&#8220;100%&#8220; global_colors_info=&#8220;{}&#8220;][et_pb_column type=&#8220;1_3&#8243; _builder_version=&#8220;4.18.0&#8243; _module_preset=&#8220;default&#8220; global_colors_info=&#8220;{}&#8220;][et_pb_text _builder_version=&#8220;4.27.4&#8243; _module_preset=&#8220;default&#8220; text_text_color=&#8220;#000000&#8243; text_font_size=&#8220;15px&#8220; hover_enabled=&#8220;0&#8243; global_colors_info=&#8220;{}&#8220; sticky_enabled=&#8220;0&#8243;]<\/p>\n<p style=\"text-align: center;\"><span style=\"color: #000000;\">Fahrzeugl\u00e4nge 10,90 Meter<\/span><\/p>\n<p style=\"text-align: center;\"><span style=\"color: #000000;\">Volkner Mobil Systemsteuerung VolknerUX<\/span><\/p>\n<p style=\"text-align: center;\"><span style=\"color: #000000;\">Batterieleistung bis zu 50 kWh<\/span><\/p>\n<p style=\"text-align: center;\">\n<p>[\/et_pb_text][et_pb_divider color=&#8220;#000000&#8243; disabled_on=&#8220;off|off|on&#8220; _builder_version=&#8220;4.19.4&#8243; _module_preset=&#8220;default&#8220; global_colors_info=&#8220;{}&#8220;][\/et_pb_divider][\/et_pb_column][et_pb_column type=&#8220;1_3&#8243; _builder_version=&#8220;4.18.0&#8243; _module_preset=&#8220;default&#8220; global_colors_info=&#8220;{}&#8220;][et_pb_text _builder_version=&#8220;4.27.4&#8243; _module_preset=&#8220;default&#8220; text_text_color=&#8220;#000000&#8243; text_font_size=&#8220;15px&#8220; global_colors_info=&#8220;{}&#8220;]<\/p>\n<p style=\"text-align: center;\"><span style=\"color: #000000;\">Frischwasser bis zu 600 Liter<\/span><\/p>\n<p style=\"text-align: center;\"><span style=\"color: #000000;\">Solaranlage bis zu 2790 Wp<\/span><\/p>\n<p style=\"text-align: center;\"><span style=\"color: #000000;\">Automatische Niveauregulierung<\/span><\/p>\n<p style=\"text-align: center;\"><span style=\"color: #000000;\">Gesamtheizleistung 18 kW<\/span><\/p>\n<p style=\"text-align: center;\"><span style=\"color: #000000;\">Volkner Mobil integrierte Klimaanlage bis zu 8,5 kW<\/span><\/p>\n<p>[\/et_pb_text][et_pb_divider color=&#8220;#000000&#8243; disabled_on=&#8220;off|off|on&#8220; _builder_version=&#8220;4.19.4&#8243; _module_preset=&#8220;default&#8220; global_colors_info=&#8220;{}&#8220;][\/et_pb_divider][\/et_pb_column][et_pb_column type=&#8220;1_3&#8243; _builder_version=&#8220;4.18.0&#8243; _module_preset=&#8220;default&#8220; global_colors_info=&#8220;{}&#8220;][et_pb_text _builder_version=&#8220;4.27.4&#8243; _module_preset=&#8220;default&#8220; text_text_color=&#8220;#000000&#8243; text_font_size=&#8220;15px&#8220; global_colors_info=&#8220;{}&#8220;]<\/p>\n<p style=\"text-align: center;\"><span style=\"color: #000000;\">Grundriss nach Wahl<\/span><\/p>\n<p style=\"text-align: center;\"><span style=\"color: #000000;\">Wall-Out oder Slide-Out<\/span><\/p>\n<p style=\"text-align: center;\"><span style=\"color: #000000;\">Mittelgarage-Ma\u00dfe 4000 x 1750 x 1420 mm<\/span><\/p>\n<p style=\"text-align: center;\"><span style=\"color: #000000;\">Teils in Wunschausstattung<\/span><\/p>\n<p>[\/et_pb_text][et_pb_divider color=&#8220;#000000&#8243; disabled_on=&#8220;off|off|on&#8220; _builder_version=&#8220;4.19.4&#8243; _module_preset=&#8220;default&#8220; custom_padding=&#8220;||0px|||&#8220; global_colors_info=&#8220;{}&#8220;][\/et_pb_divider][\/et_pb_column][\/et_pb_row][\/et_pb_section][et_pb_section fb_built=&#8220;1&#8243; _builder_version=&#8220;4.18.0&#8243; _module_preset=&#8220;default&#8220; global_colors_info=&#8220;{}&#8220;][et_pb_row column_structure=&#8220;1_3,1_3,1_3&#8243; _builder_version=&#8220;4.18.0&#8243; _module_preset=&#8220;default&#8220; max_width=&#8220;80%&#8220; global_colors_info=&#8220;{}&#8220;][et_pb_column type=&#8220;1_3&#8243; _builder_version=&#8220;4.18.0&#8243; _module_preset=&#8220;default&#8220; global_colors_info=&#8220;{}&#8220;][et_pb_image src=&#8220;https:\/\/volkner-mobil.com\/wp-content\/uploads\/2025\/06\/LBL03889-scaled.jpeg&#8220; title_text=&#8220;LBL03889&#8243; _builder_version=&#8220;4.27.4&#8243; _module_preset=&#8220;default&#8220; animation_style=&#8220;zoom&#8220; animation_duration=&#8220;1500ms&#8220; animation_intensity_zoom=&#8220;5%&#8220; animation_direction_tablet=&#8220;bottom&#8220; animation_direction_phone=&#8220;bottom&#8220; animation_direction_last_edited=&#8220;on|phone&#8220; border_radii=&#8220;on|20px|20px|20px|20px&#8220; box_shadow_style=&#8220;preset1&#8243; global_colors_info=&#8220;{}&#8220;][\/et_pb_image][\/et_pb_column][et_pb_column type=&#8220;1_3&#8243; _builder_version=&#8220;4.18.0&#8243; _module_preset=&#8220;default&#8220; global_colors_info=&#8220;{}&#8220;][et_pb_image src=&#8220;https:\/\/volkner-mobil.com\/wp-content\/uploads\/2025\/06\/Volkner_Perfection_Ext_01-scaled.jpg&#8220; title_text=&#8220;Volkner_Perfection_Ext_01&#8243; _builder_version=&#8220;4.27.4&#8243; _module_preset=&#8220;default&#8220; height_tablet=&#8220;&#8220; height_phone=&#8220;&#8220; height_last_edited=&#8220;on|tablet&#8220; animation_style=&#8220;zoom&#8220; animation_duration=&#8220;1500ms&#8220; animation_intensity_zoom=&#8220;5%&#8220; animation_direction_tablet=&#8220;bottom&#8220; animation_direction_phone=&#8220;bottom&#8220; animation_direction_last_edited=&#8220;on|phone&#8220; border_radii=&#8220;on|20px|20px|20px|20px&#8220; box_shadow_style=&#8220;preset1&#8243; global_colors_info=&#8220;{}&#8220;][\/et_pb_image][\/et_pb_column][et_pb_column type=&#8220;1_3&#8243; _builder_version=&#8220;4.18.0&#8243; _module_preset=&#8220;default&#8220; global_colors_info=&#8220;{}&#8220;][et_pb_image src=&#8220;https:\/\/volkner-mobil.com\/wp-content\/uploads\/2025\/06\/Voelkner_Mobil_Perfection_Flambient-1-1.jpg&#8220; title_text=&#8220;Voelkner_Mobil_Perfection_Flambient-&#8220; _builder_version=&#8220;4.27.4&#8243; _module_preset=&#8220;default&#8220; animation_style=&#8220;zoom&#8220; animation_duration=&#8220;1500ms&#8220; animation_intensity_zoom=&#8220;5%&#8220; animation_direction_tablet=&#8220;bottom&#8220; animation_direction_phone=&#8220;bottom&#8220; animation_direction_last_edited=&#8220;on|phone&#8220; border_radii=&#8220;on|20px|20px|20px|20px&#8220; box_shadow_style=&#8220;preset1&#8243; global_colors_info=&#8220;{}&#8220;][\/et_pb_image][\/et_pb_column][\/et_pb_row][et_pb_row _builder_version=&#8220;4.27.4&#8243; _module_preset=&#8220;default&#8220; width_tablet=&#8220;80%&#8220; width_phone=&#8220;80%&#8220; width_last_edited=&#8220;on|phone&#8220; max_width=&#8220;100%&#8220; min_height=&#8220;50vh&#8220; min_height_tablet=&#8220;&#8220; min_height_phone=&#8220;&#8220; min_height_last_edited=&#8220;on|phone&#8220; custom_padding=&#8220;||||false|false&#8220; border_radii=&#8220;on|20px|20px|20px|20px&#8220; global_colors_info=&#8220;{}&#8220;][et_pb_column type=&#8220;4_4&#8243; _builder_version=&#8220;4.18.0&#8243; _module_preset=&#8220;default&#8220; global_colors_info=&#8220;{}&#8220;][et_pb_slider use_bg_overlay=&#8220;off&#8220; arrows_custom_color=&#8220;#000000&#8243; dot_nav_custom_color=&#8220;#FFFFFF&#8220; _builder_version=&#8220;4.27.4&#8243; _module_preset=&#8220;default&#8220; background_color=&#8220;#FFFFFF&#8220; width_tablet=&#8220;100%&#8220; width_phone=&#8220;&#8220; width_last_edited=&#8220;on|phone&#8220; max_width_tablet=&#8220;100%&#8220; max_width_phone=&#8220;&#8220; max_width_last_edited=&#8220;on|phone&#8220; content_width_tablet=&#8220;&#8220; content_width_phone=&#8220;&#8220; content_width_last_edited=&#8220;on|phone&#8220; min_height=&#8220;80vh&#8220; min_height_tablet=&#8220;556px&#8220; min_height_phone=&#8220;21vh&#8220; min_height_last_edited=&#8220;on|desktop&#8220; height_tablet=&#8220;&#8220; height_phone=&#8220;&#8220; height_last_edited=&#8220;on|phone&#8220; custom_margin_tablet=&#8220;&#8220; custom_margin_phone=&#8220;||||false|true&#8220; custom_margin_last_edited=&#8220;on|phone&#8220; custom_padding_tablet=&#8220;&#8220; custom_padding_phone=&#8220;||||false|true&#8220; custom_padding_last_edited=&#8220;on|phone&#8220; animation_direction=&#8220;bottom&#8220; border_radii=&#8220;on|20px|20px|20px|20px&#8220; border_radii_image=&#8220;on|20px|20px|20px|20px&#8220; box_shadow_style=&#8220;preset1&#8243; global_colors_info=&#8220;{}&#8220; transform_styles__hover_enabled=&#8220;on|hover&#8220; transform_scale__hover_enabled=&#8220;on|hover&#8220; transform_translate__hover_enabled=&#8220;on|desktop&#8220; transform_rotate__hover_enabled=&#8220;on|desktop&#8220; transform_skew__hover_enabled=&#8220;on|desktop&#8220; transform_origin__hover_enabled=&#8220;on|desktop&#8220;][et_pb_slide admin_title=&#8220;1&#8243; _builder_version=&#8220;4.27.4&#8243; _module_preset=&#8220;default&#8220; background_color=&#8220;#ffffff&#8220; background_enable_color=&#8220;on&#8220; background_image=&#8220;https:\/\/volkner-mobil.com\/wp-content\/uploads\/2025\/06\/Volkner_Perfection_Int_09_Extra-scaled.jpg&#8220; background_enable_image=&#8220;on&#8220; global_colors_info=&#8220;{}&#8220; sticky_transition=&#8220;on&#8220;][\/et_pb_slide][et_pb_slide _builder_version=&#8220;4.27.4&#8243; _module_preset=&#8220;default&#8220; background_image=&#8220;https:\/\/volkner-mobil.com\/wp-content\/uploads\/2025\/06\/Volkner_Perfection_Int_03-scaled.jpg&#8220; background_enable_image=&#8220;on&#8220; global_colors_info=&#8220;{}&#8220; sticky_transition=&#8220;on&#8220;][\/et_pb_slide][et_pb_slide _builder_version=&#8220;4.27.4&#8243; _module_preset=&#8220;default&#8220; background_image=&#8220;https:\/\/volkner-mobil.com\/wp-content\/uploads\/2025\/06\/Voelkner_Mobil_Perfection_Flambient-1-1.jpg&#8220; background_enable_image=&#8220;on&#8220; global_colors_info=&#8220;{}&#8220; sticky_transition=&#8220;on&#8220;][\/et_pb_slide][et_pb_slide _builder_version=&#8220;4.27.3&#8243; _module_preset=&#8220;default&#8220; background_image=&#8220;https:\/\/volkner-mobil.com\/wp-content\/uploads\/2024\/11\/Neuer-Perfection-Club-Caravan-Salon-2024-08-scaled.jpg&#8220; background_enable_image=&#8220;on&#8220; global_colors_info=&#8220;{}&#8220; sticky_transition=&#8220;on&#8220;][\/et_pb_slide][et_pb_slide _builder_version=&#8220;4.27.4&#8243; _module_preset=&#8220;default&#8220; background_image=&#8220;https:\/\/volkner-mobil.com\/wp-content\/uploads\/2024\/11\/Neuer-Perfection-Club-Caravan-Salon-2024-09-scaled.jpg&#8220; background_enable_image=&#8220;on&#8220; global_colors_info=&#8220;{}&#8220; sticky_transition=&#8220;on&#8220;][\/et_pb_slide][et_pb_slide admin_title=&#8220;6&#8243; _builder_version=&#8220;4.27.3&#8243; _module_preset=&#8220;default&#8220; background_image=&#8220;https:\/\/volkner-mobil.com\/wp-content\/uploads\/2024\/11\/Neuer-Perfection-Club-Caravan-Salon-2024-12-scaled.jpg&#8220; background_enable_image=&#8220;on&#8220; global_colors_info=&#8220;{}&#8220; sticky_transition=&#8220;on&#8220;][\/et_pb_slide][et_pb_slide _builder_version=&#8220;4.27.3&#8243; _module_preset=&#8220;default&#8220; background_image=&#8220;https:\/\/volkner-mobil.com\/wp-content\/uploads\/2024\/11\/Neuer-Perfection-Club-Caravan-Salon-2024-14-scaled.jpg&#8220; background_enable_image=&#8220;on&#8220; global_colors_info=&#8220;{}&#8220; sticky_transition=&#8220;on&#8220;][\/et_pb_slide][et_pb_slide _builder_version=&#8220;4.27.3&#8243; _module_preset=&#8220;default&#8220; background_image=&#8220;https:\/\/volkner-mobil.com\/wp-content\/uploads\/2024\/11\/Neuer-Perfection-Club-Caravan-Salon-2024-15-scaled.jpg&#8220; background_enable_image=&#8220;on&#8220; global_colors_info=&#8220;{}&#8220; sticky_transition=&#8220;on&#8220;][\/et_pb_slide][et_pb_slide admin_title=&#8220;9&#8243; _builder_version=&#8220;4.27.3&#8243; _module_preset=&#8220;default&#8220; background_image=&#8220;https:\/\/volkner-mobil.com\/wp-content\/uploads\/2024\/11\/Neuer-Perfection-Club-Caravan-Salon-2024-16-scaled.jpg&#8220; background_enable_image=&#8220;on&#8220; global_colors_info=&#8220;{}&#8220; sticky_transition=&#8220;on&#8220;][\/et_pb_slide][et_pb_slide admin_title=&#8220;10&#8243; _builder_version=&#8220;4.27.3&#8243; _module_preset=&#8220;default&#8220; background_image=&#8220;https:\/\/volkner-mobil.com\/wp-content\/uploads\/2024\/11\/Neuer-Perfection-Club-Caravan-Salon-2024-18-scaled.jpg&#8220; background_enable_image=&#8220;on&#8220; global_colors_info=&#8220;{}&#8220; sticky_transition=&#8220;on&#8220;][\/et_pb_slide][et_pb_slide admin_title=&#8220;11&#8243; _builder_version=&#8220;4.27.3&#8243; _module_preset=&#8220;default&#8220; background_image=&#8220;https:\/\/volkner-mobil.com\/wp-content\/uploads\/2024\/11\/Neuer-Perfection-Club-Caravan-Salon-2024-20-scaled.jpg&#8220; background_enable_image=&#8220;on&#8220; global_colors_info=&#8220;{}&#8220; sticky_transition=&#8220;on&#8220;][\/et_pb_slide][et_pb_slide admin_title=&#8220;12&#8243; _builder_version=&#8220;4.27.3&#8243; _module_preset=&#8220;default&#8220; background_image=&#8220;https:\/\/volkner-mobil.com\/wp-content\/uploads\/2024\/11\/Neuer-Perfection-Club-Caravan-Salon-2024-23-scaled.jpg&#8220; background_enable_image=&#8220;on&#8220; global_colors_info=&#8220;{}&#8220; sticky_transition=&#8220;on&#8220;][\/et_pb_slide][et_pb_slide admin_title=&#8220;13&#8243; _builder_version=&#8220;4.27.3&#8243; _module_preset=&#8220;default&#8220; background_image=&#8220;https:\/\/volkner-mobil.com\/wp-content\/uploads\/2024\/11\/Neuer-Perfection-Club-Caravan-Salon-2024-24-scaled.jpg&#8220; background_enable_image=&#8220;on&#8220; global_colors_info=&#8220;{}&#8220; sticky_transition=&#8220;on&#8220;][\/et_pb_slide][et_pb_slide admin_title=&#8220;14&#8243; _builder_version=&#8220;4.27.3&#8243; _module_preset=&#8220;default&#8220; background_image=&#8220;https:\/\/volkner-mobil.com\/wp-content\/uploads\/2024\/11\/Neuer-Perfection-Club-Caravan-Salon-2024-25-scaled.jpg&#8220; background_enable_image=&#8220;on&#8220; global_colors_info=&#8220;{}&#8220; sticky_transition=&#8220;on&#8220;][\/et_pb_slide][et_pb_slide admin_title=&#8220;15&#8243; _builder_version=&#8220;4.27.3&#8243; _module_preset=&#8220;default&#8220; background_image=&#8220;https:\/\/volkner-mobil.com\/wp-content\/uploads\/2024\/11\/Neuer-Perfection-Club-Caravan-Salon-2024-27-scaled.jpg&#8220; background_enable_image=&#8220;on&#8220; global_colors_info=&#8220;{}&#8220; sticky_transition=&#8220;on&#8220;][\/et_pb_slide][et_pb_slide admin_title=&#8220;16&#8243; _builder_version=&#8220;4.27.3&#8243; _module_preset=&#8220;default&#8220; background_image=&#8220;https:\/\/volkner-mobil.com\/wp-content\/uploads\/2024\/11\/Neuer-Perfection-Club-Caravan-Salon-2024-28-scaled.jpg&#8220; background_enable_image=&#8220;on&#8220; global_colors_info=&#8220;{}&#8220; sticky_transition=&#8220;on&#8220;][\/et_pb_slide][et_pb_slide admin_title=&#8220;17&#8243; _builder_version=&#8220;4.27.3&#8243; _module_preset=&#8220;default&#8220; background_image=&#8220;https:\/\/volkner-mobil.com\/wp-content\/uploads\/2024\/11\/Neuer-Perfection-Club-Caravan-Salon-2024-30-scaled.jpg&#8220; background_enable_image=&#8220;on&#8220; global_colors_info=&#8220;{}&#8220; sticky_transition=&#8220;on&#8220;][\/et_pb_slide][et_pb_slide admin_title=&#8220;18&#8243; _builder_version=&#8220;4.27.3&#8243; _module_preset=&#8220;default&#8220; background_image=&#8220;https:\/\/volkner-mobil.com\/wp-content\/uploads\/2024\/11\/Neuer-Perfection-Club-Caravan-Salon-2024-34-scaled.jpg&#8220; background_enable_image=&#8220;on&#8220; global_colors_info=&#8220;{}&#8220; sticky_transition=&#8220;on&#8220;][\/et_pb_slide][et_pb_slide admin_title=&#8220;19&#8243; _builder_version=&#8220;4.27.3&#8243; _module_preset=&#8220;default&#8220; background_image=&#8220;https:\/\/volkner-mobil.com\/wp-content\/uploads\/2024\/11\/Neuer-Perfection-Club-Caravan-Salon-2024-39-scaled.jpg&#8220; background_enable_image=&#8220;on&#8220; global_colors_info=&#8220;{}&#8220; sticky_transition=&#8220;on&#8220;][\/et_pb_slide][et_pb_slide admin_title=&#8220;20&#8243; _builder_version=&#8220;4.27.3&#8243; _module_preset=&#8220;default&#8220; background_image=&#8220;https:\/\/volkner-mobil.com\/wp-content\/uploads\/2024\/11\/Neuer-Perfection-Club-Caravan-Salon-2024-40-scaled.jpg&#8220; background_enable_image=&#8220;on&#8220; global_colors_info=&#8220;{}&#8220; sticky_transition=&#8220;on&#8220;][\/et_pb_slide][et_pb_slide admin_title=&#8220;20&#8243; _builder_version=&#8220;4.27.3&#8243; _module_preset=&#8220;default&#8220; background_image=&#8220;https:\/\/volkner-mobil.com\/wp-content\/uploads\/2024\/11\/Neuer-Perfection-Club-Caravan-Salon-2024-44-scaled.jpg&#8220; background_enable_image=&#8220;on&#8220; global_colors_info=&#8220;{}&#8220; sticky_transition=&#8220;on&#8220;][\/et_pb_slide][et_pb_slide admin_title=&#8220;21&#8243; _builder_version=&#8220;4.27.4&#8243; _module_preset=&#8220;default&#8220; background_image=&#8220;https:\/\/volkner-mobil.com\/wp-content\/uploads\/2023\/01\/Performance-Perfection-Interieur-WhiteLine-scaled.jpg&#8220; background_enable_image=&#8220;on&#8220; global_colors_info=&#8220;{}&#8220; sticky_transition=&#8220;on&#8220;][\/et_pb_slide][et_pb_slide _builder_version=&#8220;4.27.3&#8243; _module_preset=&#8220;default&#8220; background_image=&#8220;https:\/\/volkner-mobil.com\/wp-content\/uploads\/2023\/01\/Performance-Perfection-Interieur-WhiteLine-scaled.jpg&#8220; background_enable_image=&#8220;on&#8220; global_colors_info=&#8220;{}&#8220; sticky_transition=&#8220;on&#8220;][\/et_pb_slide][et_pb_slide _builder_version=&#8220;4.19.4&#8243; _module_preset=&#8220;default&#8220; background_image=&#8220;https:\/\/volkner-mobil.com\/wp-content\/uploads\/2022\/12\/Messe_2019-8-scaled.jpg&#8220; background_enable_image=&#8220;on&#8220; global_colors_info=&#8220;{}&#8220; sticky_transition=&#8220;on&#8220;][\/et_pb_slide][et_pb_slide _builder_version=&#8220;4.19.4&#8243; _module_preset=&#8220;default&#8220; background_image=&#8220;https:\/\/volkner-mobil.com\/wp-content\/uploads\/2023\/01\/DSC6640-109-scaled.jpg&#8220; background_enable_image=&#8220;on&#8220; global_colors_info=&#8220;{}&#8220; sticky_transition=&#8220;on&#8220;][\/et_pb_slide][et_pb_slide _builder_version=&#8220;4.19.4&#8243; _module_preset=&#8220;default&#8220; background_image=&#8220;https:\/\/volkner-mobil.com\/wp-content\/uploads\/2023\/01\/VM-Performance-Compact-Wohnen-scaled.jpg&#8220; background_enable_image=&#8220;on&#8220; global_colors_info=&#8220;{}&#8220; sticky_transition=&#8220;on&#8220;][\/et_pb_slide][et_pb_slide _builder_version=&#8220;4.19.4&#8243; _module_preset=&#8220;default&#8220; background_image=&#8220;https:\/\/volkner-mobil.com\/wp-content\/uploads\/2022\/12\/wohnen8-scaled.jpg&#8220; background_enable_image=&#8220;on&#8220; global_colors_info=&#8220;{}&#8220; sticky_transition=&#8220;on&#8220;][\/et_pb_slide][et_pb_slide _builder_version=&#8220;4.19.4&#8243; _module_preset=&#8220;default&#8220; background_image=&#8220;https:\/\/volkner-mobil.com\/wp-content\/uploads\/2022\/12\/wohnen3-scaled.jpg&#8220; background_enable_image=&#8220;on&#8220; global_colors_info=&#8220;{}&#8220; sticky_transition=&#8220;on&#8220;][\/et_pb_slide][et_pb_slide _builder_version=&#8220;4.19.4&#8243; _module_preset=&#8220;default&#8220; background_image=&#8220;https:\/\/volkner-mobil.com\/wp-content\/uploads\/2023\/01\/KdAusw_DSC6546-15-scaled.jpg&#8220; background_enable_image=&#8220;on&#8220; global_colors_info=&#8220;{}&#8220; sticky_transition=&#8220;on&#8220;][\/et_pb_slide][et_pb_slide _builder_version=&#8220;4.19.4&#8243; _module_preset=&#8220;default&#8220; background_image=&#8220;https:\/\/volkner-mobil.com\/wp-content\/uploads\/2023\/01\/DSC6365-268-scaled.jpg&#8220; background_enable_image=&#8220;on&#8220; global_colors_info=&#8220;{}&#8220; sticky_transition=&#8220;on&#8220;][\/et_pb_slide][et_pb_slide _builder_version=&#8220;4.19.4&#8243; _module_preset=&#8220;default&#8220; background_image=&#8220;https:\/\/volkner-mobil.com\/wp-content\/uploads\/2022\/12\/1028002-scaled.jpg&#8220; background_enable_image=&#8220;on&#8220; global_colors_info=&#8220;{}&#8220; sticky_transition=&#8220;on&#8220;][\/et_pb_slide][et_pb_slide _builder_version=&#8220;4.19.4&#8243; _module_preset=&#8220;default&#8220; background_image=&#8220;https:\/\/volkner-mobil.com\/wp-content\/uploads\/2022\/12\/Messe_2019-9-scaled.jpg&#8220; background_enable_image=&#8220;on&#8220; global_colors_info=&#8220;{}&#8220; sticky_transition=&#8220;on&#8220;][\/et_pb_slide][et_pb_slide _builder_version=&#8220;4.19.4&#8243; _module_preset=&#8220;default&#8220; background_image=&#8220;https:\/\/volkner-mobil.com\/wp-content\/uploads\/2022\/12\/KdAusw_DSC6459-362-scaled.jpg&#8220; background_enable_image=&#8220;on&#8220; global_colors_info=&#8220;{}&#8220; sticky_transition=&#8220;on&#8220;][\/et_pb_slide][et_pb_slide _builder_version=&#8220;4.19.4&#8243; _module_preset=&#8220;default&#8220; background_image=&#8220;https:\/\/volkner-mobil.com\/wp-content\/uploads\/2023\/01\/IMG_0342-scaled.jpg&#8220; background_enable_image=&#8220;on&#8220; global_colors_info=&#8220;{}&#8220; sticky_transition=&#8220;on&#8220;][\/et_pb_slide][et_pb_slide _builder_version=&#8220;4.19.4&#8243; _module_preset=&#8220;default&#8220; background_image=&#8220;https:\/\/volkner-mobil.com\/wp-content\/uploads\/2023\/01\/IGP2807-scaled.jpg&#8220; background_enable_image=&#8220;on&#8220; global_colors_info=&#8220;{}&#8220; sticky_transition=&#8220;on&#8220;][\/et_pb_slide][et_pb_slide _builder_version=&#8220;4.19.4&#8243; _module_preset=&#8220;default&#8220; background_image=&#8220;https:\/\/volkner-mobil.com\/wp-content\/uploads\/2023\/01\/1027993-scaled.jpg&#8220; background_enable_image=&#8220;on&#8220; global_colors_info=&#8220;{}&#8220; sticky_transition=&#8220;on&#8220;][\/et_pb_slide][et_pb_slide _builder_version=&#8220;4.19.4&#8243; _module_preset=&#8220;default&#8220; background_image=&#8220;https:\/\/volkner-mobil.com\/wp-content\/uploads\/2023\/01\/Messe_2019-1-scaled.jpg&#8220; background_enable_image=&#8220;on&#8220; global_colors_info=&#8220;{}&#8220; sticky_transition=&#8220;on&#8220;][\/et_pb_slide][et_pb_slide _builder_version=&#8220;4.19.4&#8243; _module_preset=&#8220;default&#8220; background_image=&#8220;https:\/\/volkner-mobil.com\/wp-content\/uploads\/2023\/01\/kueche4-scaled.jpg&#8220; background_enable_image=&#8220;on&#8220; global_colors_info=&#8220;{}&#8220; sticky_transition=&#8220;on&#8220;][\/et_pb_slide][et_pb_slide _builder_version=&#8220;4.19.4&#8243; _module_preset=&#8220;default&#8220; background_image=&#8220;https:\/\/volkner-mobil.com\/wp-content\/uploads\/2023\/01\/1028023-scaled.jpg&#8220; background_enable_image=&#8220;on&#8220; global_colors_info=&#8220;{}&#8220; sticky_transition=&#8220;on&#8220;][\/et_pb_slide][et_pb_slide _builder_version=&#8220;4.19.4&#8243; _module_preset=&#8220;default&#8220; background_image=&#8220;https:\/\/volkner-mobil.com\/wp-content\/uploads\/2023\/01\/Messe_2019-3-scaled.jpg&#8220; background_enable_image=&#8220;on&#8220; global_colors_info=&#8220;{}&#8220; sticky_transition=&#8220;on&#8220;][\/et_pb_slide][et_pb_slide _builder_version=&#8220;4.19.4&#8243; _module_preset=&#8220;default&#8220; background_color=&#8220;#FFFFFF&#8220; background_enable_color=&#8220;on&#8220; background_image=&#8220;https:\/\/volkner-mobil.com\/wp-content\/uploads\/2023\/01\/Bad-vers.jpg&#8220; background_enable_image=&#8220;on&#8220; background_size=&#8220;contain&#8220; global_colors_info=&#8220;{}&#8220; sticky_transition=&#8220;on&#8220;][\/et_pb_slide][et_pb_slide _builder_version=&#8220;4.19.4&#8243; _module_preset=&#8220;default&#8220; background_color=&#8220;#FFFFFF&#8220; background_enable_color=&#8220;on&#8220; background_image=&#8220;https:\/\/volkner-mobil.com\/wp-content\/uploads\/2023\/01\/Messe_2019-7-scaled.jpg&#8220; background_enable_image=&#8220;on&#8220; background_size=&#8220;contain&#8220; global_colors_info=&#8220;{}&#8220; sticky_transition=&#8220;on&#8220;][\/et_pb_slide][et_pb_slide _builder_version=&#8220;4.19.4&#8243; _module_preset=&#8220;default&#8220; background_color=&#8220;#f2f2f2&#8243; background_enable_color=&#8220;on&#8220; background_image=&#8220;https:\/\/volkner-mobil.com\/wp-content\/uploads\/2023\/01\/KWE1774-scaled.jpg&#8220; background_enable_image=&#8220;on&#8220; background_size=&#8220;contain&#8220; global_colors_info=&#8220;{}&#8220; sticky_transition=&#8220;on&#8220;][\/et_pb_slide][et_pb_slide _builder_version=&#8220;4.19.4&#8243; _module_preset=&#8220;default&#8220; background_color=&#8220;#FFFFFF&#8220; background_enable_color=&#8220;on&#8220; background_image=&#8220;https:\/\/volkner-mobil.com\/wp-content\/uploads\/2023\/01\/1028029-scaled.jpg&#8220; background_enable_image=&#8220;on&#8220; background_size=&#8220;contain&#8220; global_colors_info=&#8220;{}&#8220; sticky_transition=&#8220;on&#8220;][\/et_pb_slide][et_pb_slide _builder_version=&#8220;4.19.4&#8243; _module_preset=&#8220;default&#8220; background_color=&#8220;#FFFFFF&#8220; background_enable_color=&#8220;on&#8220; background_image=&#8220;https:\/\/volkner-mobil.com\/wp-content\/uploads\/2023\/01\/DSC6273-176-scaled.jpg&#8220; background_enable_image=&#8220;on&#8220; background_size=&#8220;contain&#8220; global_colors_info=&#8220;{}&#8220; sticky_transition=&#8220;on&#8220;][\/et_pb_slide][et_pb_slide _builder_version=&#8220;4.19.4&#8243; _module_preset=&#8220;default&#8220; background_color=&#8220;#FFFFFF&#8220; background_enable_color=&#8220;on&#8220; background_image=&#8220;https:\/\/volkner-mobil.com\/wp-content\/uploads\/2023\/01\/1024204.png&#8220; background_enable_image=&#8220;on&#8220; background_size=&#8220;contain&#8220; global_colors_info=&#8220;{}&#8220; sticky_transition=&#8220;on&#8220;][\/et_pb_slide][et_pb_slide _builder_version=&#8220;4.19.4&#8243; _module_preset=&#8220;default&#8220; background_color=&#8220;#FFFFFF&#8220; background_enable_color=&#8220;on&#8220; background_image=&#8220;https:\/\/volkner-mobil.com\/wp-content\/uploads\/2023\/01\/IGP2687-scaled.jpg&#8220; background_enable_image=&#8220;on&#8220; background_size=&#8220;contain&#8220; global_colors_info=&#8220;{}&#8220; sticky_transition=&#8220;on&#8220;][\/et_pb_slide][et_pb_slide _builder_version=&#8220;4.19.4&#8243; _module_preset=&#8220;default&#8220; background_image=&#8220;https:\/\/volkner-mobil.com\/wp-content\/uploads\/2022\/12\/schlafen1-scaled.jpg&#8220; background_enable_image=&#8220;on&#8220; global_colors_info=&#8220;{}&#8220; sticky_transition=&#8220;on&#8220;][\/et_pb_slide][et_pb_slide _builder_version=&#8220;4.19.4&#8243; _module_preset=&#8220;default&#8220; background_image=&#8220;https:\/\/volkner-mobil.com\/wp-content\/uploads\/2022\/12\/schlafen2-scaled.jpg&#8220; background_enable_image=&#8220;on&#8220; global_colors_info=&#8220;{}&#8220; sticky_transition=&#8220;on&#8220;][\/et_pb_slide][et_pb_slide _builder_version=&#8220;4.19.4&#8243; _module_preset=&#8220;default&#8220; background_image=&#8220;https:\/\/volkner-mobil.com\/wp-content\/uploads\/2023\/01\/IMG_1180-scaled.jpg&#8220; background_enable_image=&#8220;on&#8220; global_colors_info=&#8220;{}&#8220; sticky_transition=&#8220;on&#8220;][\/et_pb_slide][\/et_pb_slider][et_pb_text _builder_version=&#8220;4.19.5&#8243; _module_preset=&#8220;default&#8220; text_text_color=&#8220;#000000&#8243; text_font_size=&#8220;15px&#8220; global_colors_info=&#8220;{}&#8220;]<\/p>\n<p>Da hat sich jemand wirklich ins Zeug gelegt, um dem gro\u00dfen Bruder, dem Volkner Mobil Performance, nachzueifern. Doch der Performance Perfection ist alles andere als ein Angeber.<\/p>\n<p>Nein, er tr\u00e4gt die gleichen Gene wie der Gro\u00dfe in sich. Ein Busfahrgestell mit un\u00fcbertroffenem Fahrkomfort, reichlich Wohn- und Lebensraum, der auf Wunsch durch einen Slide-Out oder einen Wall-Out noch erweitert werden kann.<\/p>\n<p>Besonders herausragend ist die patentierte Mittelgarage, die die Mitnahme eines PKWs erm\u00f6glicht. Klar, er ist etwas kleiner, denn das Auto in der Garage kann h\u00f6chstens die Abmessungen eines Mini Cooper 3-T\u00fcrer oder Fiat 500 haben, aber immerhin ist das ein Viersitzer.<\/p>\n<p>In Sachen Wendigkeit und Preis kann der Perfection seinem gro\u00dfen Bruder das Wasser reichen \u2013 hier hat der Performance Perfection die Nase vorn.<\/p>\n<p>\u00dcbrigens, seit seiner Einf\u00fchrung ist der Performance Perfection eines der beliebtesten Fahrzeuge aus dem Hause Volkner Mobil.<\/p>\n<p>[\/et_pb_text][\/et_pb_column][\/et_pb_row][et_pb_row _builder_version=&#8220;4.19.4&#8243; _module_preset=&#8220;default&#8220; global_colors_info=&#8220;{}&#8220;][et_pb_column type=&#8220;4_4&#8243; _builder_version=&#8220;4.19.4&#8243; _module_preset=&#8220;default&#8220; global_colors_info=&#8220;{}&#8220;][et_pb_text _builder_version=&#8220;4.27.4&#8243; _module_preset=&#8220;default&#8220; custom_padding=&#8220;1px|||||&#8220; inline_fonts=&#8220;Arial&#8220; global_colors_info=&#8220;{}&#8220;]<\/p>\n<h1 style=\"text-align: center;\"><span style=\"color: #000000; font-family: Arial; font-weight: normal;\">Patentierte Mittelgarage<\/span><\/h1>\n<p>[\/et_pb_text][et_pb_divider color=&#8220;#000000&#8243; divider_weight=&#8220;2px&#8220; _builder_version=&#8220;4.24.2&#8243; _module_preset=&#8220;default&#8220; width=&#8220;50%&#8220; module_alignment=&#8220;center&#8220; global_colors_info=&#8220;{}&#8220; transform_styles__hover_enabled=&#8220;on|hover&#8220; transform_scale__hover_enabled=&#8220;on|hover&#8220; transform_translate__hover_enabled=&#8220;on|desktop&#8220; transform_rotate__hover_enabled=&#8220;on|desktop&#8220; transform_skew__hover_enabled=&#8220;on|desktop&#8220; transform_origin__hover_enabled=&#8220;on|desktop&#8220;][\/et_pb_divider][\/et_pb_column][\/et_pb_row][et_pb_row column_structure=&#8220;1_2,1_2&#8243; _builder_version=&#8220;4.27.4&#8243; _module_preset=&#8220;default&#8220; width_tablet=&#8220;&#8220; width_phone=&#8220;80%&#8220; width_last_edited=&#8220;on|phone&#8220; max_width=&#8220;80%&#8220; max_width_tablet=&#8220;80%&#8220; max_width_phone=&#8220;80%&#8220; max_width_last_edited=&#8220;on|phone&#8220; border_radii=&#8220;on|20px|20px|20px|20px&#8220; box_shadow_style=&#8220;preset1&#8243; global_colors_info=&#8220;{}&#8220;][et_pb_column type=&#8220;1_2&#8243; _builder_version=&#8220;4.18.0&#8243; _module_preset=&#8220;default&#8220; global_colors_info=&#8220;{}&#8220;][et_pb_slider show_content_on_mobile=&#8220;off&#8220; arrows_custom_color=&#8220;#000000&#8243; _builder_version=&#8220;4.27.4&#8243; _module_preset=&#8220;default&#8220; width=&#8220;100%&#8220; width_tablet=&#8220;&#8220; width_phone=&#8220;&#8220; width_last_edited=&#8220;on|desktop&#8220; max_width_tablet=&#8220;&#8220; max_width_phone=&#8220;&#8220; max_width_last_edited=&#8220;on|phone&#8220; content_width=&#8220;auto&#8220; min_height=&#8220;50vh&#8220; min_height_tablet=&#8220;39vh&#8220; min_height_phone=&#8220;25vh&#8220; min_height_last_edited=&#8220;on|tablet&#8220; custom_margin_tablet=&#8220;&#8220; custom_margin_phone=&#8220;||||false|false&#8220; custom_margin_last_edited=&#8220;on|phone&#8220; custom_padding=&#8220;||||false|false&#8220; custom_padding_tablet=&#8220;||||false|false&#8220; custom_padding_phone=&#8220;0%||0%||true|false&#8220; custom_padding_last_edited=&#8220;on|tablet&#8220; animation_direction=&#8220;left&#8220; module_alignment_tablet=&#8220;&#8220; module_alignment_phone=&#8220;center&#8220; module_alignment_last_edited=&#8220;on|phone&#8220; animation_direction_tablet=&#8220;bottom&#8220; animation_direction_phone=&#8220;bottom&#8220; animation_direction_last_edited=&#8220;on|phone&#8220; global_colors_info=&#8220;{}&#8220; transform_styles__hover_enabled=&#8220;on|hover&#8220; transform_scale__hover_enabled=&#8220;on|hover&#8220; transform_translate__hover_enabled=&#8220;on|desktop&#8220; transform_rotate__hover_enabled=&#8220;on|desktop&#8220; transform_skew__hover_enabled=&#8220;on|desktop&#8220; transform_origin__hover_enabled=&#8220;on|desktop&#8220; transform_scale__hover=&#8220;120%|120%&#8220;][et_pb_slide _builder_version=&#8220;4.27.4&#8243; _module_preset=&#8220;default&#8220; background_image=&#8220;https:\/\/volkner-mobil.com\/wp-content\/uploads\/2025\/06\/Volkner_Perfection_Ext_01-scaled.jpg&#8220; background_enable_image=&#8220;on&#8220; global_colors_info=&#8220;{}&#8220; sticky_transition=&#8220;on&#8220;][\/et_pb_slide][et_pb_slide admin_title=&#8220;Racing Motorrad&#8220; _builder_version=&#8220;4.19.4&#8243; _module_preset=&#8220;default&#8220; background_color=&#8220;#FFFFFF&#8220; background_enable_color=&#8220;on&#8220; background_image=&#8220;https:\/\/volkner-mobil.com\/wp-content\/uploads\/2023\/01\/IMG_0325-scaled.jpg&#8220; background_enable_image=&#8220;on&#8220; global_colors_info=&#8220;{}&#8220; sticky_transition=&#8220;on&#8220;][\/et_pb_slide][et_pb_slide admin_title=&#8220;BlauGelb&#8220; _builder_version=&#8220;4.19.4&#8243; _module_preset=&#8220;default&#8220; background_color=&#8220;#FFFFFF&#8220; background_enable_color=&#8220;on&#8220; background_image=&#8220;https:\/\/volkner-mobil.com\/wp-content\/uploads\/2023\/01\/BLAUGELB-scaled.jpg&#8220; background_enable_image=&#8220;on&#8220; global_colors_info=&#8220;{}&#8220; sticky_transition=&#8220;on&#8220;][\/et_pb_slide][et_pb_slide admin_title=&#8220;Terrasse&#8220; _builder_version=&#8220;4.19.4&#8243; _module_preset=&#8220;default&#8220; background_color=&#8220;#FFFFFF&#8220; background_enable_color=&#8220;on&#8220; background_image=&#8220;https:\/\/volkner-mobil.com\/wp-content\/uploads\/2023\/01\/Messe_2019-31-scaled.jpg&#8220; background_enable_image=&#8220;on&#8220; global_colors_info=&#8220;{}&#8220; sticky_transition=&#8220;on&#8220;][\/et_pb_slide][et_pb_slide admin_title=&#8220;MINI und Grill&#8220; _builder_version=&#8220;4.27.4&#8243; _module_preset=&#8220;default&#8220; background_color=&#8220;#FFFFFF&#8220; background_enable_color=&#8220;on&#8220; background_image=&#8220;https:\/\/volkner-mobil.com\/wp-content\/uploads\/2023\/01\/1024256-scaled.jpg&#8220; background_enable_image=&#8220;on&#8220; global_colors_info=&#8220;{}&#8220; sticky_transition=&#8220;on&#8220;][\/et_pb_slide][\/et_pb_slider][\/et_pb_column][et_pb_column type=&#8220;1_2&#8243; _builder_version=&#8220;4.18.0&#8243; _module_preset=&#8220;default&#8220; global_colors_info=&#8220;{}&#8220;][et_pb_text _builder_version=&#8220;4.27.4&#8243; _module_preset=&#8220;default&#8220; text_font_size=&#8220;15px&#8220; min_height=&#8220;265px&#8220; custom_margin=&#8220;||||false|false&#8220; custom_margin_tablet=&#8220;||||false|false&#8220; custom_margin_phone=&#8220;|12px||12px|false|false&#8220; custom_margin_last_edited=&#8220;on|phone&#8220; custom_padding=&#8220;0px||29px|||&#8220; global_colors_info=&#8220;{}&#8220;]<\/p>\n<p>Die Mittelgarage des Volkner Mobil Performance ist zweifellos sein markantestes Merkmal und ein Meisterwerk der Ingenieurskunst von Gerhard Volkner pers\u00f6nlich. Auf der Suche nach der optimalen Positionierung des PKW im Reisemobil hat er eine L\u00f6sung geschaffen, die seinesgleichen sucht.<\/p>\n<p>Positioniert zwischen den Achsen des Fahrzeugs, bietet die Mittelgarage nicht nur maximalen Platz, sondern sorgt auch f\u00fcr einen niedrigen Schwerpunkt und erh\u00e4lt den Innenraum in seiner vollen Gr\u00f6\u00dfe. Das kardanisch aufgeh\u00e4ngte Plateau ist flexibel einsetzbar: Es bietet nicht nur Platz f\u00fcr einen 3-T\u00fcrer MINI Cooper oder Fiat 500, sondern kann auch als Motorradgarage oder Terrasse genutzt werden. Dank der verbauten Airlinerschienen k\u00f6nnen Gegenst\u00e4nde sicher verzurrt oder eine Markise m\u00fchelos abgespannt werden.<\/p>\n<p>Selbst in unebenem Gel\u00e4nde gestaltet sich das Be- und Entladen m\u00fchelos, dank der Hubst\u00fctzen, die nicht nur zum Nivellieren dienen, sondern auch daf\u00fcr sorgen, dass der Perfection stets in der Waage steht.<\/p>\n<p>Das Hebeplateau, das durch zahlreiche Patente gesch\u00fctzt ist, birgt ein enormes Know-how und ist mit einer starken Isolierung versehen. Es kann auch als Terrasse benutzt werden und ist mit Verankerungen f\u00fcr die Markise ausgestattet und bietet somit zus\u00e4tzlichen Komfort im Freien. Die Airlinerschiene er\u00f6ffnet vielf\u00e4ltige M\u00f6glichkeiten f\u00fcr die Mitnahme von zus\u00e4tzlicher Ausr\u00fcstung, sei es ein Quad oder andere Sportger\u00e4te.<\/p>\n<p>Dank des stabilen Belags und der F\u00fchrungen aus Edelstahl ist das Plateau \u00e4u\u00dferst robust und langlebig. Es kann auf nahezu jedem Untergrund bewegt werden, sei es Asphalt oder Schotter, und das Wohnmobil steht stets stabil, unabh\u00e4ngig von der Gel\u00e4ndebeschaffenheit.<\/p>\n<p>Die gro\u00dfe elektrische Seitenklappe \u00f6ffnet sich schlank am Wohnmobil und bietet bequemen Zugang zur Mittelgarage. Viele Kunden nutzen diese auch als Fahrradgarage, wenn sie am Zielort angekommen sind. Die Fahrr\u00e4der stehen dort sicher und trocken und k\u00f6nnen w\u00e4hrend des Aufenthalts geladen werden, dank der verbauten Steckdosen in der Garage.<\/p>\n<p>[\/et_pb_text][\/et_pb_column][\/et_pb_row][et_pb_row _builder_version=&#8220;4.19.4&#8243; _module_preset=&#8220;default&#8220; min_height=&#8220;131.5px&#8220; global_colors_info=&#8220;{}&#8220;][et_pb_column type=&#8220;4_4&#8243; _builder_version=&#8220;4.19.4&#8243; _module_preset=&#8220;default&#8220; global_colors_info=&#8220;{}&#8220;][et_pb_text _builder_version=&#8220;4.24.2&#8243; _module_preset=&#8220;default&#8220; global_colors_info=&#8220;{}&#8220;]<\/p>\n<h1 style=\"text-align: center;\"><span style=\"color: #000000;\">Technik im <em>Perfection<\/em><\/span><\/h1>\n<p>[\/et_pb_text][et_pb_divider color=&#8220;#000000&#8243; divider_weight=&#8220;2px&#8220; _builder_version=&#8220;4.24.2&#8243; _module_preset=&#8220;default&#8220; width=&#8220;50%&#8220; module_alignment=&#8220;center&#8220; global_colors_info=&#8220;{}&#8220; transform_styles__hover_enabled=&#8220;on|hover&#8220; transform_scale__hover_enabled=&#8220;on|hover&#8220; transform_translate__hover_enabled=&#8220;on|desktop&#8220; transform_rotate__hover_enabled=&#8220;on|desktop&#8220; transform_skew__hover_enabled=&#8220;on|desktop&#8220; transform_origin__hover_enabled=&#8220;on|desktop&#8220;][\/et_pb_divider][\/et_pb_column][\/et_pb_row][et_pb_row column_structure=&#8220;1_2,1_2&#8243; _builder_version=&#8220;4.27.4&#8243; _module_preset=&#8220;default&#8220; width_tablet=&#8220;&#8220; width_phone=&#8220;80%&#8220; width_last_edited=&#8220;on|phone&#8220; max_width=&#8220;80%&#8220; max_width_tablet=&#8220;80%&#8220; max_width_phone=&#8220;80%&#8220; max_width_last_edited=&#8220;on|phone&#8220; min_height=&#8220;700px&#8220; border_radii=&#8220;on|20px|20px|20px|20px&#8220; box_shadow_style=&#8220;preset1&#8243; global_colors_info=&#8220;{}&#8220;][et_pb_column type=&#8220;1_2&#8243; _builder_version=&#8220;4.18.0&#8243; _module_preset=&#8220;default&#8220; global_colors_info=&#8220;{}&#8220;][et_pb_slider show_content_on_mobile=&#8220;off&#8220; arrows_custom_color=&#8220;#000000&#8243; _builder_version=&#8220;4.27.4&#8243; _module_preset=&#8220;default&#8220; width=&#8220;100%&#8220; width_tablet=&#8220;&#8220; width_phone=&#8220;&#8220; width_last_edited=&#8220;on|desktop&#8220; max_width_tablet=&#8220;&#8220; max_width_phone=&#8220;&#8220; max_width_last_edited=&#8220;on|phone&#8220; content_width=&#8220;auto&#8220; min_height=&#8220;50vh&#8220; min_height_tablet=&#8220;39vh&#8220; min_height_phone=&#8220;25vh&#8220; min_height_last_edited=&#8220;on|tablet&#8220; custom_margin_tablet=&#8220;&#8220; custom_margin_phone=&#8220;||||false|false&#8220; custom_margin_last_edited=&#8220;on|phone&#8220; custom_padding=&#8220;||||false|false&#8220; custom_padding_tablet=&#8220;||||false|false&#8220; custom_padding_phone=&#8220;0%||0%||true|false&#8220; custom_padding_last_edited=&#8220;on|tablet&#8220; animation_style=&#8220;zoom&#8220; animation_duration=&#8220;1500ms&#8220; animation_intensity_zoom=&#8220;5%&#8220; hover_transition_duration=&#8220;0ms&#8220; hover_transition_speed_curve=&#8220;ease-in-out&#8220; module_alignment_tablet=&#8220;&#8220; module_alignment_phone=&#8220;center&#8220; module_alignment_last_edited=&#8220;on|phone&#8220; animation_direction_tablet=&#8220;bottom&#8220; animation_direction_phone=&#8220;bottom&#8220; animation_direction_last_edited=&#8220;on|phone&#8220; global_colors_info=&#8220;{}&#8220; transform_styles__hover_enabled=&#8220;on|hover&#8220; transform_scale__hover_enabled=&#8220;on|hover&#8220; transform_translate__hover_enabled=&#8220;on|desktop&#8220; transform_rotate__hover_enabled=&#8220;on|desktop&#8220; transform_skew__hover_enabled=&#8220;on|desktop&#8220; transform_origin__hover_enabled=&#8220;on|desktop&#8220; transform_scale__hover=&#8220;120%|120%&#8220;][et_pb_slide admin_title=&#8220;Racing Motorrad&#8220; _builder_version=&#8220;4.24.2&#8243; _module_preset=&#8220;default&#8220; background_color=&#8220;#FFFFFF&#8220; background_enable_color=&#8220;on&#8220; background_image=&#8220;https:\/\/volkner-mobil.com\/wp-content\/uploads\/2024\/03\/2021-137-109_VOLKNER-Icons_Anzeige_Tanks.png&#8220; background_enable_image=&#8220;on&#8220; background_size=&#8220;contain&#8220; hover_transition_duration=&#8220;0ms&#8220; hover_transition_speed_curve=&#8220;ease-in-out&#8220; global_colors_info=&#8220;{}&#8220; sticky_transition=&#8220;on&#8220;][\/et_pb_slide][\/et_pb_slider][\/et_pb_column][et_pb_column type=&#8220;1_2&#8243; _builder_version=&#8220;4.18.0&#8243; _module_preset=&#8220;default&#8220; global_colors_info=&#8220;{}&#8220;][et_pb_text _builder_version=&#8220;4.27.4&#8243; _module_preset=&#8220;default&#8220; text_font_size=&#8220;15px&#8220; min_height=&#8220;265px&#8220; custom_margin=&#8220;|10px|-142px||false|false&#8220; custom_margin_tablet=&#8220;|10px|-142px||false|false&#8220; custom_margin_phone=&#8220;|12px||12px|false|false&#8220; custom_margin_last_edited=&#8220;on|phone&#8220; custom_padding=&#8220;0px||29px|||&#8220; global_colors_info=&#8220;{}&#8220;]<\/p>\n<h2><span style=\"text-decoration: underline;\">Ver- und Entsorgung<\/span><\/h2>\n<p><strong>Frischwasser<\/strong><\/p>\n<p>Das Auff\u00fcllen des Frischwassertanks ist von beiden Fahrzeugseiten m\u00f6glich.<\/p>\n<div class=\"flex-1 overflow-hidden\">\n<div class=\"react-scroll-to-bottom--css-gpjoz-79elbk h-full\">\n<div class=\"react-scroll-to-bottom--css-gpjoz-1n7m0yu\">\n<div>\n<div class=\"flex flex-col text-sm pb-9\">\n<div class=\"w-full text-token-text-primary\" data-testid=\"conversation-turn-19\">\n<div class=\"px-4 py-2 justify-center text-base md:gap-6 m-auto\">\n<div class=\"flex flex-1 text-base mx-auto gap-3 md:px-5 lg:px-1 xl:px-5 md:max-w-3xl lg:max-w-[40rem] xl:max-w-[48rem] group final-completion\">\n<div class=\"relative flex w-full flex-col agent-turn\">\n<div class=\"flex-col gap-1 md:gap-3\">\n<div class=\"flex flex-grow flex-col max-w-full\">\n<div data-message-author-role=\"assistant\" data-message-id=\"41d0dc2f-7f7d-4a21-bbbb-b26601d05a45\" class=\"min-h-[20px] text-message flex flex-col items-start gap-3 whitespace-pre-wrap break-words [.text-message+&amp;]:mt-5 overflow-x-auto\">\n<div class=\"markdown prose w-full break-words dark:prose-invert light\">\n<p>Zus\u00e4tzlich ist unser Frischwassertank nicht nur vor Frost gesch\u00fctzt, sondern auch aus lebensmittelechtem Kunststoff gefertigt. Dieses hochwertige Material gew\u00e4hrleistet die Sicherheit Ihres Trinkwassers und Ablagerungen sind ausgeschlossen.<\/p>\n<p><strong style=\"font-size: 15px;\">Entsorgung<\/strong><\/p>\n<\/div>\n<\/div>\n<\/div>\n<\/div>\n<\/div>\n<\/div>\n<\/div>\n<\/div>\n<\/div>\n<\/div>\n<\/div>\n<\/div>\n<\/div>\n<p>Dank unserer durchdachten Konstruktion sind s\u00e4mtliche Anschl\u00fcsse im Innenraum beheizt, sodass Sie unabh\u00e4ngig von den \u00e4u\u00dferen Temperaturen stets einsatzbereit sind. Ganz gleich, ob Sie sich in der W\u00fcste oder in den Bergen befinden, unsere Anschl\u00fcsse bleiben sauber, trocken und vor Staub gesch\u00fctzt.<\/p>\n<p>Dar\u00fcber hinaus bieten wir ein innovatives Schnellverschlusssystem, das es Ihnen erm\u00f6glicht, Abwasserrohre und -schl\u00e4uche einfach und individuell zu kombinieren. Die Rohre sind ergonomisch auf der Innenseite der Seitenklappe angebracht.<\/p>\n<p>F\u00fcr maximale Bequemlichkeit sind die Tankschieber elektrisch aber dennoch mit einer Notfallhandbedienung ausgestattet. Zus\u00e4tzlich bieten wir Sp\u00fclanschl\u00fcsse, mit denen Sie die Tanks problemlos mit sauberem Wasser reinigen k\u00f6nnen. Des Weiteren besteht die M\u00f6glichkeit eines Festanschlusses f\u00fcr eine dauerhafte Verbindung mit dem Abwassersystem am Abstellort, um Ihnen ein H\u00f6chstma\u00df an Flexibilit\u00e4t und Komfort zu bieten.<\/p>\n<p><strong>Stromanschluss<\/strong><\/p>\n<p>Im Perfection m\u00fcssen Stromkabel nicht m\u00fchsam durch enge \u00d6ffnungen gequetscht werden. Stattdessen finden sie ihren Weg durch die Gummidichtungen an den Seitenklappen direkt ins Fahrzeuginnere. Diese innovative L\u00f6sung garantiert nicht nur eine h\u00f6here Dichtigkeit, sondern erleichtert auch die Handhabung und den Stromanschluss Ihres Reisemobils erheblich.<\/p>\n<div class=\"w-full text-token-text-primary\" data-testid=\"conversation-turn-11\">\n<div class=\"px-4 py-2 justify-center text-base md:gap-6 m-auto\">\n<div class=\"flex flex-1 text-base mx-auto gap-3 md:px-5 lg:px-1 xl:px-5 md:max-w-3xl lg:max-w-[40rem] xl:max-w-[48rem] group\">\n<div class=\"relative flex w-full flex-col agent-turn\">\n<div class=\"flex-col gap-1 md:gap-3\">\n<div class=\"mt-1 flex justify-start gap-3 empty:hidden\">\n<div class=\"text-gray-400 flex self-end lg:self-center items-center justify-center lg:justify-start mt-0 -ml-1 h-7 gap-[2px] visible\">\n<div class=\"flex\"><\/div>\n<\/div>\n<\/div>\n<div class=\"pr-2 lg:pr-0\"><\/div>\n<\/div>\n<\/div>\n<\/div>\n<\/div>\n<\/div>\n<p>[\/et_pb_text][et_pb_text _builder_version=&#8220;4.19.5&#8243; _module_preset=&#8220;default&#8220; text_font_size=&#8220;15px&#8220; min_height=&#8220;265px&#8220; custom_margin=&#8220;||||false|false&#8220; custom_padding=&#8220;0px||29px|||&#8220; global_colors_info=&#8220;{}&#8220;][\/et_pb_text][\/et_pb_column][\/et_pb_row][et_pb_row column_structure=&#8220;1_2,1_2&#8243; _builder_version=&#8220;4.27.4&#8243; _module_preset=&#8220;default&#8220; width=&#8220;100%&#8220; width_tablet=&#8220;&#8220; width_phone=&#8220;80%&#8220; width_last_edited=&#8220;on|phone&#8220; max_width=&#8220;80%&#8220; max_width_tablet=&#8220;80%&#8220; max_width_phone=&#8220;80%&#8220; max_width_last_edited=&#8220;on|phone&#8220; min_height=&#8220;870.5px&#8220; custom_margin=&#8220;11px||||false|false&#8220; border_radii=&#8220;on|20px|20px|20px|20px&#8220; box_shadow_style=&#8220;preset1&#8243; global_colors_info=&#8220;{}&#8220;][et_pb_column type=&#8220;1_2&#8243; _builder_version=&#8220;4.18.0&#8243; _module_preset=&#8220;default&#8220; global_colors_info=&#8220;{}&#8220;][et_pb_slider show_content_on_mobile=&#8220;off&#8220; arrows_custom_color=&#8220;#000000&#8243; _builder_version=&#8220;4.27.4&#8243; _module_preset=&#8220;default&#8220; width=&#8220;100%&#8220; width_tablet=&#8220;&#8220; width_phone=&#8220;&#8220; width_last_edited=&#8220;on|desktop&#8220; max_width_tablet=&#8220;&#8220; max_width_phone=&#8220;&#8220; max_width_last_edited=&#8220;on|phone&#8220; content_width=&#8220;auto&#8220; min_height=&#8220;50vh&#8220; min_height_tablet=&#8220;39vh&#8220; min_height_phone=&#8220;25vh&#8220; min_height_last_edited=&#8220;on|tablet&#8220; custom_margin_tablet=&#8220;&#8220; custom_margin_phone=&#8220;||||false|false&#8220; custom_margin_last_edited=&#8220;on|phone&#8220; custom_padding=&#8220;||||false|false&#8220; custom_padding_tablet=&#8220;||||false|false&#8220; custom_padding_phone=&#8220;0%||0%||true|false&#8220; custom_padding_last_edited=&#8220;on|tablet&#8220; animation_style=&#8220;zoom&#8220; animation_duration=&#8220;1500ms&#8220; animation_intensity_zoom=&#8220;5%&#8220; hover_transition_duration=&#8220;0ms&#8220; hover_transition_speed_curve=&#8220;ease-in-out&#8220; module_alignment_tablet=&#8220;&#8220; module_alignment_phone=&#8220;center&#8220; module_alignment_last_edited=&#8220;on|phone&#8220; animation_direction_tablet=&#8220;bottom&#8220; animation_direction_phone=&#8220;bottom&#8220; animation_direction_last_edited=&#8220;on|phone&#8220; global_colors_info=&#8220;{}&#8220; transform_styles__hover_enabled=&#8220;on|hover&#8220; transform_scale__hover_enabled=&#8220;on|hover&#8220; transform_translate__hover_enabled=&#8220;on|desktop&#8220; transform_rotate__hover_enabled=&#8220;on|desktop&#8220; transform_skew__hover_enabled=&#8220;on|desktop&#8220; transform_origin__hover_enabled=&#8220;on|desktop&#8220; transform_scale__hover=&#8220;120%|120%&#8220;][et_pb_slide admin_title=&#8220;Racing Motorrad&#8220; _builder_version=&#8220;4.24.2&#8243; _module_preset=&#8220;default&#8220; background_color=&#8220;#FFFFFF&#8220; background_enable_color=&#8220;on&#8220; background_image=&#8220;https:\/\/volkner-mobil.com\/wp-content\/uploads\/2024\/03\/temp_heizen.svg&#8220; background_enable_image=&#8220;on&#8220; background_size=&#8220;contain&#8220; global_colors_info=&#8220;{}&#8220; sticky_transition=&#8220;on&#8220;][\/et_pb_slide][\/et_pb_slider][\/et_pb_column][et_pb_column type=&#8220;1_2&#8243; _builder_version=&#8220;4.18.0&#8243; _module_preset=&#8220;default&#8220; global_colors_info=&#8220;{}&#8220;][et_pb_text _builder_version=&#8220;4.27.4&#8243; _module_preset=&#8220;default&#8220; text_font_size=&#8220;15px&#8220; width_tablet=&#8220;&#8220; width_phone=&#8220;&#8220; width_last_edited=&#8220;on|phone&#8220; min_height=&#8220;265px&#8220; height_last_edited=&#8220;off|desktop&#8220; custom_margin=&#8220;|12px|-142px|12px|false|false&#8220; custom_padding=&#8220;0px||29px|||&#8220; border_width_all=&#8220;0px&#8220; global_colors_info=&#8220;{}&#8220;]<\/p>\n<h2><span style=\"text-decoration: underline;\">Heizungssystem<\/span><\/h2>\n<p><strong>Steuerung\/Automation:<\/strong><\/p>\n<p>Die VolknerUX \u00fcbernimmt die Kontrolle \u00fcber alle Systeme, einschlie\u00dflich der gesamten Heizungsanlage. Im Winter passt sie dynamisch die Temperaturen an die Au\u00dfentemperaturen an. Beispielsweise, wenn Sie von warmen spanischen Gefilden in die kalten Berge Norditaliens fahren, m\u00fcssen Sie die Temperaturen nicht manuell einstellen. Die UX passt sie automatisch an, um eine konstante, behagliche Innentemperatur zu gew\u00e4hrleisten. Abends speichert die Anlage W\u00e4rme, um die Heizungen nachts im Fl\u00fcsterbetrieb laufen zu lassen, so dass sie sogar nachts, wenn alles fl\u00fcsterleise ist, nicht h\u00f6rbar sind.<\/p>\n<p><strong>Heizkreise:<\/strong><\/p>\n<p>Jeder der acht Heizkreise ist individuell steuerbar. Sie k\u00f6nnen Zeitprofile erstellen, um die Temperaturen \u00fcber den Tag zu variieren. Zum Beispiel kann die Schlafzimmertemperatur nachts abgesenkt werden, um einen angenehmen Schlaf zu erm\u00f6glichen. Tags\u00fcber, wenn Sie sich im Schlafzimmer umziehen oder fernsehen m\u00f6chten, wird die Temperatur erh\u00f6ht. Die Volkner UX sorgt daf\u00fcr, dass die Temperaturen zu den festgelegten Uhrzeiten erreicht werden.<\/p>\n<p><strong>Garagenheizung:<\/strong><\/p>\n<p>Die Garage ist komplett beheizt, um die Technik stets auf angenehmer Betriebstemperatur zu halten. So bleiben Ihre Ger\u00e4te jederzeit funktionsf\u00e4hig. Ein seitliches Stauffach, das oft als Fahrradgarage genutzt wird, kann im Winter auch als Skikeller verwendet werden, da hier alles getrocknet wird. Herabtropfender Schnee oder Wasser flie\u00dft nat\u00fcrlich unter dem Reisemobil ab.<\/p>\n<p><strong>W\u00e4rmetauscher:<\/strong><\/p>\n<p>Acht gesteuerte Heizkreise werden von der intelligenten Volkner UX gesteuert und geschaltet.<\/p>\n<p><strong>Mehrere Heizungen:<\/strong><\/p>\n<p>Zwei Diesel- und zwei Elektroheizungen sind verbaut, um ein absolut ausfallsicheres Fahrzeug zu gew\u00e4hrleisten. Alle Abgase werden \u00fcber das Dach abgef\u00fchrt, was zwar aufwendig ist, aber daf\u00fcr sorgt, dass es keine Ger\u00e4usche gibt und die Dampfwolken wie bei einem Hauskamin nach oben ziehen, ohne dass sie gerochen oder wahrgenommen werden k\u00f6nnen.<\/p>\n<p><strong>Motorw\u00e4rme:<\/strong><\/p>\n<p>Das Heizsystem nutzt die Motorw\u00e4rme effizient, indem es sie einspeist und automatisch reguliert. R\u00fcckwirkend kann der Kunde den Motor beispielsweise im Winter mit der Heizung vorw\u00e4rmen.<\/p>\n<p><strong>WallOut Heizung:<\/strong><\/p>\n<p>Rund um den WallOut ist eine starke Heizung installiert, um Schnee vor dem Einfahren schmelzen zu lassen.<\/p>\n<p><strong>Langlebigkeit\/Wartung:<\/strong><\/p>\n<p>Die Heizungsanlage ist leicht zug\u00e4nglich und entspricht dem Industriestandard. Die meisten Komponenten stammen aus dem Maschinenbau und sind dadurch \u00e4u\u00dferst robust. Trotz der vielen Technik ist die Bedienung f\u00fcr den Benutzer einfach und angenehm.<\/p>\n<div class=\"w-full text-token-text-primary\" data-testid=\"conversation-turn-11\">\n<div class=\"px-4 py-2 justify-center text-base md:gap-6 m-auto\">\n<div class=\"flex flex-1 text-base mx-auto gap-3 md:px-5 lg:px-1 xl:px-5 md:max-w-3xl lg:max-w-[40rem] xl:max-w-[48rem] group\">\n<div class=\"relative flex w-full flex-col agent-turn\">\n<div class=\"flex-col gap-1 md:gap-3\">\n<div class=\"mt-1 flex justify-start gap-3 empty:hidden\">\n<div class=\"text-gray-400 flex self-end lg:self-center items-center justify-center lg:justify-start mt-0 -ml-1 h-7 gap-[2px] visible\">\n<div class=\"flex\"><\/div>\n<\/div>\n<\/div>\n<div class=\"pr-2 lg:pr-0\"><\/div>\n<\/div>\n<\/div>\n<\/div>\n<\/div>\n<\/div>\n<p>[\/et_pb_text][et_pb_text _builder_version=&#8220;4.19.5&#8243; _module_preset=&#8220;default&#8220; text_font_size=&#8220;15px&#8220; min_height=&#8220;265px&#8220; custom_margin=&#8220;|||-105px|false|false&#8220; custom_padding=&#8220;0px||29px|||&#8220; global_colors_info=&#8220;{}&#8220;][\/et_pb_text][\/et_pb_column][\/et_pb_row][\/et_pb_section][et_pb_section fb_built=&#8220;1&#8243; _builder_version=&#8220;4.18.0&#8243; _module_preset=&#8220;default&#8220; background_color=&#8220;#f2f2f2&#8243; global_colors_info=&#8220;{}&#8220;][et_pb_row _builder_version=&#8220;4.18.0&#8243; _module_preset=&#8220;default&#8220; global_colors_info=&#8220;{}&#8220;][et_pb_column type=&#8220;4_4&#8243; _builder_version=&#8220;4.18.0&#8243; _module_preset=&#8220;default&#8220; global_colors_info=&#8220;{}&#8220;][et_pb_text _builder_version=&#8220;4.19.5&#8243; _module_preset=&#8220;default&#8220; header_text_color=&#8220;#000000&#8243; header_2_text_color=&#8220;#000000&#8243; global_colors_info=&#8220;{}&#8220;]<\/p>\n<h2 style=\"text-align: center;\">IHRE W\u00dcNSCHE WERDEN UMGESETZT<\/h2>\n<p>[\/et_pb_text][et_pb_divider color=&#8220;#000000&#8243; divider_weight=&#8220;2px&#8220; _builder_version=&#8220;4.24.2&#8243; _module_preset=&#8220;default&#8220; width=&#8220;50%&#8220; module_alignment=&#8220;center&#8220; global_colors_info=&#8220;{}&#8220; transform_styles__hover_enabled=&#8220;on|hover&#8220; transform_scale__hover_enabled=&#8220;on|hover&#8220; transform_translate__hover_enabled=&#8220;on|desktop&#8220; transform_rotate__hover_enabled=&#8220;on|desktop&#8220; transform_skew__hover_enabled=&#8220;on|desktop&#8220; transform_origin__hover_enabled=&#8220;on|desktop&#8220;][\/et_pb_divider][\/et_pb_column][\/et_pb_row][et_pb_row _builder_version=&#8220;4.19.5&#8243; _module_preset=&#8220;default&#8220; width=&#8220;100%&#8220; width_tablet=&#8220;90%&#8220; width_phone=&#8220;90%&#8220; width_last_edited=&#8220;on|phone&#8220; max_width=&#8220;100%&#8220; global_colors_info=&#8220;{}&#8220;][et_pb_column type=&#8220;4_4&#8243; _builder_version=&#8220;4.18.0&#8243; _module_preset=&#8220;default&#8220; global_colors_info=&#8220;{}&#8220;][et_pb_slider show_image_video_mobile=&#8220;on&#8220; arrows_custom_color=&#8220;#000000&#8243; dot_nav_custom_color=&#8220;#FFFFFF&#8220; arrows_custom_color_tablet=&#8220;#000000&#8243; arrows_custom_color_phone=&#8220;#000000&#8243; arrows_custom_color_last_edited=&#8220;on|phone&#8220; _builder_version=&#8220;4.27.4&#8243; _module_preset=&#8220;7885db56-9a8a-4018-b4fc-f2d25eacf78f&#8220; width_tablet=&#8220;&#8220; width_phone=&#8220;100%&#8220; width_last_edited=&#8220;on|phone&#8220; height=&#8220;100%&#8220; border_radii=&#8220;on|20px|20px|20px|20px&#8220; box_shadow_style=&#8220;preset1&#8243; locked=&#8220;off&#8220; global_colors_info=&#8220;{}&#8220;][et_pb_slide image=&#8220;https:\/\/volkner-mobil.com\/wp-content\/uploads\/2023\/01\/1028025-scaled.jpg&#8220; admin_title=&#8220;Holzwaschbecken&#8220; arrows_custom_color_tablet=&#8220;&#8220; arrows_custom_color_phone=&#8220;&#8220; arrows_custom_color_last_edited=&#8220;on|phone&#8220; _builder_version=&#8220;4.19.5&#8243; _module_preset=&#8220;default&#8220; locked=&#8220;off&#8220; global_colors_info=&#8220;{}&#8220; sticky_transition=&#8220;on&#8220;]<\/p>\n<p>Dieses Holzwaschbecken kann schon fast als Kunstwerk bezeichnet werden. Aus \u00fcber 100 Schichten handverleimten Holzplatten wird der Grundk\u00f6rper hergestellt. Eine 8-Achs-CNC Fr\u00e4smaschine stellt daraus unser Holzwaschbecken her. Sehr viele Schichten Lack versiegeln das Holz und lassen es gl\u00e4nzen.<\/p>\n<p>[\/et_pb_slide][et_pb_slide image=&#8220;https:\/\/volkner-mobil.com\/wp-content\/uploads\/2023\/02\/1028023-scaled.jpg&#8220; admin_title=&#8220;Holzwaschbecken Weitwinkel&#8220; arrows_custom_color_tablet=&#8220;&#8220; arrows_custom_color_phone=&#8220;&#8220; arrows_custom_color_last_edited=&#8220;on|phone&#8220; _builder_version=&#8220;4.19.5&#8243; _module_preset=&#8220;default&#8220; locked=&#8220;off&#8220; global_colors_info=&#8220;{}&#8220; sticky_transition=&#8220;on&#8220;]<\/p>\n<p>Der moderne Waschtisch hat sechs gro\u00dfe Schubladen und vier Apothekerschr\u00e4nke inklusive Einteilungen, Beleuchtung und durchsichtigem Boden.\u00a0<\/p>\n<p>[\/et_pb_slide][et_pb_slide image=&#8220;https:\/\/volkner-mobil.com\/wp-content\/uploads\/2023\/02\/1029740-scaled.jpg&#8220; admin_title=&#8220;Steinwaschbecken&#8220; arrows_custom_color_tablet=&#8220;&#8220; arrows_custom_color_phone=&#8220;&#8220; arrows_custom_color_last_edited=&#8220;on|phone&#8220; _builder_version=&#8220;4.19.5&#8243; _module_preset=&#8220;default&#8220; locked=&#8220;off&#8220; global_colors_info=&#8220;{}&#8220; sticky_transition=&#8220;on&#8220;]<\/p>\n<p>Waschbecken aus Stein mit modernen Wandarmaturen.<\/p>\n<p>[\/et_pb_slide][et_pb_slide image=&#8220;https:\/\/volkner-mobil.com\/wp-content\/uploads\/2023\/02\/KWE1733-scaled.jpg&#8220; admin_title=&#8220;Waschbecken wei\u00df&#8220; arrows_custom_color_tablet=&#8220;&#8220; arrows_custom_color_phone=&#8220;&#8220; arrows_custom_color_last_edited=&#8220;on|phone&#8220; _builder_version=&#8220;4.19.5&#8243; _module_preset=&#8220;default&#8220; locked=&#8220;off&#8220; global_colors_info=&#8220;{}&#8220; sticky_transition=&#8220;on&#8220;]<\/p>\n<p>Aufsatz-Waschbecken mit Wandarmaturen.<\/p>\n<p>[\/et_pb_slide][et_pb_slide image=&#8220;https:\/\/volkner-mobil.com\/wp-content\/uploads\/2023\/01\/IMGL8887-2-Kopie.jpg&#8220; admin_title=&#8220;K\u00fccheninsel Edelstahl&#8220; arrows_custom_color_tablet=&#8220;&#8220; arrows_custom_color_phone=&#8220;&#8220; arrows_custom_color_last_edited=&#8220;on|phone&#8220; _builder_version=&#8220;4.19.5&#8243; _module_preset=&#8220;default&#8220; body_text_color=&#8220;#000000&#8243; background_color=&#8220;rgba(0,0,0,0.09)&#8220; background_enable_color=&#8220;on&#8220; locked=&#8220;off&#8220; global_colors_info=&#8220;{}&#8220; sticky_transition=&#8220;on&#8220;]<\/p>\n<p>Einzigartig in einem Reisemobil &#8211; In dieser einzigartigen Kochinsel sind Backofen und Herd integriert. In den zahlreichen Schubladen ist ausreichend Platz f\u00fcr Pfannen, T\u00f6pfe und Besteck. Auf der Gangseite l\u00e4sst sich eine weitere Arbeitsplatte herausziehen.<\/p>\n<p>[\/et_pb_slide][et_pb_slide image=&#8220;https:\/\/volkner-mobil.com\/wp-content\/uploads\/2023\/01\/1029766.png&#8220; admin_title=&#8220;K\u00fcchenaufzug&#8220; arrows_custom_color_tablet=&#8220;&#8220; arrows_custom_color_phone=&#8220;&#8220; arrows_custom_color_last_edited=&#8220;on|phone&#8220; _builder_version=&#8220;4.19.5&#8243; _module_preset=&#8220;default&#8220; locked=&#8220;off&#8220; global_colors_info=&#8220;{}&#8220; sticky_transition=&#8220;on&#8220;]<\/p>\n<p>Elektrisch ausfahrbarer K\u00fcchenblock mit Kaffeeautomat und Ihrem Wunschgeschirr.<\/p>\n<p>&nbsp;<\/p>\n<p>[\/et_pb_slide][et_pb_slide image=&#8220;https:\/\/volkner-mobil.com\/wp-content\/uploads\/2023\/02\/1028021-scaled.jpg&#8220; admin_title=&#8220;Kaffemaschine links&#8220; arrows_custom_color_tablet=&#8220;&#8220; arrows_custom_color_phone=&#8220;&#8220; arrows_custom_color_last_edited=&#8220;on|phone&#8220; _builder_version=&#8220;4.19.5&#8243; _module_preset=&#8220;default&#8220; locked=&#8220;off&#8220; global_colors_info=&#8220;{}&#8220; sticky_transition=&#8220;on&#8220;]<\/p>\n<p>Wir suchen f\u00fcr Sie den opimalen Platz f\u00fcr Ihre Kaffeemaschine. Hier haben wir eine Niesche geschaffen, dar\u00fcber befindet sich ein Gew\u00fcrzregal. Die Kaffemaschine l\u00e4sst sich herausziehen.<\/p>\n<p>[\/et_pb_slide][et_pb_slide image=&#8220;https:\/\/volkner-mobil.com\/wp-content\/uploads\/2023\/01\/1028018-1-scaled.jpg&#8220; admin_title=&#8220;K\u00fcchenaufzug Rot&#8220; arrows_custom_color_tablet=&#8220;&#8220; arrows_custom_color_phone=&#8220;&#8220; arrows_custom_color_last_edited=&#8220;on|phone&#8220; _builder_version=&#8220;4.19.5&#8243; _module_preset=&#8220;default&#8220; box_shadow_style_image=&#8220;preset1&#8243; locked=&#8220;off&#8220; global_colors_info=&#8220;{}&#8220; sticky_transition=&#8220;on&#8220;]<\/p>\n<p>Elektrisch ausfahrbarer Geschirrblock in der K\u00fcche. Die Inneneinteilung und die Wahl der Utensilien entscheiden Sie!<\/p>\n<p>[\/et_pb_slide][et_pb_slide image=&#8220;https:\/\/volkner-mobil.com\/wp-content\/uploads\/2023\/02\/1028019-scaled.jpg&#8220; admin_title=&#8220;Schubladen Rot K\u00fcche&#8220; arrows_custom_color_tablet=&#8220;&#8220; arrows_custom_color_phone=&#8220;&#8220; arrows_custom_color_last_edited=&#8220;on|phone&#8220; _builder_version=&#8220;4.19.5&#8243; _module_preset=&#8220;default&#8220; locked=&#8220;off&#8220; global_colors_info=&#8220;{}&#8220; sticky_transition=&#8220;on&#8220;]<\/p>\n<p>Die Inneneinteilung von Schubladen k\u00f6nnen Sie selber vorgeben und wir fertigen diese entsprechend an.<\/p>\n<p>[\/et_pb_slide][et_pb_slide image=&#8220;https:\/\/volkner-mobil.com\/wp-content\/uploads\/2023\/02\/1028020-scaled.jpg&#8220; admin_title=&#8220;K\u00fcche Backofen und Geschirrsp\u00fcler&#8220; arrows_custom_color_tablet=&#8220;&#8220; arrows_custom_color_phone=&#8220;&#8220; arrows_custom_color_last_edited=&#8220;on|phone&#8220; _builder_version=&#8220;4.19.5&#8243; _module_preset=&#8220;default&#8220; locked=&#8220;off&#8220; global_colors_info=&#8220;{}&#8220; sticky_transition=&#8220;on&#8220;]<\/p>\n<p>Gerne verbauen wir Ihre Wunsch-Elektroger\u00e4te in Ihrer K\u00fcche.<\/p>\n<p>[\/et_pb_slide][et_pb_slide image=&#8220;https:\/\/volkner-mobil.com\/wp-content\/uploads\/2023\/02\/1029760-scaled.jpg&#8220; admin_title=&#8220;Dampfgarer&#8220; arrows_custom_color_tablet=&#8220;&#8220; arrows_custom_color_phone=&#8220;&#8220; arrows_custom_color_last_edited=&#8220;on|phone&#8220; _builder_version=&#8220;4.19.5&#8243; _module_preset=&#8220;default&#8220; locked=&#8220;off&#8220; global_colors_info=&#8220;{}&#8220; sticky_transition=&#8220;on&#8220;]<\/p>\n<p>Ein Gaggenau Dampfgarerbackofen kann hier eingebaut werden. Die T\u00fcre \u00f6ffnet komfortabel zur Seite.<\/p>\n<p>[\/et_pb_slide][et_pb_slide image=&#8220;https:\/\/volkner-mobil.com\/wp-content\/uploads\/2023\/02\/1027987-scaled.jpg&#8220; admin_title=&#8220;Eingangst\u00fcre&#8220; arrows_custom_color_tablet=&#8220;&#8220; arrows_custom_color_phone=&#8220;&#8220; arrows_custom_color_last_edited=&#8220;on|phone&#8220; _builder_version=&#8220;4.19.5&#8243; _module_preset=&#8220;default&#8220; locked=&#8220;off&#8220; global_colors_info=&#8220;{}&#8220; sticky_transition=&#8220;on&#8220;]<\/p>\n<p>Durch absenken der Luftfederung kann leicht in den Performance eingestiegen werden. Die Treppenstufen hier sind aus Holz gefertigt und indirekt beleuchtet. Der T\u00fcrrahmen uns die Kopfseiten der Treppenstufen sind mit robustem Edelstahl verkleidet. Die Aufbaut\u00fcre ist 80mm dick und mit 3 Schl\u00f6ssern gesichert. Innen ist Sie vollfl\u00e4chig mit Leder, oder Alcantara verkleidet.<\/p>\n<p>[\/et_pb_slide][et_pb_slide image=&#8220;https:\/\/volkner-mobil.com\/wp-content\/uploads\/2023\/01\/Komfort-Sitze-scaled.jpg&#8220; admin_title=&#8220;Braune Sitze&#8220; arrows_custom_color_tablet=&#8220;&#8220; arrows_custom_color_phone=&#8220;&#8220; arrows_custom_color_last_edited=&#8220;on|phone&#8220; _builder_version=&#8220;4.19.5&#8243; _module_preset=&#8220;default&#8220; locked=&#8220;off&#8220; global_colors_info=&#8220;{}&#8220; sticky_transition=&#8220;on&#8220;]<\/p>\n<p>Die Sitze mit Massagefunktion, Sitzbel\u00fcftung und Sitzheizung sorgen f\u00fcr eine angenehme Fahrt. Im Stand k\u00f6nnen sie dann frei gedreht werden und durch das elektrisch ausfahrbare Fu\u00dfteil in sekundenschnelle in einen Fernsehsessel umgewandelt werden. Die Sitze sind voll elektrisch verstellbar und werden im Wunsch-Leder handbezogen. Die Diamant-Stickerei, das Volkner Logo und die Kedern\u00e4hte werden gerne farblich abgesetzt.<\/p>\n<p>[\/et_pb_slide][et_pb_slide image=&#8220;https:\/\/volkner-mobil.com\/wp-content\/uploads\/2023\/02\/1024256.png&#8220; admin_title=&#8220;Weber Grill&#8220; arrows_custom_color_tablet=&#8220;&#8220; arrows_custom_color_phone=&#8220;&#8220; arrows_custom_color_last_edited=&#8220;on|phone&#8220; _builder_version=&#8220;4.19.5&#8243; _module_preset=&#8220;default&#8220; locked=&#8220;off&#8220; global_colors_info=&#8220;{}&#8220; sticky_transition=&#8220;on&#8220;]<\/p>\n<p><span>Sie m\u00f6chten im Urlaub grillen? Daf\u00fcr haben wir in unserer Performance-Baureihe die perfekte L\u00f6sung parat. Ein ausziehbarer Webergrill<\/span><span>\u00a0auf Arbeitsh\u00f6he. Er ist in Sekundenschnelle einsatzbereit. St\u00fchle und ein Tisch sind im gleichen Stauraum und mit handgen\u00e4hten Alcantara-\u00dcberz\u00fcgen gesch\u00fctzt. <\/span><span>Den Grill gibt es als Gas- oder Elektrovariante.<\/span><\/p>\n<p>[\/et_pb_slide][et_pb_slide image=&#8220;https:\/\/volkner-mobil.com\/wp-content\/uploads\/2023\/02\/WES_8246-scaled.jpg&#8220; admin_title=&#8220;Gastro Grill&#8220; arrows_custom_color_tablet=&#8220;&#8220; arrows_custom_color_phone=&#8220;&#8220; arrows_custom_color_last_edited=&#8220;on|phone&#8220; _builder_version=&#8220;4.19.5&#8243; _module_preset=&#8220;default&#8220; locked=&#8220;off&#8220; global_colors_info=&#8220;{}&#8220; sticky_transition=&#8220;on&#8220;]<\/p>\n<p>Beispieltext Elfer Performance<\/p>\n<p>[\/et_pb_slide][et_pb_slide image=&#8220;https:\/\/volkner-mobil.com\/wp-content\/uploads\/2023\/01\/2016-Sommerkueche.png&#8220; admin_title=&#8220;Sommerk\u00fcche&#8220; arrows_custom_color_tablet=&#8220;&#8220; arrows_custom_color_phone=&#8220;&#8220; arrows_custom_color_last_edited=&#8220;on|phone&#8220; _builder_version=&#8220;4.19.5&#8243; _module_preset=&#8220;default&#8220; locked=&#8220;off&#8220; global_colors_info=&#8220;{}&#8220; sticky_transition=&#8220;on&#8220;]<\/p>\n<p>Die ausziehbare Sommerk\u00fcche: Sp\u00fclbecken, Frischwasser, Geschirr, Zapfanlage und Gl\u00e4ser sind ausziehbar in der Mittelgarage verstaut. Davor ist noch Platz f\u00fcr den MINI Cooper. Ist dieser ausgeladen, kann man bei schlechtem Wetter mit St\u00fchlen und Tisch in die Garage ziehen.<\/p>\n<p>[\/et_pb_slide][et_pb_slide image=&#8220;https:\/\/volkner-mobil.com\/wp-content\/uploads\/2023\/02\/KLW4755-scaled.jpg&#8220; admin_title=&#8220;Fahrrad&#8220; arrows_custom_color_tablet=&#8220;&#8220; arrows_custom_color_phone=&#8220;&#8220; arrows_custom_color_last_edited=&#8220;on|phone&#8220; _builder_version=&#8220;4.19.5&#8243; _module_preset=&#8220;default&#8220; locked=&#8220;off&#8220; global_colors_info=&#8220;{}&#8220; sticky_transition=&#8220;on&#8220;]<\/p>\n<p>Platz f\u00fcr bis zu zwei Fahrr\u00e4der, seitlich neben dem Pkw in der Heckgarage. Variante mit Auszug ist optional m\u00f6glich.<\/p>\n<p>[\/et_pb_slide][et_pb_slide image=&#8220;https:\/\/volkner-mobil.com\/wp-content\/uploads\/2023\/02\/2021-137-098-Bildretusche-scaled.jpg&#8220; admin_title=&#8220;Folierung&#8220; arrows_custom_color_tablet=&#8220;&#8220; arrows_custom_color_phone=&#8220;&#8220; arrows_custom_color_last_edited=&#8220;on|phone&#8220; _builder_version=&#8220;4.19.5&#8243; _module_preset=&#8220;default&#8220; locked=&#8220;off&#8220; global_colors_info=&#8220;{}&#8220; sticky_transition=&#8220;on&#8220;]<\/p>\n<p>Beispieltext Elfer Performance<\/p>\n<p>[\/et_pb_slide][et_pb_slide image=&#8220;https:\/\/volkner-mobil.com\/wp-content\/uploads\/2023\/02\/17-scaled.jpg&#8220; admin_title=&#8220;Couch Braun&#8220; arrows_custom_color_tablet=&#8220;&#8220; arrows_custom_color_phone=&#8220;&#8220; arrows_custom_color_last_edited=&#8220;on|phone&#8220; _builder_version=&#8220;4.19.5&#8243; _module_preset=&#8220;default&#8220; locked=&#8220;off&#8220; global_colors_info=&#8220;{}&#8220; sticky_transition=&#8220;on&#8220;]<\/p>\n<p>TV Ger\u00e4t zum Ausfahren zwischen Wohnzimmer und K\u00fcche. Angeschlossen an eine Surround Musikanlage.\u00a0<\/p>\n<p>[\/et_pb_slide][et_pb_slide image=&#8220;https:\/\/volkner-mobil.com\/wp-content\/uploads\/2023\/02\/WES_4034-scaled.jpg&#8220; admin_title=&#8220;Wei\u00dfe Alu Gardinen&#8220; arrows_custom_color_tablet=&#8220;&#8220; arrows_custom_color_phone=&#8220;&#8220; arrows_custom_color_last_edited=&#8220;on|phone&#8220; _builder_version=&#8220;4.19.5&#8243; _module_preset=&#8220;default&#8220; locked=&#8220;off&#8220; global_colors_info=&#8220;{}&#8220; sticky_transition=&#8220;on&#8220;]<\/p>\n<p>Beispieltext Elfer Performance<\/p>\n<p>[\/et_pb_slide][et_pb_slide image=&#8220;https:\/\/volkner-mobil.com\/wp-content\/uploads\/2023\/02\/Messe_2019-8-scaled.jpg&#8220; admin_title=&#8220;Gardienen aus alu&#8220; arrows_custom_color_tablet=&#8220;&#8220; arrows_custom_color_phone=&#8220;&#8220; arrows_custom_color_last_edited=&#8220;on|phone&#8220; _builder_version=&#8220;4.19.5&#8243; _module_preset=&#8220;default&#8220; locked=&#8220;off&#8220; global_colors_info=&#8220;{}&#8220; sticky_transition=&#8220;on&#8220;]<\/p>\n<p>Beispieltext Elfer Performance<\/p>\n<p>[\/et_pb_slide][et_pb_slide image=&#8220;https:\/\/volkner-mobil.com\/wp-content\/uploads\/2023\/02\/schlafen2-scaled.jpg&#8220; admin_title=&#8220;Sitzecke im Schlafzimmer&#8220; arrows_custom_color_tablet=&#8220;&#8220; arrows_custom_color_phone=&#8220;&#8220; arrows_custom_color_last_edited=&#8220;on|phone&#8220; _builder_version=&#8220;4.19.5&#8243; _module_preset=&#8220;default&#8220; locked=&#8220;off&#8220; global_colors_info=&#8220;{}&#8220; sticky_transition=&#8220;on&#8220;]<\/p>\n<p>Beispieltext Elfer Performance<\/p>\n<p>[\/et_pb_slide][et_pb_slide image=&#8220;https:\/\/volkner-mobil.com\/wp-content\/uploads\/2023\/02\/schmincken2-scaled.jpg&#8220; admin_title=&#8220;Schminktisch&#8220; arrows_custom_color_tablet=&#8220;&#8220; arrows_custom_color_phone=&#8220;&#8220; arrows_custom_color_last_edited=&#8220;on|phone&#8220; _builder_version=&#8220;4.19.5&#8243; _module_preset=&#8220;default&#8220; locked=&#8220;off&#8220; global_colors_info=&#8220;{}&#8220; sticky_transition=&#8220;on&#8220;]<\/p>\n<p>Beispieltext Elfer Performance<\/p>\n<p>[\/et_pb_slide][et_pb_slide image=&#8220;https:\/\/volkner-mobil.com\/wp-content\/uploads\/2023\/02\/Volkner-Mobil-1060-HG-mit-Heckgarage-scaled.jpg&#8220; admin_title=&#8220;1080HG&#8220; arrows_custom_color_tablet=&#8220;&#8220; arrows_custom_color_phone=&#8220;&#8220; arrows_custom_color_last_edited=&#8220;on|phone&#8220; _builder_version=&#8220;4.19.5&#8243; _module_preset=&#8220;default&#8220; locked=&#8220;off&#8220; global_colors_info=&#8220;{}&#8220; sticky_transition=&#8220;on&#8220;]<\/p>\n<p>Beispieltext Elfer Performance<\/p>\n<p>[\/et_pb_slide][et_pb_slide image=&#8220;https:\/\/volkner-mobil.com\/wp-content\/uploads\/2023\/02\/IGP2657-scaled.jpg&#8220; admin_title=&#8220;Waschmaschine&#8220; arrows_custom_color_tablet=&#8220;&#8220; arrows_custom_color_phone=&#8220;&#8220; arrows_custom_color_last_edited=&#8220;on|phone&#8220; _builder_version=&#8220;4.19.5&#8243; _module_preset=&#8220;default&#8220; locked=&#8220;off&#8220; global_colors_info=&#8220;{}&#8220; sticky_transition=&#8220;on&#8220;]<\/p>\n<p>Waschmaschine wird platzsparend installiert und fest angeschlossen.<\/p>\n<p>[\/et_pb_slide][et_pb_slide image=&#8220;https:\/\/volkner-mobil.com\/wp-content\/uploads\/2023\/02\/KLW4729-scaled.jpg&#8220; admin_title=&#8220;Hubbett&#8220; arrows_custom_color_tablet=&#8220;&#8220; arrows_custom_color_phone=&#8220;&#8220; arrows_custom_color_last_edited=&#8220;on|phone&#8220; _builder_version=&#8220;4.19.5&#8243; _module_preset=&#8220;default&#8220; locked=&#8220;off&#8220; global_colors_info=&#8220;{}&#8220; sticky_transition=&#8220;on&#8220;]<\/p>\n<p>Das Hubbett wird elektrisch herabgefahren.<\/p>\n<p>[\/et_pb_slide][et_pb_slide image=&#8220;https:\/\/volkner-mobil.com\/wp-content\/uploads\/2023\/02\/2022-09-06_R_0434-scaled.jpg&#8220; admin_title=&#8220;Beleuchtete Garage&#8220; arrows_custom_color_tablet=&#8220;&#8220; arrows_custom_color_phone=&#8220;&#8220; arrows_custom_color_last_edited=&#8220;on|phone&#8220; _builder_version=&#8220;4.19.5&#8243; _module_preset=&#8220;default&#8220; locked=&#8220;off&#8220; global_colors_info=&#8220;{}&#8220; sticky_transition=&#8220;on&#8220;]<\/p>\n<p>Der Garagenraum kann flexibel gestaltet werden. Sommerk\u00fcche, Motorr\u00e4der, Fitnesstudio, oder was Ihnen einf\u00e4llt. Wir setzen Ihre W\u00fcnsche gerne um.<\/p>\n<p>[\/et_pb_slide][et_pb_slide image=&#8220;https:\/\/volkner-mobil.com\/wp-content\/uploads\/2023\/02\/13-scaled.jpg&#8220; admin_title=&#8220;Einzelbetten Schuhschublade&#8220; arrows_custom_color_tablet=&#8220;&#8220; arrows_custom_color_phone=&#8220;&#8220; arrows_custom_color_last_edited=&#8220;on|phone&#8220; _builder_version=&#8220;4.19.5&#8243; _module_preset=&#8220;default&#8220; locked=&#8220;off&#8220; global_colors_info=&#8220;{}&#8220; sticky_transition=&#8220;on&#8220;]<\/p>\n<p>Der ausziehbare Schuhschrank kann an verschiedensten Stellen zum Einsatz kommen.<\/p>\n<p>[\/et_pb_slide][et_pb_slide image=&#8220;https:\/\/volkner-mobil.com\/wp-content\/uploads\/2023\/02\/Einzelbetten-scaled.jpg&#8220; admin_title=&#8220;Einzelbetten&#8220; arrows_custom_color_tablet=&#8220;&#8220; arrows_custom_color_phone=&#8220;&#8220; arrows_custom_color_last_edited=&#8220;on|phone&#8220; _builder_version=&#8220;4.19.5&#8243; _module_preset=&#8220;default&#8220; locked=&#8220;off&#8220; global_colors_info=&#8220;{}&#8220; sticky_transition=&#8220;on&#8220;]<\/p>\n<p>Einzelbetten<\/p>\n<p>[\/et_pb_slide][\/et_pb_slider][\/et_pb_column][\/et_pb_row][et_pb_row _builder_version=&#8220;4.19.4&#8243; _module_preset=&#8220;default&#8220; global_colors_info=&#8220;{}&#8220;][et_pb_column type=&#8220;4_4&#8243; _builder_version=&#8220;4.19.4&#8243; _module_preset=&#8220;default&#8220; global_colors_info=&#8220;{}&#8220;][et_pb_text _builder_version=&#8220;4.19.5&#8243; _module_preset=&#8220;ea4e8b71-97d8-44d3-9000-b48525d3baae&#8220; global_colors_info=&#8220;{}&#8220;]<\/p>\n<h1>Technikdetails<\/h1>\n<p>[\/et_pb_text][\/et_pb_column][\/et_pb_row][et_pb_row column_structure=&#8220;1_2,1_2&#8243; _builder_version=&#8220;4.19.4&#8243; _module_preset=&#8220;default&#8220; global_colors_info=&#8220;{}&#8220;][et_pb_column type=&#8220;1_2&#8243; _builder_version=&#8220;4.19.4&#8243; _module_preset=&#8220;default&#8220; global_colors_info=&#8220;{}&#8220;][et_pb_image src=&#8220;https:\/\/volkner-mobil.com\/wp-content\/uploads\/2023\/01\/image0.jpeg&#8220; title_text=&#8220;VolknerUX&#8220; _builder_version=&#8220;4.27.4&#8243; _module_preset=&#8220;default&#8220; animation_style=&#8220;zoom&#8220; animation_intensity_zoom=&#8220;5%&#8220; border_radii=&#8220;on|20px|20px|20px|20px&#8220; global_colors_info=&#8220;{}&#8220;][\/et_pb_image][\/et_pb_column][et_pb_column type=&#8220;1_2&#8243; _builder_version=&#8220;4.19.4&#8243; _module_preset=&#8220;default&#8220; global_colors_info=&#8220;{}&#8220;][et_pb_text _builder_version=&#8220;4.19.4&#8243; _module_preset=&#8220;ea4e8b71-97d8-44d3-9000-b48525d3baae&#8220; link_option_url=&#8220;https:\/\/volkner-mobil.com\/technik\/#toggle&#8220; link_option_url_new_window=&#8220;on&#8220; global_colors_info=&#8220;{}&#8220;]<\/p>\n<h1>Volkner UX<\/h1>\n<p>[\/et_pb_text][\/et_pb_column][\/et_pb_row][et_pb_row column_structure=&#8220;1_2,1_2&#8243; _builder_version=&#8220;4.19.4&#8243; _module_preset=&#8220;default&#8220; global_colors_info=&#8220;{}&#8220;][et_pb_column type=&#8220;1_2&#8243; _builder_version=&#8220;4.19.4&#8243; _module_preset=&#8220;default&#8220; global_colors_info=&#8220;{}&#8220;][et_pb_image src=&#8220;https:\/\/volkner-mobil.com\/wp-content\/uploads\/2023\/01\/KdAusw_DSC6157-60-scaled.jpg&#8220; title_text=&#8220;KdAusw_DSC6157-60&#8243; _builder_version=&#8220;4.27.4&#8243; _module_preset=&#8220;default&#8220; animation_style=&#8220;zoom&#8220; animation_direction=&#8220;left&#8220; animation_duration=&#8220;1500ms&#8220; animation_intensity_zoom=&#8220;5%&#8220; animation_direction_tablet=&#8220;bottom&#8220; animation_direction_phone=&#8220;bottom&#8220; animation_direction_last_edited=&#8220;on|phone&#8220; border_radii=&#8220;on|20px|20px|20px|20px&#8220; box_shadow_style=&#8220;preset1&#8243; global_colors_info=&#8220;{}&#8220;][\/et_pb_image][\/et_pb_column][et_pb_column type=&#8220;1_2&#8243; _builder_version=&#8220;4.19.4&#8243; _module_preset=&#8220;default&#8220; global_colors_info=&#8220;{}&#8220;][et_pb_text _builder_version=&#8220;4.19.4&#8243; _module_preset=&#8220;ea4e8b71-97d8-44d3-9000-b48525d3baae&#8220; link_option_url=&#8220;https:\/\/volkner-mobil.com\/technik\/#toggle3&#8243; link_option_url_new_window=&#8220;on&#8220; global_colors_info=&#8220;{}&#8220;]<\/p>\n<h1>Wall-out\/Slide-out<\/h1>\n<p>[\/et_pb_text][\/et_pb_column][\/et_pb_row][\/et_pb_section]<\/p>\n","protected":false},"excerpt":{"rendered":"<p>Ein Reisemobil, das Ihre Urlaubstr\u00e4ume wahr werden l\u00e4sst! Tauchen Sie ein in die Welt des Perfection. Mit seiner kompakten Gr\u00f6\u00dfe von 10,80m l\u00e4sst er Sie weit mehr erleben, als Sie es sich je ertr\u00e4umt h\u00e4tten. Sobald Sie das Innere betreten, sp\u00fcren Sie sofort das Gef\u00fchl von Freiheit und Komfort. Ein Raum, der so gestaltet ist, [&hellip;]<\/p>\n","protected":false},"author":1,"featured_media":0,"parent":0,"menu_order":0,"comment_status":"closed","ping_status":"closed","template":"","meta":{"_et_pb_use_builder":"on","_et_pb_old_content":"<!-- wp:divi\/placeholder \/-->","_et_gb_content_width":"","footnotes":""},"class_list":["post-370","page","type-page","status-publish","hentry"],"_links":{"self":[{"href":"https:\/\/volkner-mobil.com\/en\/wp-json\/wp\/v2\/pages\/370","targetHints":{"allow":["GET"]}}],"collection":[{"href":"https:\/\/volkner-mobil.com\/en\/wp-json\/wp\/v2\/pages"}],"about":[{"href":"https:\/\/volkner-mobil.com\/en\/wp-json\/wp\/v2\/types\/page"}],"author":[{"embeddable":true,"href":"https:\/\/volkner-mobil.com\/en\/wp-json\/wp\/v2\/users\/1"}],"replies":[{"embeddable":true,"href":"https:\/\/volkner-mobil.com\/en\/wp-json\/wp\/v2\/comments?post=370"}],"version-history":[{"count":28,"href":"https:\/\/volkner-mobil.com\/en\/wp-json\/wp\/v2\/pages\/370\/revisions"}],"predecessor-version":[{"id":3095,"href":"https:\/\/volkner-mobil.com\/en\/wp-json\/wp\/v2\/pages\/370\/revisions\/3095"}],"wp:attachment":[{"href":"https:\/\/volkner-mobil.com\/en\/wp-json\/wp\/v2\/media?parent=370"}],"curies":[{"name":"wp","href":"https:\/\/api.w.org\/{rel}","templated":true}]}}