{"id":140,"date":"2022-12-05T11:40:12","date_gmt":"2022-12-05T11:40:12","guid":{"rendered":"https:\/\/zwo-shop.de\/?page_id=140"},"modified":"2023-02-12T17:06:32","modified_gmt":"2023-02-12T17:06:32","slug":"920hg-1200hg","status":"publish","type":"page","link":"https:\/\/volkner-mobil.com\/en\/920hg-1200hg\/","title":{"rendered":"920HG &#8211; 1200HG"},"content":{"rendered":"<p>[et_pb_section fb_built=&#8220;1&#8243; _builder_version=&#8220;4.19.5&#8243; _module_preset=&#8220;default&#8220; background_color=&#8220;#f2f2f2&#8243; background_image=&#8220;https:\/\/volkner-mobil.com\/wp-content\/uploads\/2023\/01\/5-VM-1060-HG-mit-Toyota-auf-hydraulischem-Ladeplateau_ne-1.png&#8220; background_size=&#8220;custom&#8220; background_image_width=&#8220;100vw&#8220; height=&#8220;100vh&#8220; height_tablet=&#8220;70vh&#8220; height_phone=&#8220;38vh&#8220; height_last_edited=&#8220;on|phone&#8220; background_last_edited=&#8220;on|phone&#8220; background_position_tablet=&#8220;bottom_center&#8220; background_position_phone=&#8220;top_center&#8220; background_vertical_offset_tablet=&#8220;4vh&#8220; background_vertical_offset_phone=&#8220;11vh&#8220; global_colors_info=&#8220;{}&#8220;][\/et_pb_section][et_pb_section fb_built=&#8220;1&#8243; module_id=&#8220;details&#8220; _builder_version=&#8220;4.18.0&#8243; _module_preset=&#8220;default&#8220; background_color=&#8220;#f2f2f2&#8243; global_colors_info=&#8220;{}&#8220;][et_pb_row _builder_version=&#8220;4.18.0&#8243; _module_preset=&#8220;default&#8220; global_colors_info=&#8220;{}&#8220;][et_pb_column type=&#8220;4_4&#8243; _builder_version=&#8220;4.18.0&#8243; _module_preset=&#8220;default&#8220; global_colors_info=&#8220;{}&#8220;][et_pb_text _builder_version=&#8220;4.19.4&#8243; _module_preset=&#8220;default&#8220; header_text_align=&#8220;center&#8220; header_text_color=&#8220;#000000&#8243; header_2_text_align=&#8220;center&#8220; header_2_text_color=&#8220;#000000&#8243; global_colors_info=&#8220;{}&#8220;]<\/p>\n<h1><em>920HG-1200HG<\/em><em><\/em><\/h1>\n<p>[\/et_pb_text][et_pb_divider color=&#8220;#000000&#8243; divider_weight=&#8220;2px&#8220; _builder_version=&#8220;4.19.4&#8243; _module_preset=&#8220;default&#8220; width=&#8220;10%&#8220; width_tablet=&#8220;10%&#8220; width_phone=&#8220;30%&#8220; width_last_edited=&#8220;on|phone&#8220; max_width=&#8220;10%&#8220; max_width_tablet=&#8220;10%&#8220; max_width_phone=&#8220;30%&#8220; max_width_last_edited=&#8220;on|phone&#8220; module_alignment=&#8220;center&#8220; global_colors_info=&#8220;{}&#8220;][\/et_pb_divider][et_pb_text _builder_version=&#8220;4.19.4&#8243; _module_preset=&#8220;default&#8220; text_text_color=&#8220;#000000&#8243; text_font_size=&#8220;15px&#8220; header_2_line_height=&#8220;1.2em&#8220; global_colors_info=&#8220;{}&#8220;]<\/p>\n<p>Diese Baureihe, bei der HG f\u00fcr Heckgarage steht, wird auf LKW-Fahrgestellen, vorzugsweise von Mercedes-Benz, aufgebaut. Aufbaul\u00e4ngen zwischen 9 und 12m, Gesamtgewichte bis 18 t und Motorleistungen von 250 bis 530 PS lassen die Vielseitigkeit dieser Baureihe erahnen. Die Heckgaragen sind, je nach Gr\u00f6\u00dfe, f\u00fcr den Transport von zwei- oder vierr\u00e4drigen Fahrzeugen geeignet.<\/p>\n<p>Ab Modell HG 1060 findet ein PKW Platz, der \u00fcber ein hydraulisches Ladeplateau ein- und ausgefahren wird. Ebenfalls ab dieser Gr\u00f6\u00dfe ist ein Slide-Out verf\u00fcgbar. Falls kein Fahrzeug bef\u00f6rdert werden soll, k\u00f6nnen besondere Rauml\u00f6sungen wie Kinderzimmer, B\u00fcro usw. verwirklicht werden. Als Besonderheit ist das Modell AdventureLine zu nennen, das bisher einzige voll integrierte Allrad-Reisemobil mit voller Gel\u00e4ndetauglichkeit.<\/p>\n<p>[\/et_pb_text][\/et_pb_column][\/et_pb_row][et_pb_row _builder_version=&#8220;4.18.0&#8243; _module_preset=&#8220;default&#8220; global_colors_info=&#8220;{}&#8220;][et_pb_column type=&#8220;4_4&#8243; _builder_version=&#8220;4.18.0&#8243; _module_preset=&#8220;default&#8220; global_colors_info=&#8220;{}&#8220;][et_pb_text _builder_version=&#8220;4.19.4&#8243; _module_preset=&#8220;default&#8220; text_text_color=&#8220;#000000&#8243; header_2_text_color=&#8220;#000000&#8243; custom_margin=&#8220;||13px||false|false&#8220; global_colors_info=&#8220;{}&#8220;]<\/p>\n<h2 style=\"text-align: center;\">TECHNISCHE ANGABEN<\/h2>\n<p>[\/et_pb_text][et_pb_divider color=&#8220;#000000&#8243; divider_weight=&#8220;2px&#8220; _builder_version=&#8220;4.19.4&#8243; _module_preset=&#8220;default&#8220; width=&#8220;10%&#8220; width_tablet=&#8220;10%&#8220; width_phone=&#8220;30%&#8220; width_last_edited=&#8220;on|phone&#8220; module_alignment=&#8220;center&#8220; custom_margin=&#8220;||||true|false&#8220; global_colors_info=&#8220;{}&#8220;][\/et_pb_divider][\/et_pb_column][\/et_pb_row][et_pb_row column_structure=&#8220;1_3,1_3,1_3&#8243; _builder_version=&#8220;4.18.0&#8243; _module_preset=&#8220;default&#8220; max_width=&#8220;100%&#8220; global_colors_info=&#8220;{}&#8220;][et_pb_column type=&#8220;1_3&#8243; _builder_version=&#8220;4.18.0&#8243; _module_preset=&#8220;default&#8220; global_colors_info=&#8220;{}&#8220;][et_pb_text _builder_version=&#8220;4.19.4&#8243; _module_preset=&#8220;default&#8220; text_text_color=&#8220;#000000&#8243; text_font_size=&#8220;15px&#8220; global_colors_info=&#8220;{}&#8220;]<\/p>\n<p style=\"text-align: center;\">Fahrzeugl\u00e4nge 9,60 &#8211; 12 Meter<\/p>\n<p style=\"text-align: center;\">Volkner Mobil Systemsteuerung Volkner UX<\/p>\n<p style=\"text-align: center;\">Batterieleistung 2500 Ah<\/p>\n<p style=\"text-align: center;\">Diesel Generator 10 Kw<\/p>\n<p>[\/et_pb_text][et_pb_divider color=&#8220;#000000&#8243; disabled_on=&#8220;off|off|on&#8220; _builder_version=&#8220;4.19.4&#8243; _module_preset=&#8220;default&#8220; global_colors_info=&#8220;{}&#8220;][\/et_pb_divider][\/et_pb_column][et_pb_column type=&#8220;1_3&#8243; _builder_version=&#8220;4.18.0&#8243; _module_preset=&#8220;default&#8220; global_colors_info=&#8220;{}&#8220;][et_pb_text _builder_version=&#8220;4.18.0&#8243; _module_preset=&#8220;default&#8220; text_text_color=&#8220;#000000&#8243; text_font_size=&#8220;15px&#8220; global_colors_info=&#8220;{}&#8220;]<\/p>\n<p style=\"text-align: center;\">Frischwasser bis zu 500\u00a0 &#8211; 1000 Liter<\/p>\n<p style=\"text-align: center;\">Solarpanels mit 2000 W Leistung<\/p>\n<p style=\"text-align: center;\">Automatisch Niveauregulierung<\/p>\n<p style=\"text-align: center;\">Gesamtheizleistung 26 kw<\/p>\n<p style=\"text-align: center;\">Volkner Mobil integrierte Klimaanlage bis 9 kw<\/p>\n<p>[\/et_pb_text][et_pb_divider color=&#8220;#000000&#8243; disabled_on=&#8220;off|off|on&#8220; _builder_version=&#8220;4.19.4&#8243; _module_preset=&#8220;default&#8220; global_colors_info=&#8220;{}&#8220;][\/et_pb_divider][\/et_pb_column][et_pb_column type=&#8220;1_3&#8243; _builder_version=&#8220;4.18.0&#8243; _module_preset=&#8220;default&#8220; global_colors_info=&#8220;{}&#8220;][et_pb_text _builder_version=&#8220;4.18.0&#8243; _module_preset=&#8220;default&#8220; text_text_color=&#8220;#000000&#8243; text_font_size=&#8220;15px&#8220; global_colors_info=&#8220;{}&#8220;]<\/p>\n<p style=\"text-align: center;\">Grundriss nach Wahl<\/p>\n<p style=\"text-align: center;\">Heckgarage<\/p>\n<p style=\"text-align: center;\">Teils in Wunschausstattung<\/p>\n<p>[\/et_pb_text][\/et_pb_column][\/et_pb_row][\/et_pb_section][et_pb_section fb_built=&#8220;1&#8243; _builder_version=&#8220;4.18.0&#8243; _module_preset=&#8220;default&#8220; global_colors_info=&#8220;{}&#8220;][et_pb_row column_structure=&#8220;1_3,1_3,1_3&#8243; _builder_version=&#8220;4.18.0&#8243; _module_preset=&#8220;default&#8220; max_width=&#8220;80%&#8220; global_colors_info=&#8220;{}&#8220;][et_pb_column type=&#8220;1_3&#8243; _builder_version=&#8220;4.18.0&#8243; _module_preset=&#8220;default&#8220; global_colors_info=&#8220;{}&#8220;][et_pb_image src=&#8220;https:\/\/volkner-mobil.com\/wp-content\/uploads\/2022\/12\/VM-1060-HG-Heckgarage-neu.jpg&#8220; title_text=&#8220;VM 1060 HG Heckgarage neu&#8220; _builder_version=&#8220;4.19.5&#8243; _module_preset=&#8220;default&#8220; width_tablet=&#8220;&#8220; width_phone=&#8220;100%&#8220; width_last_edited=&#8220;on|phone&#8220; height=&#8220;34vh&#8220; height_tablet=&#8220;34vh&#8220; height_phone=&#8220;&#8220; height_last_edited=&#8220;on|tablet&#8220; animation_style=&#8220;slide&#8220; animation_direction=&#8220;left&#8220; animation_duration=&#8220;1500ms&#8220; animation_direction_tablet=&#8220;bottom&#8220; animation_direction_phone=&#8220;bottom&#8220; animation_direction_last_edited=&#8220;on|tablet&#8220; box_shadow_style=&#8220;preset1&#8243; global_colors_info=&#8220;{}&#8220;][\/et_pb_image][\/et_pb_column][et_pb_column type=&#8220;1_3&#8243; _builder_version=&#8220;4.18.0&#8243; _module_preset=&#8220;default&#8220; global_colors_info=&#8220;{}&#8220;][et_pb_image src=&#8220;https:\/\/volkner-mobil.com\/wp-content\/uploads\/2023\/01\/Puetz.png&#8220; title_text=&#8220;950HG&#8220; _builder_version=&#8220;4.19.5&#8243; _module_preset=&#8220;default&#8220; height_tablet=&#8220;&#8220; height_phone=&#8220;&#8220; height_last_edited=&#8220;on|tablet&#8220; animation_style=&#8220;slide&#8220; animation_duration=&#8220;1500ms&#8220; animation_direction_tablet=&#8220;bottom&#8220; animation_direction_phone=&#8220;bottom&#8220; animation_direction_last_edited=&#8220;on|tablet&#8220; box_shadow_style=&#8220;preset1&#8243; global_colors_info=&#8220;{}&#8220;][\/et_pb_image][\/et_pb_column][et_pb_column type=&#8220;1_3&#8243; _builder_version=&#8220;4.18.0&#8243; _module_preset=&#8220;default&#8220; global_colors_info=&#8220;{}&#8220;][et_pb_image src=&#8220;https:\/\/volkner-mobil.com\/wp-content\/uploads\/2022\/12\/A0O10039.jpg&#8220; title_text=&#8220;A0O10039&#8243; _builder_version=&#8220;4.19.5&#8243; _module_preset=&#8220;default&#8220; width_tablet=&#8220;&#8220; width_phone=&#8220;&#8220; width_last_edited=&#8220;on|tablet&#8220; height=&#8220;34vh&#8220; height_tablet=&#8220;&#8220; height_phone=&#8220;&#8220; height_last_edited=&#8220;on|tablet&#8220; animation_style=&#8220;slide&#8220; animation_direction=&#8220;right&#8220; animation_duration=&#8220;1500ms&#8220; animation_direction_tablet=&#8220;bottom&#8220; animation_direction_phone=&#8220;bottom&#8220; animation_direction_last_edited=&#8220;on|tablet&#8220; box_shadow_style=&#8220;preset1&#8243; global_colors_info=&#8220;{}&#8220;][\/et_pb_image][\/et_pb_column][\/et_pb_row][et_pb_row column_structure=&#8220;1_2,1_2&#8243; _builder_version=&#8220;4.19.4&#8243; _module_preset=&#8220;default&#8220; width_tablet=&#8220;90%&#8220; width_phone=&#8220;90%&#8220; width_last_edited=&#8220;on|phone&#8220; max_width=&#8220;80%&#8220; max_width_tablet=&#8220;100%&#8220; max_width_phone=&#8220;100%&#8220; max_width_last_edited=&#8220;on|phone&#8220; global_colors_info=&#8220;{}&#8220;][et_pb_column type=&#8220;1_2&#8243; _builder_version=&#8220;4.18.0&#8243; _module_preset=&#8220;default&#8220; global_colors_info=&#8220;{}&#8220;][et_pb_slider arrows_custom_color=&#8220;#000000&#8243; _builder_version=&#8220;4.19.5&#8243; _module_preset=&#8220;default&#8220; width_tablet=&#8220;&#8220; width_phone=&#8220;&#8220; width_last_edited=&#8220;on|tablet&#8220; max_width_tablet=&#8220;100%&#8220; max_width_phone=&#8220;100%&#8220; max_width_last_edited=&#8220;on|phone&#8220; content_width_tablet=&#8220;100%&#8220; content_width_phone=&#8220;100%&#8220; content_width_last_edited=&#8220;on|tablet&#8220; min_height=&#8220;450px&#8220; min_height_tablet=&#8220;&#8220; min_height_phone=&#8220;&#8220; min_height_last_edited=&#8220;on|tablet&#8220; height=&#8220;460px&#8220; height_tablet=&#8220;48vh&#8220; height_phone=&#8220;28vh&#8220; height_last_edited=&#8220;on|phone&#8220; custom_margin_tablet=&#8220;&#8220; custom_margin_phone=&#8220;||||false|false&#8220; custom_margin_last_edited=&#8220;on|phone&#8220; custom_padding=&#8220;||||false|false&#8220; custom_padding_tablet=&#8220;||||false|false&#8220; custom_padding_phone=&#8220;0%||0%||true|false&#8220; custom_padding_last_edited=&#8220;on|tablet&#8220; animation_style=&#8220;slide&#8220; animation_direction=&#8220;left&#8220; animation_duration=&#8220;1500ms&#8220; module_alignment_tablet=&#8220;&#8220; module_alignment_phone=&#8220;left&#8220; module_alignment_last_edited=&#8220;on|phone&#8220; animation_direction_tablet=&#8220;bottom&#8220; animation_direction_phone=&#8220;bottom&#8220; animation_direction_last_edited=&#8220;on|tablet&#8220; box_shadow_style=&#8220;preset1&#8243; global_colors_info=&#8220;{}&#8220; transform_styles__hover_enabled=&#8220;on|hover&#8220; transform_scale__hover_enabled=&#8220;on|hover&#8220; transform_translate__hover_enabled=&#8220;on|desktop&#8220; transform_rotate__hover_enabled=&#8220;on|desktop&#8220; transform_skew__hover_enabled=&#8220;on|desktop&#8220; transform_origin__hover_enabled=&#8220;on|desktop&#8220;][et_pb_slide admin_title=&#8220;1060HG&#8220; _builder_version=&#8220;4.19.5&#8243; _module_preset=&#8220;default&#8220; background_color=&#8220;#FFFFFF&#8220; background_enable_color=&#8220;on&#8220; background_image=&#8220;https:\/\/volkner-mobil.com\/wp-content\/uploads\/2023\/01\/IMG_0263-scaled.jpg&#8220; background_enable_image=&#8220;on&#8220; background_size=&#8220;stretch&#8220; global_colors_info=&#8220;{}&#8220; sticky_transition=&#8220;on&#8220;][\/et_pb_slide][et_pb_slide admin_title=&#8220;1050HG Silber&#8220; _builder_version=&#8220;4.19.5&#8243; _module_preset=&#8220;default&#8220; background_color=&#8220;#FFFFFF&#8220; background_enable_color=&#8220;on&#8220; background_image=&#8220;https:\/\/volkner-mobil.com\/wp-content\/uploads\/2022\/12\/VM-1060-HG-Atego-1-scaled.jpg&#8220; background_enable_image=&#8220;on&#8220; global_colors_info=&#8220;{}&#8220; sticky_transition=&#8220;on&#8220;][\/et_pb_slide][et_pb_slide admin_title=&#8220;960HG LILA Schwarz&#8220; _builder_version=&#8220;4.19.5&#8243; _module_preset=&#8220;default&#8220; background_color=&#8220;#FFFFFF&#8220; background_enable_color=&#8220;on&#8220; background_image=&#8220;https:\/\/volkner-mobil.com\/wp-content\/uploads\/2023\/01\/mehr-himmel-und-wiese-und-spiegeln_neu-scaled.jpg&#8220; background_enable_image=&#8220;on&#8220; global_colors_info=&#8220;{}&#8220; sticky_transition=&#8220;on&#8220;][\/et_pb_slide][\/et_pb_slider][\/et_pb_column][et_pb_column type=&#8220;1_2&#8243; _builder_version=&#8220;4.18.0&#8243; _module_preset=&#8220;default&#8220; global_colors_info=&#8220;{}&#8220;][et_pb_text _builder_version=&#8220;4.18.0&#8243; _module_preset=&#8220;default&#8220; text_text_color=&#8220;#000000&#8243; text_font_size=&#8220;15px&#8220; global_colors_info=&#8220;{}&#8220; custom_padding=&#8220;3px|||||&#8220;]<\/p>\n<p>Hier geht es um unsere &#8222;von &#8211; bis &#8211; Baureihe&#8220;. Die Zahl steht f\u00fcr die Gesamtl\u00e4nge in Zentimetern und das HG f\u00fcr Heckgarage, wobei diese, je nach Kundenwunsch und Gr\u00f6\u00dfe, ganz unterschiedlich genutzt werden kann: f\u00fcr alle m\u00f6glichen Fahrzeuge, ob sie nun 2, 3, 4 oder gar 6 R\u00e4der haben und Bike, Trike, Quad, PKW oder Amphibienfahrzeug hei\u00dfen. Aber auch als zus\u00e4tzliches Schlaf- oder Kinderzimmer, als Arbeitsraum oder ganz einfach als Riesengep\u00e4ckraum oder, oder&#8230;<\/p>\n<p>Unsere Kunden haben oft ganz spezielle Vorstellungen von ihrem Reisemobil und sind nach einem Gespr\u00e4ch mit uns verbl\u00fcfft, welche L\u00f6sungen wir in diesem Gr\u00f6\u00dfenspektrum anbieten k\u00f6nnen. Wer die Wahl hat, hat die Qualit\u00e4t unserer Beratung noch nicht kennengelernt. Abh\u00e4ngig von Gr\u00f6\u00dfe und Gesamtgewicht (bis 18 Tonnen) bauen wir diese Reihe auf Mercedes Benz Atego oder Actros Fahrgestellen (auf Wunsch ist auch MAN als Basis verf\u00fcgbar). Als Lebensraum erweiternde Ma\u00dfnahmen stehen auch f\u00fcr diese Modelle Slide-Out oder Wall-Out-L\u00f6sungen zur Verf\u00fcgung.<\/p>\n<p>[\/et_pb_text][\/et_pb_column][\/et_pb_row][\/et_pb_section][et_pb_section fb_built=&#8220;1&#8243; _builder_version=&#8220;4.19.4&#8243; _module_preset=&#8220;default&#8220; background_color=&#8220;#f2f2f2&#8243; global_colors_info=&#8220;{}&#8220;][et_pb_row _builder_version=&#8220;4.18.0&#8243; _module_preset=&#8220;default&#8220; global_colors_info=&#8220;{}&#8220;][et_pb_column type=&#8220;4_4&#8243; _builder_version=&#8220;4.18.0&#8243; _module_preset=&#8220;default&#8220; global_colors_info=&#8220;{}&#8220;][et_pb_text _builder_version=&#8220;4.19.5&#8243; _module_preset=&#8220;default&#8220; header_text_color=&#8220;#000000&#8243; global_colors_info=&#8220;{}&#8220;]<\/p>\n<h2 style=\"text-align: center;\"><span style=\"color: #000000;\">IHRE W\u00dcNSCHE WERDEN UMGESETZT<\/span><\/h2>\n<p>[\/et_pb_text][et_pb_divider color=&#8220;#000000&#8243; divider_weight=&#8220;2px&#8220; _builder_version=&#8220;4.19.4&#8243; _module_preset=&#8220;default&#8220; width=&#8220;10%&#8220; module_alignment=&#8220;center&#8220; global_colors_info=&#8220;{}&#8220;][\/et_pb_divider][\/et_pb_column][\/et_pb_row][et_pb_row column_structure=&#8220;1_3,1_3,1_3&#8243; _builder_version=&#8220;4.18.0&#8243; _module_preset=&#8220;default&#8220; max_width=&#8220;80%&#8220; global_colors_info=&#8220;{}&#8220;][et_pb_column type=&#8220;1_3&#8243; _builder_version=&#8220;4.18.0&#8243; _module_preset=&#8220;default&#8220; global_colors_info=&#8220;{}&#8220;][et_pb_image src=&#8220;https:\/\/volkner-mobil.com\/wp-content\/uploads\/2023\/01\/DSC_2947_5_4_tonemapped-scaled.jpg&#8220; title_text=&#8220;DSC_2947_5_4_tonemapped&#8220; _builder_version=&#8220;4.19.5&#8243; _module_preset=&#8220;default&#8220; animation_style=&#8220;slide&#8220; animation_direction=&#8220;left&#8220; animation_duration=&#8220;1500ms&#8220; animation_direction_tablet=&#8220;bottom&#8220; animation_direction_phone=&#8220;bottom&#8220; animation_direction_last_edited=&#8220;on|tablet&#8220; box_shadow_style=&#8220;preset1&#8243; global_colors_info=&#8220;{}&#8220;][\/et_pb_image][\/et_pb_column][et_pb_column type=&#8220;1_3&#8243; _builder_version=&#8220;4.18.0&#8243; _module_preset=&#8220;default&#8220; global_colors_info=&#8220;{}&#8220;][et_pb_image src=&#8220;https:\/\/volkner-mobil.com\/wp-content\/uploads\/2022\/12\/Wohnraum.jpg&#8220; title_text=&#8220;Wohnraum&#8220; _builder_version=&#8220;4.19.5&#8243; _module_preset=&#8220;default&#8220; animation_style=&#8220;slide&#8220; animation_duration=&#8220;1500ms&#8220; animation_direction_tablet=&#8220;bottom&#8220; animation_direction_phone=&#8220;bottom&#8220; animation_direction_last_edited=&#8220;on|tablet&#8220; box_shadow_style=&#8220;preset1&#8243; global_colors_info=&#8220;{}&#8220;][\/et_pb_image][\/et_pb_column][et_pb_column type=&#8220;1_3&#8243; _builder_version=&#8220;4.18.0&#8243; _module_preset=&#8220;default&#8220; global_colors_info=&#8220;{}&#8220;][et_pb_image src=&#8220;https:\/\/volkner-mobil.com\/wp-content\/uploads\/2023\/01\/Volkner042-scaled.jpg&#8220; title_text=&#8220;Volkner042&#8243; _builder_version=&#8220;4.19.5&#8243; _module_preset=&#8220;default&#8220; animation_style=&#8220;slide&#8220; animation_direction=&#8220;right&#8220; animation_duration=&#8220;1500ms&#8220; animation_direction_tablet=&#8220;bottom&#8220; animation_direction_phone=&#8220;bottom&#8220; animation_direction_last_edited=&#8220;on|tablet&#8220; box_shadow_style=&#8220;preset1&#8243; global_colors_info=&#8220;{}&#8220;][\/et_pb_image][\/et_pb_column][\/et_pb_row][et_pb_row _builder_version=&#8220;4.19.4&#8243; _module_preset=&#8220;default&#8220; width=&#8220;50%&#8220; width_tablet=&#8220;80%&#8220; width_phone=&#8220;80%&#8220; width_last_edited=&#8220;on|phone&#8220; max_width=&#8220;100%&#8220; min_height_tablet=&#8220;&#8220; min_height_phone=&#8220;&#8220; min_height_last_edited=&#8220;on|phone&#8220; custom_padding=&#8220;||||false|false&#8220; global_colors_info=&#8220;{}&#8220;][et_pb_column type=&#8220;4_4&#8243; _builder_version=&#8220;4.18.0&#8243; _module_preset=&#8220;default&#8220; global_colors_info=&#8220;{}&#8220;][et_pb_slider arrows_custom_color=&#8220;#000000&#8243; _builder_version=&#8220;4.19.5&#8243; _module_preset=&#8220;default&#8220; background_image=&#8220;https:\/\/volkner-mobil.com\/wp-content\/uploads\/2023\/01\/DSC_2875_6_7_tonemapped-scaled.jpg&#8220; width=&#8220;100%&#8220; width_tablet=&#8220;&#8220; width_phone=&#8220;&#8220; width_last_edited=&#8220;on|tablet&#8220; max_width=&#8220;100%&#8220; max_width_tablet=&#8220;&#8220; max_width_phone=&#8220;&#8220; max_width_last_edited=&#8220;on|phone&#8220; content_width_tablet=&#8220;&#8220; content_width_phone=&#8220;&#8220; content_width_last_edited=&#8220;on|phone&#8220; min_height=&#8220;556px&#8220; min_height_tablet=&#8220;50vh&#8220; min_height_phone=&#8220;&#8220; min_height_last_edited=&#8220;on|phone&#8220; height_tablet=&#8220;&#8220; height_phone=&#8220;25vh&#8220; height_last_edited=&#8220;on|phone&#8220; custom_margin_tablet=&#8220;&#8220; custom_margin_phone=&#8220;||||false|true&#8220; custom_margin_last_edited=&#8220;on|phone&#8220; custom_padding_tablet=&#8220;&#8220; custom_padding_phone=&#8220;||||false|true&#8220; custom_padding_last_edited=&#8220;on|phone&#8220; animation_style=&#8220;slide&#8220; animation_direction=&#8220;bottom&#8220; animation_duration=&#8220;1500ms&#8220; animation_direction_tablet=&#8220;bottom&#8220; animation_direction_phone=&#8220;bottom&#8220; animation_direction_last_edited=&#8220;on|tablet&#8220; box_shadow_style=&#8220;preset1&#8243; global_colors_info=&#8220;{}&#8220; transform_styles__hover_enabled=&#8220;on|hover&#8220; transform_scale__hover_enabled=&#8220;on|hover&#8220; transform_translate__hover_enabled=&#8220;on|desktop&#8220; transform_rotate__hover_enabled=&#8220;on|desktop&#8220; transform_skew__hover_enabled=&#8220;on|desktop&#8220; transform_origin__hover_enabled=&#8220;on|desktop&#8220;][et_pb_slide _builder_version=&#8220;4.18.0&#8243; _module_preset=&#8220;default&#8220; background_image=&#8220;https:\/\/volkner-mobil.com\/wp-content\/uploads\/2022\/12\/IMG_2302-scaled.jpg&#8220; background_enable_image=&#8220;on&#8220; global_colors_info=&#8220;{}&#8220; sticky_transition=&#8220;on&#8220;][\/et_pb_slide][et_pb_slide _builder_version=&#8220;4.19.4&#8243; _module_preset=&#8220;default&#8220; background_image=&#8220;https:\/\/volkner-mobil.com\/wp-content\/uploads\/2022\/12\/IMG_7606-scaled.jpg&#8220; background_enable_image=&#8220;on&#8220; global_colors_info=&#8220;{}&#8220; sticky_transition=&#8220;on&#8220;][\/et_pb_slide][et_pb_slide _builder_version=&#8220;4.19.4&#8243; _module_preset=&#8220;default&#8220; background_image=&#8220;https:\/\/volkner-mobil.com\/wp-content\/uploads\/2022\/12\/Volkner038-scaled.jpg&#8220; background_enable_image=&#8220;on&#8220; global_colors_info=&#8220;{}&#8220; sticky_transition=&#8220;on&#8220;][\/et_pb_slide][et_pb_slide _builder_version=&#8220;4.18.0&#8243; _module_preset=&#8220;default&#8220; background_image=&#8220;https:\/\/volkner-mobil.com\/wp-content\/uploads\/2022\/12\/Volkner033-scaled.jpg&#8220; background_enable_image=&#8220;on&#8220; global_colors_info=&#8220;{}&#8220; sticky_transition=&#8220;on&#8220;][\/et_pb_slide][et_pb_slide _builder_version=&#8220;4.19.4&#8243; _module_preset=&#8220;default&#8220; background_image=&#8220;https:\/\/volkner-mobil.com\/wp-content\/uploads\/2022\/12\/Volkner042-scaled.jpg&#8220; background_enable_image=&#8220;on&#8220; global_colors_info=&#8220;{}&#8220; sticky_transition=&#8220;on&#8220;][\/et_pb_slide][et_pb_slide _builder_version=&#8220;4.19.4&#8243; _module_preset=&#8220;default&#8220; background_image=&#8220;https:\/\/volkner-mobil.com\/wp-content\/uploads\/2022\/12\/IMG_7600-scaled.jpg&#8220; background_enable_image=&#8220;on&#8220; global_colors_info=&#8220;{}&#8220; sticky_transition=&#8220;on&#8220;][\/et_pb_slide][et_pb_slide _builder_version=&#8220;4.19.4&#8243; _module_preset=&#8220;default&#8220; background_image=&#8220;https:\/\/volkner-mobil.com\/wp-content\/uploads\/2023\/01\/WES0007-scaled.jpg&#8220; background_enable_image=&#8220;on&#8220; global_colors_info=&#8220;{}&#8220; sticky_transition=&#8220;on&#8220;][\/et_pb_slide][et_pb_slide _builder_version=&#8220;4.19.4&#8243; _module_preset=&#8220;default&#8220; background_image=&#8220;https:\/\/volkner-mobil.com\/wp-content\/uploads\/2022\/12\/Volkner036-scaled.jpg&#8220; background_enable_image=&#8220;on&#8220; global_colors_info=&#8220;{}&#8220; sticky_transition=&#8220;on&#8220;][\/et_pb_slide][et_pb_slide _builder_version=&#8220;4.19.4&#8243; _module_preset=&#8220;default&#8220; background_image=&#8220;https:\/\/volkner-mobil.com\/wp-content\/uploads\/2022\/12\/Volkner025-scaled.jpg&#8220; background_enable_image=&#8220;on&#8220; global_colors_info=&#8220;{}&#8220; sticky_transition=&#8220;on&#8220;][\/et_pb_slide][et_pb_slide _builder_version=&#8220;4.19.4&#8243; _module_preset=&#8220;default&#8220; background_image=&#8220;https:\/\/volkner-mobil.com\/wp-content\/uploads\/2022\/12\/IMG_7592-scaled.jpg&#8220; background_enable_image=&#8220;on&#8220; global_colors_info=&#8220;{}&#8220; sticky_transition=&#8220;on&#8220;][\/et_pb_slide][et_pb_slide _builder_version=&#8220;4.19.4&#8243; _module_preset=&#8220;default&#8220; background_image=&#8220;https:\/\/volkner-mobil.com\/wp-content\/uploads\/2022\/12\/IMG_7589-scaled.jpg&#8220; background_enable_image=&#8220;on&#8220; global_colors_info=&#8220;{}&#8220; sticky_transition=&#8220;on&#8220;][\/et_pb_slide][et_pb_slide _builder_version=&#8220;4.19.4&#8243; _module_preset=&#8220;default&#8220; background_image=&#8220;https:\/\/volkner-mobil.com\/wp-content\/uploads\/2022\/12\/Volkner026-scaled.jpg&#8220; background_enable_image=&#8220;on&#8220; global_colors_info=&#8220;{}&#8220; sticky_transition=&#8220;on&#8220;][\/et_pb_slide][et_pb_slide _builder_version=&#8220;4.19.4&#8243; _module_preset=&#8220;default&#8220; background_image=&#8220;https:\/\/volkner-mobil.com\/wp-content\/uploads\/2023\/01\/DSC_2902_3_1_tonemapped-scaled.jpg&#8220; background_enable_image=&#8220;on&#8220; global_colors_info=&#8220;{}&#8220; sticky_transition=&#8220;on&#8220;][\/et_pb_slide][et_pb_slide _builder_version=&#8220;4.19.4&#8243; _module_preset=&#8220;default&#8220; background_image=&#8220;https:\/\/volkner-mobil.com\/wp-content\/uploads\/2023\/01\/WET_0068-scaled.jpg&#8220; background_enable_image=&#8220;on&#8220; global_colors_info=&#8220;{}&#8220; sticky_transition=&#8220;on&#8220;][\/et_pb_slide][et_pb_slide _builder_version=&#8220;4.19.4&#8243; _module_preset=&#8220;default&#8220; background_image=&#8220;https:\/\/volkner-mobil.com\/wp-content\/uploads\/2023\/01\/DSC_2912_4_3-scaled.jpg&#8220; background_enable_image=&#8220;on&#8220; global_colors_info=&#8220;{}&#8220; sticky_transition=&#8220;on&#8220;][\/et_pb_slide][et_pb_slide _builder_version=&#8220;4.19.4&#8243; _module_preset=&#8220;default&#8220; global_colors_info=&#8220;{}&#8220; sticky_transition=&#8220;on&#8220;][\/et_pb_slide][et_pb_slide _builder_version=&#8220;4.19.4&#8243; _module_preset=&#8220;default&#8220; background_image=&#8220;https:\/\/volkner-mobil.com\/wp-content\/uploads\/2022\/12\/Volkner023-scaled.jpg&#8220; background_enable_image=&#8220;on&#8220; global_colors_info=&#8220;{}&#8220; sticky_transition=&#8220;on&#8220;][\/et_pb_slide][et_pb_slide admin_title=&#8220;Ende&#8220; _builder_version=&#8220;4.19.4&#8243; _module_preset=&#8220;default&#8220; background_image=&#8220;https:\/\/volkner-mobil.com\/wp-content\/uploads\/2022\/12\/Volkner032-scaled.jpg&#8220; background_enable_image=&#8220;on&#8220; global_colors_info=&#8220;{}&#8220; sticky_transition=&#8220;on&#8220;][\/et_pb_slide][et_pb_slide admin_title=&#8220;Kirsche Wohnen&#8220; _builder_version=&#8220;4.19.4&#8243; _module_preset=&#8220;default&#8220; background_image=&#8220;https:\/\/volkner-mobil.com\/wp-content\/uploads\/2023\/01\/A-Wohnen-20-scaled.jpg&#8220; background_enable_image=&#8220;on&#8220; global_colors_info=&#8220;{}&#8220; sticky_transition=&#8220;on&#8220;][\/et_pb_slide][et_pb_slide admin_title=&#8220;Kirsche Wohnen 2&#8243; _builder_version=&#8220;4.19.4&#8243; _module_preset=&#8220;default&#8220; background_image=&#8220;https:\/\/volkner-mobil.com\/wp-content\/uploads\/2023\/01\/A-Wohnen28.jpg&#8220; background_enable_image=&#8220;on&#8220; global_colors_info=&#8220;{}&#8220; sticky_transition=&#8220;on&#8220;][\/et_pb_slide][et_pb_slide admin_title=&#8220;Kirsche Bad&#8220; _builder_version=&#8220;4.19.4&#8243; _module_preset=&#8220;default&#8220; background_image=&#8220;https:\/\/volkner-mobil.com\/wp-content\/uploads\/2023\/01\/Bad-Dusche-14-scaled.jpg&#8220; background_enable_image=&#8220;on&#8220; global_colors_info=&#8220;{}&#8220; sticky_transition=&#8220;on&#8220;][\/et_pb_slide][et_pb_slide admin_title=&#8220;Kirsche Bad 2&#8243; _builder_version=&#8220;4.19.4&#8243; _module_preset=&#8220;default&#8220; background_image=&#8220;https:\/\/volkner-mobil.com\/wp-content\/uploads\/2023\/01\/Bad-Waschtisch-16-scaled.jpg&#8220; background_enable_image=&#8220;on&#8220; global_colors_info=&#8220;{}&#8220; sticky_transition=&#8220;on&#8220;][\/et_pb_slide][et_pb_slide admin_title=&#8220;Kirsche Schlafzimmer&#8220; _builder_version=&#8220;4.19.4&#8243; _module_preset=&#8220;default&#8220; background_image=&#8220;https:\/\/volkner-mobil.com\/wp-content\/uploads\/2023\/01\/Schlafzimmer7-scaled.jpg&#8220; background_enable_image=&#8220;on&#8220; global_colors_info=&#8220;{}&#8220; sticky_transition=&#8220;on&#8220;][\/et_pb_slide][et_pb_slide admin_title=&#8220;Wohnraum Actros&#8220; _builder_version=&#8220;4.19.4&#8243; _module_preset=&#8220;default&#8220; background_image=&#8220;https:\/\/volkner-mobil.com\/wp-content\/uploads\/2023\/01\/IMG_0344-scaled.jpg&#8220; background_enable_image=&#8220;on&#8220; global_colors_info=&#8220;{}&#8220; sticky_transition=&#8220;on&#8220;][\/et_pb_slide][et_pb_slide admin_title=&#8220;Wohnraum Actros 2&#8243; _builder_version=&#8220;4.19.4&#8243; _module_preset=&#8220;default&#8220; background_image=&#8220;https:\/\/volkner-mobil.com\/wp-content\/uploads\/2023\/01\/IMG_0348-scaled.jpg&#8220; background_enable_image=&#8220;on&#8220; global_colors_info=&#8220;{}&#8220; sticky_transition=&#8220;on&#8220;][\/et_pb_slide][et_pb_slide admin_title=&#8220;Bett Actros 2&#8243; _builder_version=&#8220;4.19.4&#8243; _module_preset=&#8220;default&#8220; background_image=&#8220;https:\/\/volkner-mobil.com\/wp-content\/uploads\/2023\/01\/IMG_0347-scaled.jpg&#8220; background_enable_image=&#8220;on&#8220; global_colors_info=&#8220;{}&#8220; sticky_transition=&#8220;on&#8220;][\/et_pb_slide][\/et_pb_slider][\/et_pb_column][\/et_pb_row][\/et_pb_section]<\/p>\n","protected":false},"excerpt":{"rendered":"<p>920HG-1200HGDiese Baureihe, bei der HG f\u00fcr Heckgarage steht, wird auf LKW-Fahrgestellen, vorzugsweise von Mercedes-Benz, aufgebaut. Aufbaul\u00e4ngen zwischen 9 und 12m, Gesamtgewichte bis 18 t und Motorleistungen von 250 bis 530 PS lassen die Vielseitigkeit dieser Baureihe erahnen. Die Heckgaragen sind, je nach Gr\u00f6\u00dfe, f\u00fcr den Transport von zwei- oder vierr\u00e4drigen Fahrzeugen geeignet. Ab Modell HG [&hellip;]<\/p>\n","protected":false},"author":1,"featured_media":0,"parent":0,"menu_order":0,"comment_status":"closed","ping_status":"closed","template":"","meta":{"_et_pb_use_builder":"on","_et_pb_old_content":"<!-- wp:divi\/placeholder \/-->","_et_gb_content_width":"","footnotes":""},"class_list":["post-140","page","type-page","status-publish","hentry"],"_links":{"self":[{"href":"https:\/\/volkner-mobil.com\/en\/wp-json\/wp\/v2\/pages\/140","targetHints":{"allow":["GET"]}}],"collection":[{"href":"https:\/\/volkner-mobil.com\/en\/wp-json\/wp\/v2\/pages"}],"about":[{"href":"https:\/\/volkner-mobil.com\/en\/wp-json\/wp\/v2\/types\/page"}],"author":[{"embeddable":true,"href":"https:\/\/volkner-mobil.com\/en\/wp-json\/wp\/v2\/users\/1"}],"replies":[{"embeddable":true,"href":"https:\/\/volkner-mobil.com\/en\/wp-json\/wp\/v2\/comments?post=140"}],"version-history":[{"count":0,"href":"https:\/\/volkner-mobil.com\/en\/wp-json\/wp\/v2\/pages\/140\/revisions"}],"wp:attachment":[{"href":"https:\/\/volkner-mobil.com\/en\/wp-json\/wp\/v2\/media?parent=140"}],"curies":[{"name":"wp","href":"https:\/\/api.w.org\/{rel}","templated":true}]}}