{"id":1330,"date":"2023-01-12T14:16:03","date_gmt":"2023-01-12T14:16:03","guid":{"rendered":"https:\/\/volkner-mobil.com\/?page_id=1330"},"modified":"2023-02-27T13:59:48","modified_gmt":"2023-02-27T13:59:48","slug":"manufaktur","status":"publish","type":"page","link":"https:\/\/volkner-mobil.com\/en\/manufaktur\/","title":{"rendered":"Manufacture"},"content":{"rendered":"<p>[et_pb_section fb_built=&#8220;1&#8243; _builder_version=&#8220;4.19.5&#8243; _module_preset=&#8220;default&#8220; background_enable_color=&#8220;off&#8220; height_tablet=&#8220;&#8220; height_phone=&#8220;&#8220; height_last_edited=&#8220;on|phone&#8220; global_colors_info=&#8220;{}&#8220;][et_pb_row _builder_version=&#8220;4.18.0&#8243; _module_preset=&#8220;default&#8220; global_colors_info=&#8220;{}&#8220;][et_pb_column type=&#8220;4_4&#8243; _builder_version=&#8220;4.18.0&#8243; _module_preset=&#8220;default&#8220; global_colors_info=&#8220;{}&#8220;][et_pb_text _builder_version=&#8220;4.19.4&#8243; _module_preset=&#8220;default&#8220; text_text_color=&#8220;#000000&#8243; header_text_color=&#8220;#000000&#8243; header_2_text_color=&#8220;#000000&#8243; background_color=&#8220;#f2f2f2&#8243; text_orientation=&#8220;center&#8220; width=&#8220;300px&#8220; module_alignment=&#8220;center&#8220; custom_margin=&#8220;10vh||||false|true&#8220; custom_padding=&#8220;8px||0px||false|true&#8220; animation_style=&#8220;fold&#8220; animation_duration=&#8220;1500ms&#8220; border_radii=&#8220;on|10px|10px|10px|10px&#8220; border_width_all=&#8220;3px&#8220; box_shadow_style=&#8220;preset1&#8243; global_colors_info=&#8220;{}&#8220;]<\/p>\n<h1 style=\"text-align: center;\"><span style=\"color: #000000;\">Moderne Manufaktur<\/span><\/h1>\n<p>[\/et_pb_text][\/et_pb_column][\/et_pb_row][et_pb_row column_structure=&#8220;1_2,1_2&#8243; _builder_version=&#8220;4.19.4&#8243; _module_preset=&#8220;default&#8220; width=&#8220;90%&#8220; max_width=&#8220;90%&#8220; custom_margin=&#8220;||||false|false&#8220; global_colors_info=&#8220;{}&#8220;][et_pb_column type=&#8220;1_2&#8243; _builder_version=&#8220;4.19.4&#8243; _module_preset=&#8220;default&#8220; global_colors_info=&#8220;{}&#8220;][et_pb_slider arrows_custom_color=&#8220;#000000&#8243; _builder_version=&#8220;4.19.5&#8243; _module_preset=&#8220;default&#8220; background_color=&#8220;#FFFFFF&#8220; height=&#8220;58vh&#8220; height_tablet=&#8220;47vh&#8220; height_phone=&#8220;27vh&#8220; height_last_edited=&#8220;on|phone&#8220; animation_style=&#8220;fold&#8220; animation_duration=&#8220;1500ms&#8220; box_shadow_style=&#8220;preset1&#8243; global_colors_info=&#8220;{}&#8220; transform_styles__hover_enabled=&#8220;on|hover&#8220; transform_scale__hover_enabled=&#8220;on|hover&#8220; transform_translate__hover_enabled=&#8220;on|desktop&#8220; transform_rotate__hover_enabled=&#8220;on|desktop&#8220; transform_skew__hover_enabled=&#8220;on|desktop&#8220; transform_origin__hover_enabled=&#8220;on|desktop&#8220; transform_scale__hover=&#8220;115%|115%&#8220;][et_pb_slide admin_title=&#8220;CNC Cutter&#8220; _builder_version=&#8220;4.19.5&#8243; _module_preset=&#8220;default&#8220; background_color=&#8220;#f2f2f2&#8243; background_enable_color=&#8220;on&#8220; background_image=&#8220;https:\/\/volkner-mobil.com\/wp-content\/uploads\/2023\/02\/Volkner-Produktion-Performance-S-5.png&#8220; background_enable_image=&#8220;on&#8220; global_colors_info=&#8220;{}&#8220; sticky_transition=&#8220;on&#8220;][\/et_pb_slide][et_pb_slide admin_title=&#8220;CNC Cutter&#8220; _builder_version=&#8220;4.19.5&#8243; _module_preset=&#8220;default&#8220; background_color=&#8220;#f2f2f2&#8243; background_enable_color=&#8220;on&#8220; background_image=&#8220;https:\/\/volkner-mobil.com\/wp-content\/uploads\/2023\/02\/Volkner-Produktion-Performance-S-13.png&#8220; background_enable_image=&#8220;on&#8220; global_colors_info=&#8220;{}&#8220; sticky_transition=&#8220;on&#8220;][\/et_pb_slide][et_pb_slide admin_title=&#8220;CNC Abkanten&#8220; _builder_version=&#8220;4.19.5&#8243; _module_preset=&#8220;default&#8220; background_color=&#8220;#f2f2f2&#8243; background_enable_color=&#8220;on&#8220; background_image=&#8220;https:\/\/volkner-mobil.com\/wp-content\/uploads\/2023\/01\/IGP2457-scaled.jpg&#8220; background_enable_image=&#8220;on&#8220; global_colors_info=&#8220;{}&#8220; sticky_transition=&#8220;on&#8220;][\/et_pb_slide][et_pb_slide admin_title=&#8220;Schwei\u00dfen&#8220; _builder_version=&#8220;4.19.5&#8243; _module_preset=&#8220;default&#8220; background_color=&#8220;#f2f2f2&#8243; background_enable_color=&#8220;on&#8220; background_image=&#8220;https:\/\/volkner-mobil.com\/wp-content\/uploads\/2023\/01\/schweissen1-scaled.jpg&#8220; background_enable_image=&#8220;on&#8220; global_colors_info=&#8220;{}&#8220; sticky_transition=&#8220;on&#8220;][\/et_pb_slide][et_pb_slide admin_title=&#8220;CNC Cutter&#8220; _builder_version=&#8220;4.19.5&#8243; _module_preset=&#8220;default&#8220; background_color=&#8220;#f2f2f2&#8243; background_enable_color=&#8220;on&#8220; background_image=&#8220;https:\/\/volkner-mobil.com\/wp-content\/uploads\/2023\/01\/IGP2244-scaled.jpg&#8220; background_enable_image=&#8220;on&#8220; global_colors_info=&#8220;{}&#8220; sticky_transition=&#8220;on&#8220;][\/et_pb_slide][\/et_pb_slider][\/et_pb_column][et_pb_column type=&#8220;1_2&#8243; _builder_version=&#8220;4.19.4&#8243; _module_preset=&#8220;default&#8220; global_colors_info=&#8220;{}&#8220;][et_pb_text _builder_version=&#8220;4.19.5&#8243; _module_preset=&#8220;default&#8220; text_text_color=&#8220;#000000&#8243; text_font_size=&#8220;15px&#8220; custom_padding=&#8220;10px||13px|0px||&#8220; animation_style=&#8220;fold&#8220; animation_duration=&#8220;1500ms&#8220; global_colors_info=&#8220;{}&#8220;]<\/p>\n<p><span style=\"color: #000000;\">Unsere Produkte zeichnen sich aus durch Individualisierbarkeit und Perfektion bis ins Detail.<\/span><\/p>\n<p><span style=\"color: #000000;\">Beginnend beim Bau des Chassis in unserem Hause steht stets der komfortable und beste Nutzen eines exklusiven Reisemobils im Fokus aller Konstruktionen und Entwicklungen.\u00a0<\/span><\/p>\n<p><span style=\"color: #000000;\"><\/span><\/p>\n<p>Bereits bei der Konstruktion des Chassis hat Volkner ger\u00e4umige Staur\u00e4ume, gr\u00f6\u00dftm\u00f6gliche Tankvolumen, aufger\u00e4umte, wartungsfreundlich untergebrachte Technik und nat\u00fcrlich das bestm\u00f6gliche Fahrverhalten ber\u00fccksichtigt.<\/p>\n<p><span style=\"color: #000000;\"><\/span>Durch den Einsatz von CNC-gesteuerten, hauseigenen Maschinen ist eine pr\u00e4zise, gleichbleibend hohe Qualit\u00e4t in allen Einzelteilen gew\u00e4hrleistet.\u00a0<span style=\"color: #000000;\"><\/span><\/p>\n<p><span style=\"color: #000000;\"><\/span><\/p>\n<p><span style=\"color: #000000;\">Neben dem Einsatz moderner Maschinen wird bei Volkner die Handarbeit gro\u00dfgeschrieben. Denn nur so ist eine individuelle und kundenorientierte Fertigung unserer Fahrzeuge m\u00f6glich.\u00a0<\/span><\/p>\n<p><span style=\"color: #000000;\"><\/span><\/p>\n<p><span style=\"color: #000000;\"><\/span><\/p>\n<p><span style=\"color: #000000;\">Unsere Schreinerei mit ihrem gut ausgestatteten Maschinenpark gibt unseren Kunden die M\u00f6glichkeit, aus dem gesamten Spektrum des Angebots ausw\u00e4hlen zu k\u00f6nnen: der M\u00f6belbau new Edge l\u00e4sst Nu\u00dfbaum-Echholzfurnier rund um alle Kanten gehen, der M\u00f6belbau WhiteLine ist modern und kantig, gerne in Kombination mit lackierten Bereichen in Hochglanz, matt oder Strukturlack. Oder aber auch der M\u00f6belbau BrilliantDark mit seinen handfurnierten Makassar Oberfl\u00e4chen.\u00a0 Gerne setzen unsere Schreiner Ihren pers\u00f6nlichen Geschmack um.\u00a0<\/span><span style=\"color: #000000;\"><\/span><\/p>\n<p><span style=\"color: #000000;\"><\/span><\/p>\n<p><span style=\"color: #000000;\"><\/span><\/p>\n<p>[\/et_pb_text][\/et_pb_column][\/et_pb_row][et_pb_row _builder_version=&#8220;4.19.4&#8243; _module_preset=&#8220;default&#8220; global_colors_info=&#8220;{}&#8220;][et_pb_column type=&#8220;4_4&#8243; _builder_version=&#8220;4.19.4&#8243; _module_preset=&#8220;default&#8220; global_colors_info=&#8220;{}&#8220;][et_pb_text _builder_version=&#8220;4.19.5&#8243; _module_preset=&#8220;default&#8220; text_text_color=&#8220;#000000&#8243; header_text_color=&#8220;#000000&#8243; header_2_text_color=&#8220;#000000&#8243; background_color=&#8220;#f2f2f2&#8243; text_orientation=&#8220;center&#8220; width=&#8220;300px&#8220; module_alignment=&#8220;center&#8220; custom_margin=&#8220;||||false|true&#8220; custom_padding=&#8220;8px||0px||false|true&#8220; animation_style=&#8220;fold&#8220; animation_duration=&#8220;1500ms&#8220; border_radii=&#8220;on|10px|10px|10px|10px&#8220; border_width_all=&#8220;3px&#8220; box_shadow_style=&#8220;preset1&#8243; global_colors_info=&#8220;{}&#8220;]<\/p>\n<h1 style=\"text-align: center;\"><span style=\"color: #000000;\">Die Entwicklung<\/span><\/h1>\n<p>[\/et_pb_text][\/et_pb_column][\/et_pb_row][et_pb_row column_structure=&#8220;1_2,1_2&#8243; _builder_version=&#8220;4.19.5&#8243; _module_preset=&#8220;default&#8220; width=&#8220;90%&#8220; max_width=&#8220;90%&#8220; custom_margin=&#8220;0px||0px||true|false&#8220; custom_padding=&#8220;||0px||false|false&#8220; global_colors_info=&#8220;{}&#8220;][et_pb_column type=&#8220;1_2&#8243; _builder_version=&#8220;4.19.4&#8243; _module_preset=&#8220;default&#8220; global_colors_info=&#8220;{}&#8220;][et_pb_slider arrows_custom_color=&#8220;#000000&#8243; _builder_version=&#8220;4.19.5&#8243; _module_preset=&#8220;default&#8220; background_color=&#8220;#FFFFFF&#8220; height=&#8220;58vh&#8220; height_tablet=&#8220;47vh&#8220; height_phone=&#8220;27vh&#8220; height_last_edited=&#8220;on|phone&#8220; animation_style=&#8220;fold&#8220; animation_duration=&#8220;1500ms&#8220; box_shadow_style=&#8220;preset1&#8243; global_colors_info=&#8220;{}&#8220; transform_styles__hover_enabled=&#8220;on|hover&#8220; transform_scale__hover_enabled=&#8220;on|hover&#8220; transform_translate__hover_enabled=&#8220;on|desktop&#8220; transform_rotate__hover_enabled=&#8220;on|desktop&#8220; transform_skew__hover_enabled=&#8220;on|desktop&#8220; transform_origin__hover_enabled=&#8220;on|desktop&#8220; transform_scale__hover=&#8220;115%|115%&#8220;][et_pb_slide _builder_version=&#8220;4.19.5&#8243; _module_preset=&#8220;default&#8220; background_color=&#8220;#f2f2f2&#8243; background_enable_color=&#8220;on&#8220; background_image=&#8220;https:\/\/volkner-mobil.com\/wp-content\/uploads\/2023\/01\/designstudie1.jpg&#8220; background_enable_image=&#8220;on&#8220; global_colors_info=&#8220;{}&#8220; sticky_transition=&#8220;on&#8220;][\/et_pb_slide][et_pb_slide _builder_version=&#8220;4.19.5&#8243; _module_preset=&#8220;default&#8220; background_color=&#8220;#f2f2f2&#8243; background_enable_color=&#8220;on&#8220; background_image=&#8220;https:\/\/volkner-mobil.com\/wp-content\/uploads\/2023\/01\/Volkner-Caravan-Duesseldorf-061-scaled.jpg&#8220; background_enable_image=&#8220;on&#8220; global_colors_info=&#8220;{}&#8220; sticky_transition=&#8220;on&#8220;][\/et_pb_slide][et_pb_slide _builder_version=&#8220;4.19.5&#8243; _module_preset=&#8220;default&#8220; background_color=&#8220;#f2f2f2&#8243; background_enable_color=&#8220;on&#8220; background_image=&#8220;https:\/\/volkner-mobil.com\/wp-content\/uploads\/2023\/02\/Volkner-Produktion-Performance-S-12.png&#8220; background_enable_image=&#8220;on&#8220; global_colors_info=&#8220;{}&#8220; sticky_transition=&#8220;on&#8220;][\/et_pb_slide][\/et_pb_slider][\/et_pb_column][et_pb_column type=&#8220;1_2&#8243; _builder_version=&#8220;4.19.4&#8243; _module_preset=&#8220;default&#8220; global_colors_info=&#8220;{}&#8220;][et_pb_text _builder_version=&#8220;4.19.5&#8243; _module_preset=&#8220;default&#8220; text_text_color=&#8220;#000000&#8243; text_font_size=&#8220;15px&#8220; custom_padding=&#8220;||0px|||&#8220; animation_style=&#8220;fold&#8220; animation_duration=&#8220;1500ms&#8220; global_colors_info=&#8220;{}&#8220;]<\/p>\n<p>Das optimale Reisemobil. DER PERFORMANCE. Die Idee und der Weg dahin.<\/p>\n<p>Gerhard Volkner hatte bereits mehr als 10 Jahre Reisemobile gefertigt, auf Mercedes Benz Actros, Atego und Volvo Mittelmotor-Busfahrgestellen. Mit und ohne PKW-Garage, allesamt mit einem hohen Grad an technischem Komfort f\u00fcr den Benutzer.<\/p>\n<p>Das Busfahrgestell stellte sich immer wieder als die komfortabelste Basis heraus. Der Fahrkomfort ist f\u00fcr die Personenbef\u00f6rderung optimal ausgelegt, der tief liegende Schwerpunkt und die gleichm\u00e4\u00dfige Lastverteilung sorgen f\u00fcr die perfekte Stra\u00dfenlage. Beim Fahren entsteht ein Gef\u00fchl des Dahingleitens \u00fcber die Stra\u00dfe. Einen entscheidenden Beitrag zum Komfort liefert der Motor im Heck, der bis zu 11 m weit hinter Fahrer- und Beifahrerplatz seine Arbeit verrichtet und so weder durch Ger\u00e4usche noch durch Vibrationen das Fahrvergn\u00fcgen tr\u00fcbt.\u00a0<\/p>\n<p>Nun galt es noch, einen &#8222;ausgewachsenen&#8220; PKW unterzubringen. Ein Smart und ein Mini sind tolle und n\u00fctzliche Begleiter auf Reisen, aber manchmal m\u00f6chte man auch mehr: Den Porsche, den Ferrari, gerne auch das Audi oder Mercedes Cabriolet, eben seinen Lieblings-PKW mit auf Reisen nehmen. Der gro\u00dfe Performance bietet auch hier die perfekte L\u00f6sung. Und dies, ohne Einschr\u00e4nkungen im Wohn- und Lebensraum des Reisemobils hinnehmen zu m\u00fcssen.<\/p>\n<p>Auch ein gro\u00dfer Slide-Out ist bei diesem Fahrzeugkonzept m\u00f6glich, der sogenannte Wall-Out, bei dem die gesamte Fahrzeugwand mitsamt Wohnzimmer, K\u00fcche, Badezimmer und Schlafzimmer mit einem Knopfdruck herausf\u00e4hrt.<\/p>\n<p>Eben der Performance &#8211; nun auch mit 11,4 m L\u00e4nge als Elfer Performance und in 10,8 m L\u00e4nge als Perfection in Szene gesetzt.<\/p>\n<p>Abschlie\u00dfend sei betont, dass in unserem Hause auch die Entwicklung der kompletten elektrischen Anlage, der VolknerUX, inklusive der Programmierung und App-Entwicklung, erfolgt. Auch die Klimatechnik wird von uns entwickelt und produziert.<\/p>\n<p>&nbsp;<\/p>\n<p>&nbsp;<\/p>\n<p>&nbsp;<\/p>\n<p>&nbsp;<\/p>\n<p>&nbsp;<\/p>\n<p>[\/et_pb_text][\/et_pb_column][\/et_pb_row][et_pb_row _builder_version=&#8220;4.19.4&#8243; _module_preset=&#8220;default&#8220; global_colors_info=&#8220;{}&#8220;][et_pb_column type=&#8220;4_4&#8243; _builder_version=&#8220;4.19.4&#8243; _module_preset=&#8220;default&#8220; global_colors_info=&#8220;{}&#8220;][et_pb_text _builder_version=&#8220;4.19.5&#8243; _module_preset=&#8220;default&#8220; text_text_color=&#8220;#000000&#8243; header_text_color=&#8220;#000000&#8243; header_2_text_color=&#8220;#000000&#8243; background_color=&#8220;#f2f2f2&#8243; text_orientation=&#8220;center&#8220; width=&#8220;300px&#8220; module_alignment=&#8220;center&#8220; custom_margin=&#8220;||||false|true&#8220; custom_padding=&#8220;8px||0px||false|true&#8220; animation_style=&#8220;fold&#8220; animation_duration=&#8220;1500ms&#8220; border_radii=&#8220;on|10px|10px|10px|10px&#8220; border_width_all=&#8220;3px&#8220; box_shadow_style=&#8220;preset1&#8243; global_colors_info=&#8220;{}&#8220;]<\/p>\n<h1 style=\"text-align: center;\"><span style=\"color: #000000;\">Service<\/span><\/h1>\n<p>[\/et_pb_text][\/et_pb_column][\/et_pb_row][et_pb_row column_structure=&#8220;1_2,1_2&#8243; _builder_version=&#8220;4.19.4&#8243; _module_preset=&#8220;default&#8220; width=&#8220;90%&#8220; max_width=&#8220;90%&#8220; custom_margin=&#8220;-2px|auto||auto|false|false&#8220; global_colors_info=&#8220;{}&#8220;][et_pb_column type=&#8220;1_2&#8243; _builder_version=&#8220;4.19.4&#8243; _module_preset=&#8220;default&#8220; global_colors_info=&#8220;{}&#8220;][et_pb_slider arrows_custom_color=&#8220;#000000&#8243; _builder_version=&#8220;4.19.5&#8243; _module_preset=&#8220;default&#8220; background_color=&#8220;#FFFFFF&#8220; height=&#8220;58vh&#8220; height_tablet=&#8220;47vh&#8220; height_phone=&#8220;27vh&#8220; height_last_edited=&#8220;on|phone&#8220; animation_style=&#8220;fold&#8220; animation_duration=&#8220;1500ms&#8220; box_shadow_style=&#8220;preset1&#8243; global_colors_info=&#8220;{}&#8220; transform_styles__hover_enabled=&#8220;on|hover&#8220; transform_scale__hover_enabled=&#8220;on|hover&#8220; transform_translate__hover_enabled=&#8220;on|desktop&#8220; transform_rotate__hover_enabled=&#8220;on|desktop&#8220; transform_skew__hover_enabled=&#8220;on|desktop&#8220; transform_origin__hover_enabled=&#8220;on|desktop&#8220; transform_scale__hover=&#8220;115%|115%&#8220;][et_pb_slide _builder_version=&#8220;4.19.5&#8243; _module_preset=&#8220;default&#8220; background_color=&#8220;#f2f2f2&#8243; background_enable_color=&#8220;on&#8220; background_image=&#8220;https:\/\/volkner-mobil.com\/wp-content\/uploads\/2023\/01\/22-a-scaled.jpg&#8220; background_enable_image=&#8220;on&#8220; global_colors_info=&#8220;{}&#8220; sticky_transition=&#8220;on&#8220;][\/et_pb_slide][et_pb_slide _builder_version=&#8220;4.19.5&#8243; _module_preset=&#8220;default&#8220; background_color=&#8220;#f2f2f2&#8243; background_enable_color=&#8220;on&#8220; background_image=&#8220;https:\/\/volkner-mobil.com\/wp-content\/uploads\/2023\/01\/61.jpg&#8220; background_enable_image=&#8220;on&#8220; global_colors_info=&#8220;{}&#8220; sticky_transition=&#8220;on&#8220;][\/et_pb_slide][\/et_pb_slider][\/et_pb_column][et_pb_column type=&#8220;1_2&#8243; _builder_version=&#8220;4.19.4&#8243; _module_preset=&#8220;default&#8220; global_colors_info=&#8220;{}&#8220;][et_pb_text _builder_version=&#8220;4.19.5&#8243; _module_preset=&#8220;default&#8220; text_text_color=&#8220;#000000&#8243; text_font_size=&#8220;15px&#8220; min_height=&#8220;21.8px&#8220; custom_padding=&#8220;||19px|||&#8220; animation_style=&#8220;fold&#8220; animation_duration=&#8220;1500ms&#8220; global_colors_info=&#8220;{}&#8220;]<\/p>\n<p>Wir sind f\u00fcr Sie da.<br \/>Dank unseres Supports k\u00f6nnen Sie sich immer an Volkner Mobil wenden, wenn Sie im Zusammenhang mit Ihrem Volkner Mobil W\u00fcnsche, Probleme oder Fragen haben, egal wo Sie gerade sind. Wenn es um den reibungslosen Betrieb Ihres Reisemobils geht, bieten wir Ihnen eine umfassende Unterst\u00fctzung. Dank unserer ausgereiften Technik gelingt dies meist mit einem telefonischen Support. Aber auch vor Ort k\u00f6nnen Sie sich immer darauf verlassen, dass Volkner Mobil sich um Ihr Fahrzeug k\u00fcmmert. Geplant oder ungeplant, wenn in Ihrem Volkner Mobil ein Teil ausgetauscht werden muss, k\u00f6nnen Sie sicher sein, dass wir die richtigen Komponenten so schnell wie m\u00f6glich zur Verf\u00fcgung stellen.<br \/>Ob Neubau, Reparatur, Umbau oder Wartung, Sie k\u00f6nnen sich und Ihr Reisemobil als Teil der Volkner Familie betrachten.<\/p>\n<p>[\/et_pb_text][\/et_pb_column][\/et_pb_row][\/et_pb_section]<\/p>\n","protected":false},"excerpt":{"rendered":"<p>Moderne ManufakturUnsere Produkte zeichnen sich aus durch Individualisierbarkeit und Perfektion bis ins Detail. Beginnend beim Bau des Chassis in unserem Hause steht stets der komfortable und beste Nutzen eines exklusiven Reisemobils im Fokus aller Konstruktionen und Entwicklungen.\u00a0 Bereits bei der Konstruktion des Chassis hat Volkner ger\u00e4umige Staur\u00e4ume, gr\u00f6\u00dftm\u00f6gliche Tankvolumen, aufger\u00e4umte, wartungsfreundlich untergebrachte Technik und nat\u00fcrlich [&hellip;]<\/p>\n","protected":false},"author":1,"featured_media":0,"parent":0,"menu_order":0,"comment_status":"closed","ping_status":"closed","template":"","meta":{"_et_pb_use_builder":"on","_et_pb_old_content":"<!-- wp:divi\/placeholder \/-->","_et_gb_content_width":"","footnotes":""},"class_list":["post-1330","page","type-page","status-publish","hentry"],"_links":{"self":[{"href":"https:\/\/volkner-mobil.com\/en\/wp-json\/wp\/v2\/pages\/1330","targetHints":{"allow":["GET"]}}],"collection":[{"href":"https:\/\/volkner-mobil.com\/en\/wp-json\/wp\/v2\/pages"}],"about":[{"href":"https:\/\/volkner-mobil.com\/en\/wp-json\/wp\/v2\/types\/page"}],"author":[{"embeddable":true,"href":"https:\/\/volkner-mobil.com\/en\/wp-json\/wp\/v2\/users\/1"}],"replies":[{"embeddable":true,"href":"https:\/\/volkner-mobil.com\/en\/wp-json\/wp\/v2\/comments?post=1330"}],"version-history":[{"count":1,"href":"https:\/\/volkner-mobil.com\/en\/wp-json\/wp\/v2\/pages\/1330\/revisions"}],"predecessor-version":[{"id":2337,"href":"https:\/\/volkner-mobil.com\/en\/wp-json\/wp\/v2\/pages\/1330\/revisions\/2337"}],"wp:attachment":[{"href":"https:\/\/volkner-mobil.com\/en\/wp-json\/wp\/v2\/media?parent=1330"}],"curies":[{"name":"wp","href":"https:\/\/api.w.org\/{rel}","templated":true}]}}