{"id":1328,"date":"2023-01-12T14:15:45","date_gmt":"2023-01-12T14:15:45","guid":{"rendered":"https:\/\/volkner-mobil.com\/?page_id=1328"},"modified":"2024-09-19T12:14:57","modified_gmt":"2024-09-19T12:14:57","slug":"technik","status":"publish","type":"page","link":"https:\/\/volkner-mobil.com\/en\/technik\/","title":{"rendered":"Technik"},"content":{"rendered":"<p>[et_pb_section fb_built=&#8220;1&#8243; _builder_version=&#8220;4.27.0&#8243; _module_preset=&#8220;default&#8220; background_enable_color=&#8220;off&#8220; height_tablet=&#8220;&#8220; height_phone=&#8220;&#8220; height_last_edited=&#8220;on|phone&#8220; hover_enabled=&#8220;0&#8243; global_colors_info=&#8220;{}&#8220; sticky_enabled=&#8220;0&#8243;][et_pb_row _builder_version=&#8220;4.18.0&#8243; _module_preset=&#8220;default&#8220; global_colors_info=&#8220;{}&#8220;][et_pb_column type=&#8220;4_4&#8243; _builder_version=&#8220;4.18.0&#8243; _module_preset=&#8220;default&#8220; global_colors_info=&#8220;{}&#8220;][et_pb_text module_id=&#8220;toggle&#8220; _builder_version=&#8220;4.19.4&#8243; _module_preset=&#8220;default&#8220; text_text_color=&#8220;#000000&#8243; header_text_color=&#8220;#000000&#8243; header_2_text_color=&#8220;#000000&#8243; background_color=&#8220;#f2f2f2&#8243; text_orientation=&#8220;center&#8220; width=&#8220;300px&#8220; module_alignment=&#8220;center&#8220; custom_margin=&#8220;10vh||||false|true&#8220; custom_padding=&#8220;8px||0px||false|true&#8220; animation_style=&#8220;zoom&#8220; animation_duration=&#8220;1300ms&#8220; border_radii=&#8220;on|10px|10px|10px|10px&#8220; border_width_all=&#8220;3px&#8220; box_shadow_style=&#8220;preset1&#8243; global_colors_info=&#8220;{}&#8220;]<\/p>\n<h1 style=\"text-align: center;\"><span style=\"color: #000000;\">Volkner UX<\/span><\/h1>\n<p>[\/et_pb_text][\/et_pb_column][\/et_pb_row][et_pb_row column_structure=&#8220;1_2,1_2&#8243; _builder_version=&#8220;4.19.4&#8243; _module_preset=&#8220;default&#8220; width=&#8220;90%&#8220; max_width=&#8220;90%&#8220; custom_margin=&#8220;||||false|false&#8220; global_colors_info=&#8220;{}&#8220;][et_pb_column type=&#8220;1_2&#8243; _builder_version=&#8220;4.19.4&#8243; _module_preset=&#8220;default&#8220; global_colors_info=&#8220;{}&#8220;][et_pb_slider _builder_version=&#8220;4.19.5&#8243; _module_preset=&#8220;default&#8220; background_color=&#8220;#FFFFFF&#8220; height=&#8220;58vh&#8220; height_tablet=&#8220;51vh&#8220; height_phone=&#8220;27vh&#8220; height_last_edited=&#8220;on|phone&#8220; animation_style=&#8220;zoom&#8220; animation_duration=&#8220;1300ms&#8220; box_shadow_style=&#8220;preset1&#8243; global_colors_info=&#8220;{}&#8220; transform_styles__hover_enabled=&#8220;on|hover&#8220; transform_scale__hover_enabled=&#8220;on|hover&#8220; transform_translate__hover_enabled=&#8220;on|desktop&#8220; transform_rotate__hover_enabled=&#8220;on|desktop&#8220; transform_skew__hover_enabled=&#8220;on|desktop&#8220; transform_origin__hover_enabled=&#8220;on|desktop&#8220; transform_scale__hover=&#8220;115%|115%&#8220;][et_pb_slide _builder_version=&#8220;4.19.5&#8243; _module_preset=&#8220;default&#8220; background_enable_color=&#8220;off&#8220; background_image=&#8220;https:\/\/volkner-mobil.com\/wp-content\/uploads\/2023\/01\/image0.jpeg&#8220; background_enable_image=&#8220;on&#8220; background_last_edited=&#8220;on|phone&#8220; background_size_tablet=&#8220;cover&#8220; background_size_phone=&#8220;cover&#8220; global_colors_info=&#8220;{}&#8220; sticky_transition=&#8220;on&#8220;][\/et_pb_slide][\/et_pb_slider][\/et_pb_column][et_pb_column type=&#8220;1_2&#8243; _builder_version=&#8220;4.19.4&#8243; _module_preset=&#8220;default&#8220; global_colors_info=&#8220;{}&#8220;][et_pb_text _builder_version=&#8220;4.19.5&#8243; _module_preset=&#8220;default&#8220; text_text_color=&#8220;#000000&#8243; text_font_size=&#8220;15px&#8220; animation_style=&#8220;zoom&#8220; animation_duration=&#8220;1300ms&#8220; global_colors_info=&#8220;{}&#8220;]<\/p>\n<p><span style=\"color: #000000;\">Das Herzst\u00fcck eines jeden Reisemobils ist die Steuerung. Wir haben es uns zur Aufgabe gemacht, diese mit unserer <\/span><span style=\"color: #000000;\">Technik so zu verschmelzen, dass ein einzigartiges Benutzererlebnis entsteht.<\/span><\/p>\n<p><span style=\"color: #000000;\">Alle Informationen und Aktionen flie\u00dfen an einem Punkt zusammen. Ganz gleich, ob Heizung, Klimatisierung, Hydraulik oder Lichtsteuerung. Alles kann mit Tablet oder zentral am Fahrerplatz\u00a0 bedient werden. Hier befindet sich ein 4K Display, das mit beeindruckenden 1000 N<\/span><span style=\"color: #000000; caret-color: #000000;\">its<\/span><span style=\"color: #000000;\"> hell leuchten kann, um auch bei starkem Sonnenschein alles im Blick zu behalten<\/span><span style=\"color: #000000;\">.<\/span><\/p>\n<p><span style=\"color: #000000;\"><\/span><\/p>\n<p><span style=\"color: #000000;\">Die Volkner Mobil Individualisierungs Ideologie spiegelt sich auch in unserer eigens entwickelten Software wieder.\u00a0<\/span>Die Farbauswahl der Volkner UX wird speziell dem Interior Design angepasst. Auch Extraw\u00fcnsche, wie z.B. eine spezielle Musikanlage oder andere Funktionen werden in das System eingebunden.<\/p>\n<p>&nbsp;<\/p>\n<p>&nbsp;<\/p>\n<p><span style=\"color: #000000;\"><span style=\"caret-color: #000000;\"><\/span><\/span><\/p>\n<p>[\/et_pb_text][\/et_pb_column][\/et_pb_row][et_pb_row _builder_version=&#8220;4.27.0&#8243; _module_preset=&#8220;default&#8220; hover_enabled=&#8220;0&#8243; global_colors_info=&#8220;{}&#8220; sticky_enabled=&#8220;0&#8243;][et_pb_column type=&#8220;4_4&#8243; _builder_version=&#8220;4.19.4&#8243; _module_preset=&#8220;default&#8220; global_colors_info=&#8220;{}&#8220;][et_pb_text module_id=&#8220;toggle2&#8243; _builder_version=&#8220;4.27.0&#8243; _module_preset=&#8220;default&#8220; text_text_color=&#8220;#000000&#8243; header_text_color=&#8220;#000000&#8243; header_2_text_color=&#8220;#000000&#8243; background_color=&#8220;#f2f2f2&#8243; text_orientation=&#8220;center&#8220; width=&#8220;300px&#8220; module_alignment=&#8220;center&#8220; custom_margin=&#8220;||||false|true&#8220; custom_margin_tablet=&#8220;||||false|true&#8220; custom_margin_phone=&#8220;||||false|false&#8220; custom_margin_last_edited=&#8220;on|phone&#8220; custom_padding=&#8220;8px||0px||false|false&#8220; animation_style=&#8220;zoom&#8220; animation_duration=&#8220;1300ms&#8220; hover_enabled=&#8220;0&#8243; border_radii=&#8220;on|10px|10px|10px|10px&#8220; border_width_all=&#8220;3px&#8220; box_shadow_style=&#8220;preset1&#8243; global_colors_info=&#8220;{}&#8220; sticky_enabled=&#8220;0&#8243;]<\/p>\n<h1 style=\"text-align: center;\"><span style=\"color: #000000;\">Patentierte Mittelgarage<\/span><\/h1>\n<p>[\/et_pb_text][\/et_pb_column][\/et_pb_row][et_pb_row column_structure=&#8220;1_2,1_2&#8243; _builder_version=&#8220;4.19.4&#8243; _module_preset=&#8220;default&#8220; width=&#8220;90%&#8220; max_width=&#8220;90%&#8220; custom_margin=&#8220;||||false|false&#8220; global_colors_info=&#8220;{}&#8220;][et_pb_column type=&#8220;1_2&#8243; _builder_version=&#8220;4.19.4&#8243; _module_preset=&#8220;default&#8220; global_colors_info=&#8220;{}&#8220;][et_pb_slider arrows_custom_color=&#8220;#000000&#8243; _builder_version=&#8220;4.19.5&#8243; _module_preset=&#8220;default&#8220; background_color=&#8220;#FFFFFF&#8220; transform_scale_tablet=&#8220;&#8220; transform_scale_phone=&#8220;&#8220; transform_scale_last_edited=&#8220;on|desktop&#8220; transform_translate_tablet=&#8220;&#8220; transform_translate_phone=&#8220;&#8220; transform_translate_last_edited=&#8220;on|desktop&#8220; transform_rotate_tablet=&#8220;&#8220; transform_rotate_phone=&#8220;&#8220; transform_rotate_last_edited=&#8220;on|desktop&#8220; transform_skew_tablet=&#8220;&#8220; transform_skew_phone=&#8220;&#8220; transform_skew_last_edited=&#8220;on|desktop&#8220; transform_origin_tablet=&#8220;&#8220; transform_origin_phone=&#8220;&#8220; transform_origin_last_edited=&#8220;on|desktop&#8220; transform_styles_last_edited=&#8220;on|desktop&#8220; height=&#8220;58vh&#8220; height_tablet=&#8220;47vh&#8220; height_phone=&#8220;26vh&#8220; height_last_edited=&#8220;on|phone&#8220; animation_style=&#8220;zoom&#8220; animation_duration=&#8220;1300ms&#8220; transform_styles_tablet=&#8220;&#8220; transform_styles_phone=&#8220;&#8220; box_shadow_style=&#8220;preset1&#8243; global_colors_info=&#8220;{}&#8220; transform_styles__hover_enabled=&#8220;on|hover&#8220; transform_scale__hover_enabled=&#8220;on|hover&#8220; transform_translate__hover_enabled=&#8220;on|desktop&#8220; transform_rotate__hover_enabled=&#8220;on|desktop&#8220; transform_skew__hover_enabled=&#8220;on|desktop&#8220; transform_origin__hover_enabled=&#8220;on|desktop&#8220;][et_pb_slide _builder_version=&#8220;4.19.5&#8243; _module_preset=&#8220;default&#8220; background_color=&#8220;#f2f2f2&#8243; background_enable_color=&#8220;on&#8220; background_image=&#8220;https:\/\/volkner-mobil.com\/wp-content\/uploads\/2022\/12\/mehr_himmel_neu-scaled.jpg&#8220; background_enable_image=&#8220;on&#8220; global_colors_info=&#8220;{}&#8220; sticky_transition=&#8220;on&#8220;][\/et_pb_slide][et_pb_slide _builder_version=&#8220;4.19.5&#8243; _module_preset=&#8220;default&#8220; background_color=&#8220;#f2f2f2&#8243; background_enable_color=&#8220;on&#8220; background_image=&#8220;https:\/\/volkner-mobil.com\/wp-content\/uploads\/2023\/01\/2-Performance-II-mit-Wiesmann-scaled.jpg&#8220; background_enable_image=&#8220;on&#8220; global_colors_info=&#8220;{}&#8220; sticky_transition=&#8220;on&#8220;][\/et_pb_slide][et_pb_slide _builder_version=&#8220;4.19.5&#8243; _module_preset=&#8220;default&#8220; background_color=&#8220;#f2f2f2&#8243; background_enable_color=&#8220;on&#8220; background_image=&#8220;https:\/\/volkner-mobil.com\/wp-content\/uploads\/2023\/01\/Messe_2019-31-scaled.jpg&#8220; background_enable_image=&#8220;on&#8220; global_colors_info=&#8220;{}&#8220; sticky_transition=&#8220;on&#8220;][\/et_pb_slide][et_pb_slide _builder_version=&#8220;4.19.5&#8243; _module_preset=&#8220;default&#8220; background_color=&#8220;#f2f2f2&#8243; background_enable_color=&#8220;on&#8220; background_image=&#8220;https:\/\/volkner-mobil.com\/wp-content\/uploads\/2023\/01\/IMG_0332-scaled.jpg&#8220; background_enable_image=&#8220;on&#8220; global_colors_info=&#8220;{}&#8220; sticky_transition=&#8220;on&#8220;][\/et_pb_slide][et_pb_slide _builder_version=&#8220;4.19.5&#8243; _module_preset=&#8220;default&#8220; background_color=&#8220;#f2f2f2&#8243; background_enable_color=&#8220;on&#8220; background_image=&#8220;https:\/\/volkner-mobil.com\/wp-content\/uploads\/2023\/01\/vitrine6-scaled.jpg&#8220; background_enable_image=&#8220;on&#8220; global_colors_info=&#8220;{}&#8220; sticky_transition=&#8220;on&#8220;][\/et_pb_slide][et_pb_slide _builder_version=&#8220;4.19.5&#8243; _module_preset=&#8220;default&#8220; background_color=&#8220;#f2f2f2&#8243; background_enable_color=&#8220;on&#8220; background_image=&#8220;https:\/\/volkner-mobil.com\/wp-content\/uploads\/2023\/01\/IMG_0009-scaled.jpg&#8220; background_enable_image=&#8220;on&#8220; global_colors_info=&#8220;{}&#8220; sticky_transition=&#8220;on&#8220;][\/et_pb_slide][et_pb_slide _builder_version=&#8220;4.19.5&#8243; _module_preset=&#8220;default&#8220; background_color=&#8220;#f2f2f2&#8243; background_enable_color=&#8220;on&#8220; background_image=&#8220;https:\/\/volkner-mobil.com\/wp-content\/uploads\/2023\/01\/VM-Performance-S-mit-Bugatti-Chiron_neu2.jpg&#8220; background_enable_image=&#8220;on&#8220; global_colors_info=&#8220;{}&#8220; sticky_transition=&#8220;on&#8220;][\/et_pb_slide][et_pb_slide _builder_version=&#8220;4.19.5&#8243; _module_preset=&#8220;default&#8220; background_color=&#8220;#f2f2f2&#8243; background_enable_color=&#8220;on&#8220; background_image=&#8220;https:\/\/volkner-mobil.com\/wp-content\/uploads\/2023\/01\/Mettmann2C20Schwarzwaldhaus2C20Volkner20Mobil20Performance20S-2.png&#8220; background_enable_image=&#8220;on&#8220; global_colors_info=&#8220;{}&#8220; sticky_transition=&#8220;on&#8220;][\/et_pb_slide][et_pb_slide _builder_version=&#8220;4.19.5&#8243; _module_preset=&#8220;default&#8220; background_color=&#8220;#f2f2f2&#8243; background_enable_color=&#8220;on&#8220; background_image=&#8220;https:\/\/volkner-mobil.com\/wp-content\/uploads\/2023\/01\/IMG_1992.jpg&#8220; background_enable_image=&#8220;on&#8220; global_colors_info=&#8220;{}&#8220; sticky_transition=&#8220;on&#8220;][\/et_pb_slide][et_pb_slide _builder_version=&#8220;4.19.5&#8243; _module_preset=&#8220;default&#8220; background_color=&#8220;#f2f2f2&#8243; background_enable_color=&#8220;on&#8220; background_image=&#8220;https:\/\/volkner-mobil.com\/wp-content\/uploads\/2023\/01\/Messe-2019-1.png&#8220; background_enable_image=&#8220;on&#8220; global_colors_info=&#8220;{}&#8220; sticky_transition=&#8220;on&#8220;][\/et_pb_slide][\/et_pb_slider][\/et_pb_column][et_pb_column type=&#8220;1_2&#8243; _builder_version=&#8220;4.19.4&#8243; _module_preset=&#8220;default&#8220; global_colors_info=&#8220;{}&#8220;][et_pb_text _builder_version=&#8220;4.19.5&#8243; _module_preset=&#8220;default&#8220; text_text_color=&#8220;#000000&#8243; text_font_size=&#8220;15px&#8220; animation_style=&#8220;zoom&#8220; animation_duration=&#8220;1300ms&#8220; global_colors_info=&#8220;{}&#8220;]<\/p>\n<p>Mitnahme eines PKW im Reisemobil ohne Einschr\u00e4nkungen im Wohnbereich bei voller Stehh\u00f6he? Wie soll das gehen?<\/p>\n<p>Gerhard Volkner hatte die z\u00fcndende Idee: Die Mittelgarage zwischen den Achsen des Reisemobils. Diese patentierte L\u00f6sung ist herausragendes Merkmal aller Performance Modelle aus dem Hause Volkner.<\/p>\n<p>In allen Versionen kann ein viersitziger PKW mitgef\u00fchrt werden. Im gro\u00dfen Performance k\u00f6nnen Sie sogar Ihren Lieblings-PKW bis 4,62 m L\u00e4nge mitnehmen.<\/p>\n<p>Und wenn das nicht reicht, sind wir sogar in der Lage, Sonderl\u00f6sungen durch individuelle Konstruktionen anzubieten, wie z.B.: eine Verbreiterung f\u00fcr einen Bugatti Chiron, eine teilweise Verl\u00e4ngerung der Garage f\u00fcr einen LaFerrari oder spezielle Halterungen f\u00fcr 3 Motorr\u00e4der nebst einer rollbaren Alubox f\u00fcr Rennanz\u00fcge und weiteres Equipment.<\/p>\n<p><span>Auch der Kundenwunsch nach einer schnell zu verstauenden Sommerk\u00fcche mit Zapfanlage, Grill, Kochfeld, Sp\u00fclbecken und Geschirrhalter konnte realisiert werden.<\/span><\/p>\n<p>Ein weiterer praktischer Aspekt ist die Nutzung des Garagenplateaus als Terrasse, wenn der PKW entladen ist. Die dar\u00fcber befindliche Markise bietet Schutz und kann durch die am Rand des Plateaus angebrachten Airliner-Zurrschienen schnell und weitgehend windsicher abgespannt werden.<\/p>\n<p>Haben Sie weitere Ideen f\u00fcr Verwendung? Gerhard und Max Volkner freuen sich darauf, diese zu verwirklichen.<\/p>\n<p>Neben den praktischen Vorz\u00fcgen sollten auch weitere technische Vorteile nicht vergessen werden.<\/p>\n<p>Das kardanisch aufgeh\u00e4ngte Garagenplateau l\u00e4sst sich auf nahezu jedem Untergrund aus- und einfahren, auch mit der neuen VolknerUX.<\/p>\n<p>Der tief liegende Schwerpunkt zwischen den Achsen beg\u00fcnstigt die Fahreigenschaften und sorgt f\u00fcr ein neutrales Kurvenverhalten des Reisemobils.<\/p>\n<p>Die verwendete Hydraulik dient neben der Bedienung des Plateaus auch der Abst\u00fctzung und Nivellierung des Reisemobils, manuell oder automatisch, wie es der Kunde bevorzugt.<\/p>\n<h4><span style=\"color: #000000;\"><\/span><\/h4>\n<p><span style=\"color: #000000;\"><\/span><\/p>\n<p>[\/et_pb_text][\/et_pb_column][\/et_pb_row][et_pb_row _builder_version=&#8220;4.19.4&#8243; _module_preset=&#8220;default&#8220; global_colors_info=&#8220;{}&#8220;][et_pb_column type=&#8220;4_4&#8243; _builder_version=&#8220;4.19.4&#8243; _module_preset=&#8220;default&#8220; global_colors_info=&#8220;{}&#8220;][et_pb_text module_id=&#8220;toggle3&#8243; _builder_version=&#8220;4.19.5&#8243; _module_preset=&#8220;default&#8220; text_text_color=&#8220;#000000&#8243; header_text_color=&#8220;#000000&#8243; header_2_text_color=&#8220;#000000&#8243; background_color=&#8220;#f2f2f2&#8243; text_orientation=&#8220;center&#8220; width=&#8220;300px&#8220; module_alignment=&#8220;center&#8220; custom_margin=&#8220;||||false|true&#8220; custom_padding=&#8220;8px||0px||false|true&#8220; animation_style=&#8220;zoom&#8220; animation_duration=&#8220;1300ms&#8220; border_radii=&#8220;on|10px|10px|10px|10px&#8220; border_width_all=&#8220;3px&#8220; box_shadow_style=&#8220;preset1&#8243; global_colors_info=&#8220;{}&#8220;]<\/p>\n<h1 style=\"text-align: center;\"><span style=\"color: #000000;\">Wall-out\/Slide-out<\/span><\/h1>\n<p>[\/et_pb_text][\/et_pb_column][\/et_pb_row][et_pb_row column_structure=&#8220;1_2,1_2&#8243; _builder_version=&#8220;4.19.4&#8243; _module_preset=&#8220;default&#8220; width=&#8220;90%&#8220; max_width=&#8220;90%&#8220; custom_margin=&#8220;||||false|false&#8220; global_colors_info=&#8220;{}&#8220;][et_pb_column type=&#8220;1_2&#8243; _builder_version=&#8220;4.19.4&#8243; _module_preset=&#8220;default&#8220; global_colors_info=&#8220;{}&#8220;][et_pb_slider arrows_custom_color=&#8220;#000000&#8243; _builder_version=&#8220;4.19.5&#8243; _module_preset=&#8220;default&#8220; background_color=&#8220;#FFFFFF&#8220; transform_scale_tablet=&#8220;&#8220; transform_scale_phone=&#8220;&#8220; transform_scale_last_edited=&#8220;on|desktop&#8220; transform_translate_tablet=&#8220;&#8220; transform_translate_phone=&#8220;&#8220; transform_translate_last_edited=&#8220;on|desktop&#8220; transform_rotate_tablet=&#8220;&#8220; transform_rotate_phone=&#8220;&#8220; transform_rotate_last_edited=&#8220;on|desktop&#8220; transform_skew_tablet=&#8220;&#8220; transform_skew_phone=&#8220;&#8220; transform_skew_last_edited=&#8220;on|desktop&#8220; transform_origin_tablet=&#8220;&#8220; transform_origin_phone=&#8220;&#8220; transform_origin_last_edited=&#8220;on|desktop&#8220; transform_styles_last_edited=&#8220;on|desktop&#8220; height=&#8220;58vh&#8220; height_tablet=&#8220;47vh&#8220; height_phone=&#8220;27vh&#8220; height_last_edited=&#8220;on|phone&#8220; animation_style=&#8220;zoom&#8220; animation_duration=&#8220;1300ms&#8220; transform_styles_tablet=&#8220;&#8220; transform_styles_phone=&#8220;&#8220; box_shadow_style=&#8220;preset1&#8243; global_colors_info=&#8220;{}&#8220; transform_styles__hover_enabled=&#8220;on|hover&#8220; transform_scale__hover_enabled=&#8220;on|hover&#8220; transform_translate__hover_enabled=&#8220;on|desktop&#8220; transform_rotate__hover_enabled=&#8220;on|desktop&#8220; transform_skew__hover_enabled=&#8220;on|desktop&#8220; transform_origin__hover_enabled=&#8220;on|desktop&#8220;][et_pb_slide _builder_version=&#8220;4.19.5&#8243; _module_preset=&#8220;default&#8220; background_color=&#8220;#f2f2f2&#8243; background_enable_color=&#8220;on&#8220; background_image=&#8220;https:\/\/volkner-mobil.com\/wp-content\/uploads\/2023\/01\/KdAusw_DSC6157-60-scaled.jpg&#8220; background_enable_image=&#8220;on&#8220; global_colors_info=&#8220;{}&#8220; sticky_transition=&#8220;on&#8220;][\/et_pb_slide][et_pb_slide _builder_version=&#8220;4.19.5&#8243; _module_preset=&#8220;default&#8220; background_color=&#8220;#f2f2f2&#8243; background_enable_color=&#8220;on&#8220; background_image=&#8220;https:\/\/volkner-mobil.com\/wp-content\/uploads\/2023\/01\/DJI_0053-scaled.jpg&#8220; background_enable_image=&#8220;on&#8220; global_colors_info=&#8220;{}&#8220; sticky_transition=&#8220;on&#8220;][\/et_pb_slide][et_pb_slide _builder_version=&#8220;4.19.5&#8243; _module_preset=&#8220;default&#8220; background_color=&#8220;#f2f2f2&#8243; background_enable_color=&#8220;on&#8220; background_image=&#8220;https:\/\/volkner-mobil.com\/wp-content\/uploads\/2022\/12\/UHOF0157-scaled.jpg&#8220; background_enable_image=&#8220;on&#8220; global_colors_info=&#8220;{}&#8220; sticky_transition=&#8220;on&#8220;][\/et_pb_slide][\/et_pb_slider][\/et_pb_column][et_pb_column type=&#8220;1_2&#8243; _builder_version=&#8220;4.19.4&#8243; _module_preset=&#8220;default&#8220; global_colors_info=&#8220;{}&#8220;][et_pb_text _builder_version=&#8220;4.19.5&#8243; _module_preset=&#8220;default&#8220; text_text_color=&#8220;#000000&#8243; text_font_size=&#8220;15px&#8220; animation_style=&#8220;zoom&#8220; animation_duration=&#8220;1300ms&#8220; global_colors_info=&#8220;{}&#8220;]<\/p>\n<p><span style=\"color: #000000;\">Slide-Out und Wall-Out \u2013 Raumvergr\u00f6\u00dferung in Perfektion<\/span><\/p>\n<p>Die Ausma\u00dfe von Fahrzeugen unterliegen gesetzlichen Begrenzungen, die in Anbetracht der Dimensionen unserer Verkehrswege auch durchaus sinnvoll erscheinen.<\/p>\n<p>Deshalb ist der Gedanke nicht neu, den Raum dieser Fahrzeuge, sobald sie stehen und zum Aufenthalt dienen, zu vergr\u00f6\u00dfern. So findet man Slide-Outs, auch unter der Bezeichnung \u201eErker\u201c, schon bei Schausteller-Fahrzeugen \u00e4lteren Datums, und auch Hersteller von Reisemobilen, speziell in den USA, besch\u00e4ftigen sich seit Jahren mit diesem Thema.<br \/>Die Entwicklung der bewegbaren Raumvergr\u00f6\u00dferung bei Volkner Mobil stand von Beginn an unter harten technischen Anforderungen.<\/p>\n<p>&#8211; Zuverl\u00e4ssige Mechanik beim Aus- und Einfahren<br \/>&#8211; Absolute Dichtheit bei allen klimatischen Bedingungen<br \/>&#8211; Keine Abstriche bei der Festigkeit des Fahrzeugaufbaus<br \/>&#8211; Komfortable Bedienung mit kurzen Aus- und Einfahrzeiten<br \/>&#8211; Unsichtbare Technik, innen wie au\u00dfen<\/p>\n<p>Seit wir diese Bedingungen erf\u00fcllen k\u00f6nnen, bieten wir f\u00fcr die meisten unserer Fahrzeuge optional Slide-Out-L\u00f6sungen an, die den Wohnbereich sp\u00fcrbar vergr\u00f6\u00dfern.<br \/>Aufgrund stetiger Weiterentwicklung sind wir seit einiger Zeit sogar in der Lage, den Wohnbereich auf fast gesamter L\u00e4nge, unter Einbeziehung von K\u00fcche, Bad und Schlafraum, zu vergr\u00f6\u00dfern, wobei der Raumgewinn nahezu 20% betr\u00e4gt. Diese L\u00f6sung nennen wir Wall-Out.<br \/>Dass auch hier die technischen Anforderungen erf\u00fcllt werden, k\u00f6nnen Sie von uns erwarten.<br \/>Und bei der 3-fachen Abdichtung und der eigenen Warmwasser- Heizung mit 17 kW von Slide-Out und Wall-Out kann auch der Winter gerne kommen.<\/p>\n<p>[\/et_pb_text][\/et_pb_column][\/et_pb_row][\/et_pb_section]<\/p>\n","protected":false},"excerpt":{"rendered":"<p>Volkner UXDas Herzst\u00fcck eines jeden Reisemobils ist die Steuerung. Wir haben es uns zur Aufgabe gemacht, diese mit unserer Technik so zu verschmelzen, dass ein einzigartiges Benutzererlebnis entsteht. Alle Informationen und Aktionen flie\u00dfen an einem Punkt zusammen. Ganz gleich, ob Heizung, Klimatisierung, Hydraulik oder Lichtsteuerung. Alles kann mit Tablet oder zentral am Fahrerplatz\u00a0 bedient werden. [&hellip;]<\/p>\n","protected":false},"author":1,"featured_media":0,"parent":0,"menu_order":0,"comment_status":"closed","ping_status":"closed","template":"","meta":{"_et_pb_use_builder":"on","_et_pb_old_content":"","_et_gb_content_width":"","footnotes":""},"class_list":["post-1328","page","type-page","status-publish","hentry"],"_links":{"self":[{"href":"https:\/\/volkner-mobil.com\/en\/wp-json\/wp\/v2\/pages\/1328","targetHints":{"allow":["GET"]}}],"collection":[{"href":"https:\/\/volkner-mobil.com\/en\/wp-json\/wp\/v2\/pages"}],"about":[{"href":"https:\/\/volkner-mobil.com\/en\/wp-json\/wp\/v2\/types\/page"}],"author":[{"embeddable":true,"href":"https:\/\/volkner-mobil.com\/en\/wp-json\/wp\/v2\/users\/1"}],"replies":[{"embeddable":true,"href":"https:\/\/volkner-mobil.com\/en\/wp-json\/wp\/v2\/comments?post=1328"}],"version-history":[{"count":2,"href":"https:\/\/volkner-mobil.com\/en\/wp-json\/wp\/v2\/pages\/1328\/revisions"}],"predecessor-version":[{"id":2972,"href":"https:\/\/volkner-mobil.com\/en\/wp-json\/wp\/v2\/pages\/1328\/revisions\/2972"}],"wp:attachment":[{"href":"https:\/\/volkner-mobil.com\/en\/wp-json\/wp\/v2\/media?parent=1328"}],"curies":[{"name":"wp","href":"https:\/\/api.w.org\/{rel}","templated":true}]}}